{"id":5475,"date":"2023-05-13T10:32:27","date_gmt":"2023-05-13T08:32:27","guid":{"rendered":"https:\/\/festivalacko.sk\/archiv\/2023\/?page_id=5475"},"modified":"2023-10-31T16:58:22","modified_gmt":"2023-10-31T15:58:22","slug":"home2023","status":"publish","type":"page","link":"https:\/\/festivalacko.sk\/archiv\/2023\/","title":{"rendered":"Domov"},"content":{"rendered":"\t\t<div data-elementor-type=\"wp-page\" data-elementor-id=\"5475\" class=\"elementor elementor-5475\" data-elementor-settings=\"[]\">\n\t\t\t\t\t\t<div class=\"elementor-inner\">\n\t\t\t\t\t\t\t<div class=\"elementor-section-wrap\">\n\t\t\t\t\t\t\t<section class=\"has_ma_el_bg_slider elementor-section elementor-top-section elementor-element elementor-element-b3c1db7 elementor-section-height-full elementor-section-full_width elementor-section-items-stretch elementor-section-height-default\" data-id=\"b3c1db7\" data-element_type=\"section\" data-settings=\"{&quot;background_background&quot;:&quot;video&quot;,&quot;background_video_link&quot;:&quot;https:\\\/\\\/festivalacko.sk\\\/archiv\\\/2023\\\/wp-content\\\/uploads\\\/2023\\\/06\\\/slide_posunute.mp4&quot;,&quot;background_play_on_mobile&quot;:&quot;yes&quot;,&quot;_ha_eqh_enable&quot;:false}\">\n\t\t\t\t\t\t\t\t<div class=\"elementor-background-video-container\">\n\t\t\t\t\t\t\t\t\t\t\t\t\t<video class=\"elementor-background-video-hosted elementor-html5-video\" autoplay muted playsinline loop><\/video>\n\t\t\t\t\t\t\t\t\t\t\t<\/div>\n\t\t\t\t\t\t\t\t<div class=\"elementor-container elementor-column-gap-default\">\n\t\t\t\t\t\t\t<div class=\"elementor-row\">\n\t\t\t\t\t<div class=\"has_ma_el_bg_slider elementor-column elementor-col-50 elementor-top-column elementor-element elementor-element-4584799\" data-id=\"4584799\" data-element_type=\"column\">\n\t\t\t<div class=\"elementor-column-wrap elementor-element-populated\">\n\t\t\t\t\t\t\t<div class=\"elementor-widget-wrap\">\n\t\t\t\t\t\t<div class=\"elementor-element elementor-element-9e7bb4d elementor-widget elementor-widget-text-editor\" data-id=\"9e7bb4d\" data-element_type=\"widget\" data-widget_type=\"text-editor.default\">\n\t\t\t\t<div class=\"elementor-widget-container\">\n\t\t\t\t\t\t\t\t<div class=\"elementor-text-editor elementor-clearfix\">\n\t\t\t\tFestival \u00c1\u010dko\n<br>\n<span class=\"big-text\">18-21.10.2023<\/span><br>\n27. ro\u010dn\u00edk \u0161tudentsk\u00e9ho filmu\t\t\t\t\t<\/div>\n\t\t\t\t\t\t<\/div>\n\t\t\t\t<\/div>\n\t\t\t\t\t\t<\/div>\n\t\t\t\t\t<\/div>\n\t\t<\/div>\n\t\t\t\t<div class=\"has_ma_el_bg_slider elementor-column elementor-col-50 elementor-top-column elementor-element elementor-element-a87eca9\" data-id=\"a87eca9\" data-element_type=\"column\">\n\t\t\t<div class=\"elementor-column-wrap elementor-element-populated\">\n\t\t\t\t\t\t\t<div class=\"elementor-widget-wrap\">\n\t\t\t\t\t\t<div class=\"elementor-element elementor-element-e2fdcc0 elementor-invisible ha-has-bg-overlay elementor-widget elementor-widget-text-editor\" data-id=\"e2fdcc0\" data-element_type=\"widget\" data-settings=\"{&quot;_animation&quot;:&quot;fadeInUp&quot;}\" data-widget_type=\"text-editor.default\">\n\t\t\t\t<div class=\"elementor-widget-container\">\n\t\t\t\t\t\t\t\t<div class=\"elementor-text-editor elementor-clearfix\">\n\t\t\t\t<p>Realita vo filme n\u00e1m pon\u00faka jedine\u010dn\u00fa pr\u00edle\u017eitos\u0165 sk\u00fama\u0165 a reflektova\u0165 na v\u00fdzvy, s ktor\u00fdmi sa na\u0161a spolo\u010dnos\u0165 stret\u00e1va. Skuto\u010dnos\u0165 vo filme m\u00f4\u017ee by\u0165 tvrd\u00e1, nepr\u00edjemn\u00e1, ale aj oslobodzuj\u00faca a in\u0161pirat\u00edvna. Tohtoro\u010dnou t\u00e9mou v\u00e1s vyz\u00fdvame, aby ste sa nezdr\u017eiavali na povrchu, ale aby ste prenikli do h\u013abky a h\u013eadali skuto\u010dnos\u0165 a autenticitu \u2013 realitu.\u00a0<\/p>\t\t\t\t\t<\/div>\n\t\t\t\t\t\t<\/div>\n\t\t\t\t<\/div>\n\t\t\t\t<div class=\"elementor-element elementor-element-cd64128 elementor-align-center elementor-tablet-align-center elementor-mobile-align-center elementor-widget elementor-widget-button\" data-id=\"cd64128\" data-element_type=\"widget\" data-widget_type=\"button.default\">\n\t\t\t\t<div class=\"elementor-widget-container\">\n\t\t\t\t\t<div class=\"elementor-button-wrapper\">\n\t\t\t<a href=\"https:\/\/festivalacko.sk\/archiv\/2023\/o-festivale-2023-2\/\" class=\"elementor-button-link elementor-button elementor-size-sm\" role=\"button\">\n\t\t\t\t\t\t<span class=\"elementor-button-content-wrapper\">\n\t\t\t\t\t\t<span class=\"elementor-button-text\">VIAC O FESTIVALE<\/span>\n\t\t<\/span>\n\t\t\t\t\t<\/a>\n\t\t<\/div>\n\t\t\t\t<\/div>\n\t\t\t\t<\/div>\n\t\t\t\t<div class=\"elementor-element elementor-element-bd31d8b elementor-align-center elementor-tablet-align-center elementor-mobile-align-center elementor-widget elementor-widget-button\" data-id=\"bd31d8b\" data-element_type=\"widget\" data-widget_type=\"button.default\">\n\t\t\t\t<div class=\"elementor-widget-container\">\n\t\t\t\t\t<div class=\"elementor-button-wrapper\">\n\t\t\t<a href=\"https:\/\/festivalacko.sk\/archiv\/2023\/vitazne-filmy-2023\" target=\"_blank\" class=\"elementor-button-link elementor-button elementor-size-sm\" role=\"button\">\n\t\t\t\t\t\t<span class=\"elementor-button-content-wrapper\">\n\t\t\t\t\t\t<span class=\"elementor-button-text\">V\u00cd\u0164AZN\u00c9 FILMY<\/span>\n\t\t<\/span>\n\t\t\t\t\t<\/a>\n\t\t<\/div>\n\t\t\t\t<\/div>\n\t\t\t\t<\/div>\n\t\t\t\t\t\t<\/div>\n\t\t\t\t\t<\/div>\n\t\t<\/div>\n\t\t\t\t\t\t\t\t<\/div>\n\t\t\t\t\t<\/div>\n\t\t<\/section>\n\t\t\t\t<section class=\"has_ma_el_bg_slider elementor-section elementor-top-section elementor-element elementor-element-180d81e elementor-section-content-middle elementor-section-height-min-height elementor-section-full_width elementor-section-height-default elementor-section-items-middle\" data-id=\"180d81e\" data-element_type=\"section\" data-settings=\"{&quot;background_background&quot;:&quot;classic&quot;,&quot;background_motion_fx_motion_fx_scrolling&quot;:&quot;yes&quot;,&quot;background_motion_fx_translateY_effect&quot;:&quot;yes&quot;,&quot;background_motion_fx_translateY_direction&quot;:&quot;negative&quot;,&quot;background_motion_fx_translateY_speed&quot;:{&quot;unit&quot;:&quot;px&quot;,&quot;size&quot;:3.899999999999999911182158029987476766109466552734375,&quot;sizes&quot;:[]},&quot;background_motion_fx_devices&quot;:[&quot;tablet&quot;,&quot;mobile&quot;],&quot;background_motion_fx_translateY_affectedRange&quot;:{&quot;unit&quot;:&quot;%&quot;,&quot;size&quot;:&quot;&quot;,&quot;sizes&quot;:{&quot;start&quot;:0,&quot;end&quot;:100}},&quot;_ha_eqh_enable&quot;:false}\">\n\t\t\t\t\t\t<div class=\"elementor-container elementor-column-gap-no\">\n\t\t\t\t\t\t\t<div class=\"elementor-row\">\n\t\t\t\t\t<div class=\"has_ma_el_bg_slider elementor-column elementor-col-100 elementor-top-column elementor-element elementor-element-41a4353\" data-id=\"41a4353\" data-element_type=\"column\">\n\t\t\t<div class=\"elementor-column-wrap elementor-element-populated\">\n\t\t\t\t\t\t\t<div class=\"elementor-widget-wrap\">\n\t\t\t\t\t\t<div class=\"elementor-element elementor-element-28d9d2d elementor-aspect-ratio-169 elementor-widget elementor-widget-video\" data-id=\"28d9d2d\" data-element_type=\"widget\" data-settings=\"{&quot;video_type&quot;:&quot;hosted&quot;,&quot;autoplay&quot;:&quot;yes&quot;,&quot;play_on_mobile&quot;:&quot;yes&quot;,&quot;controls&quot;:&quot;yes&quot;,&quot;aspect_ratio&quot;:&quot;169&quot;}\" data-widget_type=\"video.default\">\n\t\t\t\t<div class=\"elementor-widget-container\">\n\t\t\t\t\t<div class=\"e-hosted-video elementor-wrapper elementor-fit-aspect-ratio elementor-open-inline\">\n\t\t\t\t\t<video class=\"elementor-video\" src=\"https:\/\/festivalacko.sk\/archiv\/2023\/wp-content\/uploads\/2023\/10\/ACKO_SPOT_FINAL_siete.mov\" autoplay=\"\" controls=\"\" playsinline=\"\" controlsList=\"nodownload\"><\/video>\n\t\t\t\t<\/div>\n\t\t\t\t<\/div>\n\t\t\t\t<\/div>\n\t\t\t\t\t\t<\/div>\n\t\t\t\t\t<\/div>\n\t\t<\/div>\n\t\t\t\t\t\t\t\t<\/div>\n\t\t\t\t\t<\/div>\n\t\t<\/section>\n\t\t\t\t<section class=\"has_ma_el_bg_slider elementor-section elementor-top-section elementor-element elementor-element-1ce256b elementor-section-content-middle elementor-section-height-min-height elementor-section-full_width elementor-section-height-default elementor-section-items-middle\" data-id=\"1ce256b\" data-element_type=\"section\" data-settings=\"{&quot;background_background&quot;:&quot;classic&quot;,&quot;background_motion_fx_motion_fx_scrolling&quot;:&quot;yes&quot;,&quot;background_motion_fx_translateY_effect&quot;:&quot;yes&quot;,&quot;background_motion_fx_translateY_direction&quot;:&quot;negative&quot;,&quot;background_motion_fx_translateY_speed&quot;:{&quot;unit&quot;:&quot;px&quot;,&quot;size&quot;:3.899999999999999911182158029987476766109466552734375,&quot;sizes&quot;:[]},&quot;background_motion_fx_devices&quot;:[&quot;tablet&quot;,&quot;mobile&quot;],&quot;background_motion_fx_translateY_affectedRange&quot;:{&quot;unit&quot;:&quot;%&quot;,&quot;size&quot;:&quot;&quot;,&quot;sizes&quot;:{&quot;start&quot;:0,&quot;end&quot;:100}},&quot;_ha_eqh_enable&quot;:false}\">\n\t\t\t\t\t\t<div class=\"elementor-container elementor-column-gap-no\">\n\t\t\t\t\t\t\t<div class=\"elementor-row\">\n\t\t\t\t\t<div class=\"has_ma_el_bg_slider elementor-column elementor-col-50 elementor-top-column elementor-element elementor-element-3ed446a\" data-id=\"3ed446a\" data-element_type=\"column\">\n\t\t\t<div class=\"elementor-column-wrap elementor-element-populated\">\n\t\t\t\t\t\t\t<div class=\"elementor-widget-wrap\">\n\t\t\t\t\t\t<div class=\"elementor-element elementor-element-abb6011 elementor-invisible ha-has-bg-overlay elementor-widget elementor-widget-text-editor\" data-id=\"abb6011\" data-element_type=\"widget\" data-settings=\"{&quot;_animation&quot;:&quot;fadeInUp&quot;}\" data-widget_type=\"text-editor.default\">\n\t\t\t\t<div class=\"elementor-widget-container\">\n\t\t\t\t\t\t\t\t<div class=\"elementor-text-editor elementor-clearfix\">\n\t\t\t\t<h6>Festival \u00c1\u010dko, ktor\u00fd sa ako jedin\u00fd festival tohto zamerania na Slovensku sna\u017e\u00ed upriami\u0165 pozornos\u0165 na \u0161tudentsk\u00fa tvorbu, 27. ro\u010dn\u00edk patr\u00ed u\u017e k st\u00e1liciam na Slovenskom festivalom trhu. Svojim programom sa prim\u00e1rne zameriava na prezent\u00e1ciu aktu\u00e1lnej kinematografickej tvorby \u0161tudentov nielen FTF V\u0160MU, ale aj in\u00fdch vzdel\u00e1vac\u00edch in\u0161tit\u00facii zameran\u00fdch na filmov\u00e9 umenie a multim\u00e9di\u00e1. Z\u00e1rove\u0148 otv\u00e1ra diskusiu medzi \u0161tudentmi \u2013 za\u010d\u00ednaj\u00facimi tvorcami a odborn\u00edkmi o aktu\u00e1lnom stave a smerovan\u00ed filmovej tvorby. \u00c1\u010dko organiza\u010dne zabezpe\u010duje festivalov\u00fd \u0161t\u00e1b, ktor\u00fd tvoria \u0161tudenti tretieho ro\u010dn\u00edka Katedry produkcie a distrib\u00facie Filmovej a telev\u00edznej fakulty V\u0160MU.<\/h6>\t\t\t\t\t<\/div>\n\t\t\t\t\t\t<\/div>\n\t\t\t\t<\/div>\n\t\t\t\t<div class=\"elementor-element elementor-element-533d18d ha-css-transform-yes elementor-widget elementor-widget-image\" data-id=\"533d18d\" data-element_type=\"widget\" data-widget_type=\"image.default\">\n\t\t\t\t<div class=\"elementor-widget-container\">\n\t\t\t\t\t\t\t\t<div class=\"elementor-image\">\n\t\t\t\t\t\t\t\t\t\t\t\t<img decoding=\"async\" width=\"640\" height=\"480\" src=\"https:\/\/festivalacko.sk\/archiv\/2023\/wp-content\/uploads\/2023\/06\/prst-768x576.gif\" class=\"attachment-medium_large size-medium_large\" alt=\"\" loading=\"lazy\" srcset=\"https:\/\/festivalacko.sk\/archiv\/2023\/wp-content\/uploads\/2023\/06\/prst-768x576.gif 768w, https:\/\/festivalacko.sk\/archiv\/2023\/wp-content\/uploads\/2023\/06\/prst-300x225.gif 300w, https:\/\/festivalacko.sk\/archiv\/2023\/wp-content\/uploads\/2023\/06\/prst-1024x768.gif 1024w, https:\/\/festivalacko.sk\/archiv\/2023\/wp-content\/uploads\/2023\/06\/prst-1536x1152.gif 1536w, https:\/\/festivalacko.sk\/archiv\/2023\/wp-content\/uploads\/2023\/06\/prst-2048x1536.gif 2048w, https:\/\/festivalacko.sk\/archiv\/2023\/wp-content\/uploads\/2023\/06\/prst-1568x1176.gif 1568w\" sizes=\"(max-width: 34.9rem) calc(100vw - 2rem), (max-width: 53rem) calc(8 * (100vw \/ 12)), (min-width: 53rem) calc(6 * (100vw \/ 12)), 100vw\" \/>\t\t\t\t\t\t\t\t\t\t\t\t\t\t<\/div>\n\t\t\t\t\t\t<\/div>\n\t\t\t\t<\/div>\n\t\t\t\t\t\t<\/div>\n\t\t\t\t\t<\/div>\n\t\t<\/div>\n\t\t\t\t<div class=\"has_ma_el_bg_slider elementor-column elementor-col-50 elementor-top-column elementor-element elementor-element-e19854e\" data-id=\"e19854e\" data-element_type=\"column\" data-settings=\"{&quot;background_background&quot;:&quot;classic&quot;}\">\n\t\t\t<div class=\"elementor-column-wrap elementor-element-populated\">\n\t\t\t\t\t\t\t<div class=\"elementor-widget-wrap\">\n\t\t\t\t\t\t<div class=\"elementor-element elementor-element-346bd6f ha-css-transform-yes elementor-widget elementor-widget-image\" data-id=\"346bd6f\" data-element_type=\"widget\" data-widget_type=\"image.default\">\n\t\t\t\t<div class=\"elementor-widget-container\">\n\t\t\t\t\t\t\t\t<div class=\"elementor-image\">\n\t\t\t\t\t\t\t\t\t\t\t\t<img decoding=\"async\" width=\"2000\" height=\"2000\" src=\"https:\/\/festivalacko.sk\/archiv\/2023\/wp-content\/uploads\/2023\/09\/usta_polo.png\" class=\"attachment-full size-full\" alt=\"\" loading=\"lazy\" srcset=\"https:\/\/festivalacko.sk\/archiv\/2023\/wp-content\/uploads\/2023\/09\/usta_polo.png 2000w, https:\/\/festivalacko.sk\/archiv\/2023\/wp-content\/uploads\/2023\/09\/usta_polo-300x300.png 300w, https:\/\/festivalacko.sk\/archiv\/2023\/wp-content\/uploads\/2023\/09\/usta_polo-1024x1024.png 1024w, https:\/\/festivalacko.sk\/archiv\/2023\/wp-content\/uploads\/2023\/09\/usta_polo-150x150.png 150w, https:\/\/festivalacko.sk\/archiv\/2023\/wp-content\/uploads\/2023\/09\/usta_polo-768x768.png 768w, https:\/\/festivalacko.sk\/archiv\/2023\/wp-content\/uploads\/2023\/09\/usta_polo-1536x1536.png 1536w, https:\/\/festivalacko.sk\/archiv\/2023\/wp-content\/uploads\/2023\/09\/usta_polo-1568x1568.png 1568w\" sizes=\"(max-width: 34.9rem) calc(100vw - 2rem), (max-width: 53rem) calc(8 * (100vw \/ 12)), (min-width: 53rem) calc(6 * (100vw \/ 12)), 100vw\" \/>\t\t\t\t\t\t\t\t\t\t\t\t\t\t<\/div>\n\t\t\t\t\t\t<\/div>\n\t\t\t\t<\/div>\n\t\t\t\t<div class=\"elementor-element elementor-element-e0a24b1 ha-css-transform-yes elementor-invisible ha-has-bg-overlay elementor-widget elementor-widget-text-editor\" data-id=\"e0a24b1\" data-element_type=\"widget\" data-settings=\"{&quot;_animation&quot;:&quot;fadeInUp&quot;}\" data-widget_type=\"text-editor.default\">\n\t\t\t\t<div class=\"elementor-widget-container\">\n\t\t\t\t\t\t\t\t<div class=\"elementor-text-editor elementor-clearfix\">\n\t\t\t\t<h6>Festival je zameran\u00fd na prezent\u00e1ciu najnov\u0161\u00edch filmov\u00fdch diel a poskytuje pr\u00edle\u017eitos\u0165 na spoznanie filmov\u00e9ho priemyslu a jeho tvorcov. Festival \u00c1\u010dko v\u0161ak nezab\u00fada ani na filmov\u00fdch nad\u0161encov, z\u00e1ujemcov o \u0161t\u00fadium na filmovej \u0161kole a \u0161irok\u00fa verejnos\u0165 so z\u00e1ujmom o filmov\u00fa kult\u00faru. V neposlednom rade by sme \u0161tudentsk\u00fa filmov\u00fa tvorbu radi predstavili potenci\u00e1lnym filmov\u00fdm producentom a distribut\u00e9rom na Slovensku.<br \/><br \/><\/h6><h6>Hlavnou \u00falohou festivalu je in\u0161pirova\u0165, motivova\u0165 a podporova\u0165 mlad\u00fdch n\u00e1dejn\u00fdch tvorcov vo vytv\u00e1ran\u00ed nov\u00fdch projektov. Prostredn\u00edctvom projekci\u00ed a n\u00e1sledn\u00fdch diskusi\u00ed im vytv\u00e1rame priestor na vz\u00e1jomn\u00fa konfront\u00e1ciu a nadviazanie spolupr\u00e1ce nielen v r\u00e1mci SR aj v zahrani\u010d\u00ed. Z\u00e1rove\u0148 sa im touto prehliadkou otv\u00e1ra br\u00e1na k \u00fa\u010dasti na \u010fal\u0161\u00edch dom\u00e1cich a zahrani\u010dn\u00fdch festivaloch.<\/h6>\t\t\t\t\t<\/div>\n\t\t\t\t\t\t<\/div>\n\t\t\t\t<\/div>\n\t\t\t\t\t\t<\/div>\n\t\t\t\t\t<\/div>\n\t\t<\/div>\n\t\t\t\t\t\t\t\t<\/div>\n\t\t\t\t\t<\/div>\n\t\t<\/section>\n\t\t\t\t\t\t<\/div>\n\t\t\t\t\t\t<\/div>\n\t\t\t\t\t<\/div>\n\t\t","protected":false},"excerpt":{"rendered":"<p>Festival \u00c1\u010dko 18-21.10.2023 27. ro\u010dn\u00edk \u0161tudentsk\u00e9ho filmu Realita vo filme n\u00e1m pon\u00faka jedine\u010dn\u00fa pr\u00edle\u017eitos\u0165 sk\u00fama\u0165 a reflektova\u0165 na v\u00fdzvy, s ktor\u00fdmi sa na\u0161a spolo\u010dnos\u0165 stret\u00e1va. Skuto\u010dnos\u0165 vo filme m\u00f4\u017ee by\u0165 tvrd\u00e1, nepr\u00edjemn\u00e1, ale aj oslobodzuj\u00faca a in\u0161pirat\u00edvna. Tohtoro\u010dnou t\u00e9mou v\u00e1s vyz\u00fdvame, aby ste sa nezdr\u017eiavali na povrchu, ale aby ste prenikli do h\u013abky a h\u013eadali &hellip; <\/p>\n<p class=\"link-more\"><a href=\"https:\/\/festivalacko.sk\/archiv\/2023\/\" class=\"more-link\">Pokra\u010dova\u0165 v \u010d\u00edtan\u00ed<span class=\"screen-reader-text\"> &#8220;Domov&#8221;<\/span><\/a><\/p>\n","protected":false},"author":1,"featured_media":0,"parent":0,"menu_order":0,"comment_status":"closed","ping_status":"closed","template":"elementor_header_footer","meta":{"_uag_custom_page_level_css":"","_monsterinsights_skip_tracking":false,"_monsterinsights_sitenote_active":false,"_monsterinsights_sitenote_note":"","_monsterinsights_sitenote_category":0},"uagb_featured_image_src":{"full":false,"thumbnail":false,"medium":false,"medium_large":false,"large":false,"master_addons_team_thumb":false,"1536x1536":false,"2048x2048":false,"post-thumbnail":false},"uagb_author_info":{"display_name":"festivalacko","author_link":"https:\/\/festivalacko.sk\/archiv\/2023\/author\/festivalacko\/"},"uagb_comment_info":0,"uagb_excerpt":"Festival \u00c1\u010dko 18-21.10.2023 27. ro\u010dn\u00edk \u0161tudentsk\u00e9ho filmu Realita vo filme n\u00e1m pon\u00faka jedine\u010dn\u00fa pr\u00edle\u017eitos\u0165 sk\u00fama\u0165 a reflektova\u0165 na v\u00fdzvy, s ktor\u00fdmi sa na\u0161a spolo\u010dnos\u0165 stret\u00e1va. Skuto\u010dnos\u0165 vo filme m\u00f4\u017ee by\u0165 tvrd\u00e1, nepr\u00edjemn\u00e1, ale aj oslobodzuj\u00faca a in\u0161pirat\u00edvna. Tohtoro\u010dnou t\u00e9mou v\u00e1s vyz\u00fdvame, aby ste sa nezdr\u017eiavali na povrchu, ale aby ste prenikli do h\u013abky a h\u013eadali&hellip;","_links":{"self":[{"href":"https:\/\/festivalacko.sk\/archiv\/2023\/wp-json\/wp\/v2\/pages\/5475"}],"collection":[{"href":"https:\/\/festivalacko.sk\/archiv\/2023\/wp-json\/wp\/v2\/pages"}],"about":[{"href":"https:\/\/festivalacko.sk\/archiv\/2023\/wp-json\/wp\/v2\/types\/page"}],"author":[{"embeddable":true,"href":"https:\/\/festivalacko.sk\/archiv\/2023\/wp-json\/wp\/v2\/users\/1"}],"replies":[{"embeddable":true,"href":"https:\/\/festivalacko.sk\/archiv\/2023\/wp-json\/wp\/v2\/comments?post=5475"}],"version-history":[{"count":6,"href":"https:\/\/festivalacko.sk\/archiv\/2023\/wp-json\/wp\/v2\/pages\/5475\/revisions"}],"predecessor-version":[{"id":7188,"href":"https:\/\/festivalacko.sk\/archiv\/2023\/wp-json\/wp\/v2\/pages\/5475\/revisions\/7188"}],"wp:attachment":[{"href":"https:\/\/festivalacko.sk\/archiv\/2023\/wp-json\/wp\/v2\/media?parent=5475"}],"curies":[{"name":"wp","href":"https:\/\/api.w.org\/{rel}","templated":true}]}}