{"id":6860,"date":"2023-10-05T10:53:30","date_gmt":"2023-10-05T08:53:30","guid":{"rendered":"https:\/\/festivalacko.sk\/archiv\/2023\/?page_id=6860"},"modified":"2023-10-19T11:02:16","modified_gmt":"2023-10-19T09:02:16","slug":"velka-porota-2023","status":"publish","type":"page","link":"https:\/\/festivalacko.sk\/archiv\/2023\/velka-porota-2023\/","title":{"rendered":"Ve\u013ek\u00e1 porota 2023"},"content":{"rendered":"\t\t<div data-elementor-type=\"wp-page\" data-elementor-id=\"6860\" class=\"elementor elementor-6860\" data-elementor-settings=\"[]\">\n\t\t\t\t\t\t<div class=\"elementor-inner\">\n\t\t\t\t\t\t\t<div class=\"elementor-section-wrap\">\n\t\t\t\t\t\t\t<section class=\"has_ma_el_bg_slider elementor-section elementor-top-section elementor-element elementor-element-56c02209 elementor-section-full_width elementor-section-height-min-height elementor-section-content-middle elementor-section-height-default elementor-section-items-middle\" data-id=\"56c02209\" data-element_type=\"section\" data-settings=\"{&quot;background_background&quot;:&quot;classic&quot;,&quot;background_motion_fx_motion_fx_scrolling&quot;:&quot;yes&quot;,&quot;background_motion_fx_translateY_effect&quot;:&quot;yes&quot;,&quot;background_motion_fx_translateY_direction&quot;:&quot;negative&quot;,&quot;background_motion_fx_translateY_speed&quot;:{&quot;unit&quot;:&quot;px&quot;,&quot;size&quot;:3.899999999999999911182158029987476766109466552734375,&quot;sizes&quot;:[]},&quot;background_motion_fx_devices&quot;:[&quot;tablet&quot;,&quot;mobile&quot;],&quot;background_motion_fx_translateY_affectedRange&quot;:{&quot;unit&quot;:&quot;%&quot;,&quot;size&quot;:&quot;&quot;,&quot;sizes&quot;:{&quot;start&quot;:0,&quot;end&quot;:100}},&quot;_ha_eqh_enable&quot;:false}\">\n\t\t\t\t\t\t<div class=\"elementor-container elementor-column-gap-no\">\n\t\t\t\t\t\t\t<div class=\"elementor-row\">\n\t\t\t\t\t<div class=\"has_ma_el_bg_slider elementor-column elementor-col-100 elementor-top-column elementor-element elementor-element-3445ef8\" data-id=\"3445ef8\" data-element_type=\"column\">\n\t\t\t<div class=\"elementor-column-wrap elementor-element-populated\">\n\t\t\t\t\t\t\t<div class=\"elementor-widget-wrap\">\n\t\t\t\t\t\t<div class=\"elementor-element elementor-element-db55426 elementor-invisible elementor-widget elementor-widget-heading\" data-id=\"db55426\" data-element_type=\"widget\" data-settings=\"{&quot;_animation&quot;:&quot;fadeInUp&quot;}\" data-widget_type=\"heading.default\">\n\t\t\t\t<div class=\"elementor-widget-container\">\n\t\t\t<h4 class=\"elementor-heading-title elementor-size-default\"><h3><span class=\"zvetseny-text\"><strong>VE\u013dK\u00c1 POROTA <\/strong><\/span><\/h3>\n<\/h4>\t\t<\/div>\n\t\t\t\t<\/div>\n\t\t\t\t<div class=\"elementor-element elementor-element-957dc53 elementor-invisible elementor-widget elementor-widget-text-editor\" data-id=\"957dc53\" data-element_type=\"widget\" data-settings=\"{&quot;_animation&quot;:&quot;fadeInUp&quot;}\" data-widget_type=\"text-editor.default\">\n\t\t\t\t<div class=\"elementor-widget-container\">\n\t\t\t\t\t\t\t\t<div class=\"elementor-text-editor elementor-clearfix\">\n\t\t\t\t<i><span style=\"font-weight: 400;\">Ve\u013ek\u00e1 porota festivalu rozhoduje o udelen\u00ed v\u0161etk\u00fdch \u0161tatut\u00e1rnych cien festivalu. <br>Je zlo\u017een\u00e1 zo 7 profesion\u00e1lov p\u00f4sobiacich v audiovizu\u00e1lnom prostred\u00ed na Slovensku, \u010di v zahrani\u010d\u00ed.<\/span><\/i>\t\t\t\t\t<\/div>\n\t\t\t\t\t\t<\/div>\n\t\t\t\t<\/div>\n\t\t\t\t<section class=\"has_ma_el_bg_slider elementor-section elementor-inner-section elementor-element elementor-element-94cf1e6 elementor-section-boxed elementor-section-height-default elementor-section-height-default\" data-id=\"94cf1e6\" data-element_type=\"section\" data-settings=\"{&quot;_ha_eqh_enable&quot;:false}\">\n\t\t\t\t\t\t<div class=\"elementor-container elementor-column-gap-default\">\n\t\t\t\t\t\t\t<div class=\"elementor-row\">\n\t\t\t\t\t<div class=\"has_ma_el_bg_slider elementor-column elementor-col-50 elementor-inner-column elementor-element elementor-element-58b3027\" data-id=\"58b3027\" data-element_type=\"column\">\n\t\t\t<div class=\"elementor-column-wrap elementor-element-populated\">\n\t\t\t\t\t\t\t<div class=\"elementor-widget-wrap\">\n\t\t\t\t\t\t<div class=\"elementor-element elementor-element-28002ea elementor-widget elementor-widget-image\" data-id=\"28002ea\" data-element_type=\"widget\" data-widget_type=\"image.default\">\n\t\t\t\t<div class=\"elementor-widget-container\">\n\t\t\t\t\t\t\t\t<div class=\"elementor-image\">\n\t\t\t\t\t\t\t\t\t\t\t\t<img decoding=\"async\" src=\"https:\/\/festivalacko.sk\/archiv\/2023\/wp-content\/uploads\/elementor\/thumbs\/Ivo_Brachtl-modified-qsm3s59vp1c63sy6yz3dmmdl6lmhbc6uigkblg4qlc.jpg\" title=\"Ivo_Brachtl-modified\" alt=\"Ivo_Brachtl-modified\" \/>\t\t\t\t\t\t\t\t\t\t\t\t\t\t<\/div>\n\t\t\t\t\t\t<\/div>\n\t\t\t\t<\/div>\n\t\t\t\t\t\t<\/div>\n\t\t\t\t\t<\/div>\n\t\t<\/div>\n\t\t\t\t<div class=\"has_ma_el_bg_slider elementor-column elementor-col-50 elementor-inner-column elementor-element elementor-element-b3aeb6f\" data-id=\"b3aeb6f\" data-element_type=\"column\">\n\t\t\t<div class=\"elementor-column-wrap elementor-element-populated\">\n\t\t\t\t\t\t\t<div class=\"elementor-widget-wrap\">\n\t\t\t\t\t\t<div class=\"elementor-element elementor-element-a2fa7b0 elementor-invisible ha-has-bg-overlay elementor-widget elementor-widget-text-editor\" data-id=\"a2fa7b0\" data-element_type=\"widget\" data-settings=\"{&quot;_animation&quot;:&quot;fadeInUp&quot;}\" data-widget_type=\"text-editor.default\">\n\t\t\t\t<div class=\"elementor-widget-container\">\n\t\t\t\t\t\t\t\t<div class=\"elementor-text-editor elementor-clearfix\">\n\t\t\t\t<b style=\"font-size: 40px;\">Ivo Brachtl<\/b>\n<br>\n<em><span style=\"font-weight: 400;\">(Slovensk\u00e1 asoci\u00e1cia producentov v audiov\u00edzii)<\/span><\/em>\n<br>\n<br>\n<span style=\"font-weight: 400;\">Ivo Brachtl je talentovan\u00fd re\u017eis\u00e9r, kameraman, striha\u010d a filmov\u00fd producent. V roku 1991 zalo\u017eil s\u00fakromn\u00fa firmu Brachtl &#8211; audiovizu\u00e1lna tvorba, ktor\u00e1 produkuje dokument\u00e1rne, propaga\u010dn\u00e9 a in\u0161trukt\u00e1\u017ene filmy. V rokoch 1998\u20132003 p\u00f4sobil ako pedag\u00f3g na Katedre dokument\u00e1rnej tvorby V\u0160MU v Bratislave a od roku 2001 vyu\u010duje na V\u0160VU v Bratislave. Spolupracoval s De\u017eom Ursinym, pri\u010dom s n\u00edm pracoval na jeho najd\u00f4le\u017eitej\u0161\u00edch dokument\u00e1rnych filmoch.<\/span>\t\t\t\t\t<\/div>\n\t\t\t\t\t\t<\/div>\n\t\t\t\t<\/div>\n\t\t\t\t\t\t<\/div>\n\t\t\t\t\t<\/div>\n\t\t<\/div>\n\t\t\t\t\t\t\t\t<\/div>\n\t\t\t\t\t<\/div>\n\t\t<\/section>\n\t\t\t\t<div class=\"elementor-element elementor-element-47d0ce3 elementor-widget-divider--view-line elementor-widget elementor-widget-divider\" data-id=\"47d0ce3\" data-element_type=\"widget\" data-widget_type=\"divider.default\">\n\t\t\t\t<div class=\"elementor-widget-container\">\n\t\t\t\t\t<div class=\"elementor-divider\">\n\t\t\t<span class=\"elementor-divider-separator\">\n\t\t\t\t\t\t<\/span>\n\t\t<\/div>\n\t\t\t\t<\/div>\n\t\t\t\t<\/div>\n\t\t\t\t<section class=\"has_ma_el_bg_slider elementor-section elementor-inner-section elementor-element elementor-element-60afbb5 elementor-section-boxed elementor-section-height-default elementor-section-height-default\" data-id=\"60afbb5\" data-element_type=\"section\" data-settings=\"{&quot;_ha_eqh_enable&quot;:false}\">\n\t\t\t\t\t\t<div class=\"elementor-container elementor-column-gap-default\">\n\t\t\t\t\t\t\t<div class=\"elementor-row\">\n\t\t\t\t\t<div class=\"has_ma_el_bg_slider elementor-column elementor-col-50 elementor-inner-column elementor-element elementor-element-dc70302\" data-id=\"dc70302\" data-element_type=\"column\">\n\t\t\t<div class=\"elementor-column-wrap elementor-element-populated\">\n\t\t\t\t\t\t\t<div class=\"elementor-widget-wrap\">\n\t\t\t\t\t\t<div class=\"elementor-element elementor-element-a222163 elementor-widget elementor-widget-image\" data-id=\"a222163\" data-element_type=\"widget\" data-widget_type=\"image.default\">\n\t\t\t\t<div class=\"elementor-widget-container\">\n\t\t\t\t\t\t\t\t<div class=\"elementor-image\">\n\t\t\t\t\t\t\t\t\t\t\t\t<img decoding=\"async\" src=\"https:\/\/festivalacko.sk\/archiv\/2023\/wp-content\/uploads\/elementor\/thumbs\/Jan_Bernard-qsm3s59vp1c63sy6yz3dmmdl6lmhbc6uigkblg4qlc.jpg\" title=\"Jan_Bernard\" alt=\"Jan_Bernard\" \/>\t\t\t\t\t\t\t\t\t\t\t\t\t\t<\/div>\n\t\t\t\t\t\t<\/div>\n\t\t\t\t<\/div>\n\t\t\t\t\t\t<\/div>\n\t\t\t\t\t<\/div>\n\t\t<\/div>\n\t\t\t\t<div class=\"has_ma_el_bg_slider elementor-column elementor-col-50 elementor-inner-column elementor-element elementor-element-d9aa5b4\" data-id=\"d9aa5b4\" data-element_type=\"column\">\n\t\t\t<div class=\"elementor-column-wrap elementor-element-populated\">\n\t\t\t\t\t\t\t<div class=\"elementor-widget-wrap\">\n\t\t\t\t\t\t<div class=\"elementor-element elementor-element-082ffa3 elementor-invisible ha-has-bg-overlay elementor-widget elementor-widget-text-editor\" data-id=\"082ffa3\" data-element_type=\"widget\" data-settings=\"{&quot;_animation&quot;:&quot;fadeInUp&quot;}\" data-widget_type=\"text-editor.default\">\n\t\t\t\t<div class=\"elementor-widget-container\">\n\t\t\t\t\t\t\t\t<div class=\"elementor-text-editor elementor-clearfix\">\n\t\t\t\t<b style=\"font-size: 40px;\">Jan Bernard<\/b>\n<br>\n<span style=\"font-weight: 400;\"><em>(pedag\u00f3g FAMU)<\/em>\u00a0<\/span>\n<br><br>\n\n<span style=\"font-weight: 400;\">Jan Bernard je filmov\u00fd teoretik a historik, ktor\u00fd svoju kari\u00e9ru za\u010dal po \u0161t\u00fadiu na Filozofickej fakulte Univerzity Karlovy, kde sa venoval dejin\u00e1m a te\u00f3rii filmu a divadla. V rokoch 1975-1987 pracoval v b\u00fdvalom \u010ceskoslovenskom filmovom \u00fastave ako v\u00fdskumn\u00edk a nesk\u00f4r organizoval a vyu\u010doval v Rade \u010deskoslovensk\u00fdch filmov\u00fdch klubov. <\/span><span style=\"font-weight: 400;\">\n<\/span><span style=\"font-weight: 400;\">V rokoch 1993 a\u017e 1999 zast\u00e1val post dekana pra\u017eskej FAMU a dodnes p\u00f4sob\u00ed ako pedag\u00f3g na tejto in\u0161tit\u00facii. Jeho odbornos\u0165 zah\u0155\u0148a dejiny filmov\u00fdch te\u00f3ri\u00ed, z\u00e1klady filmov\u00e9ho jazyka, aplik\u00e1ciu estetick\u00fdch kateg\u00f3ri\u00ed vo filme a v\u0161eobecn\u00fd z\u00e1ujem o medi\u00e1lnu problematiku.<\/span>\t\t\t\t\t<\/div>\n\t\t\t\t\t\t<\/div>\n\t\t\t\t<\/div>\n\t\t\t\t\t\t<\/div>\n\t\t\t\t\t<\/div>\n\t\t<\/div>\n\t\t\t\t\t\t\t\t<\/div>\n\t\t\t\t\t<\/div>\n\t\t<\/section>\n\t\t\t\t<div class=\"elementor-element elementor-element-993d2a1 elementor-widget-divider--view-line elementor-widget elementor-widget-divider\" data-id=\"993d2a1\" data-element_type=\"widget\" data-widget_type=\"divider.default\">\n\t\t\t\t<div class=\"elementor-widget-container\">\n\t\t\t\t\t<div class=\"elementor-divider\">\n\t\t\t<span class=\"elementor-divider-separator\">\n\t\t\t\t\t\t<\/span>\n\t\t<\/div>\n\t\t\t\t<\/div>\n\t\t\t\t<\/div>\n\t\t\t\t<section class=\"has_ma_el_bg_slider elementor-section elementor-inner-section elementor-element elementor-element-f515324 elementor-section-boxed elementor-section-height-default elementor-section-height-default\" data-id=\"f515324\" data-element_type=\"section\" data-settings=\"{&quot;_ha_eqh_enable&quot;:false}\">\n\t\t\t\t\t\t<div class=\"elementor-container elementor-column-gap-default\">\n\t\t\t\t\t\t\t<div class=\"elementor-row\">\n\t\t\t\t\t<div class=\"has_ma_el_bg_slider elementor-column elementor-col-50 elementor-inner-column elementor-element elementor-element-8fdd791\" data-id=\"8fdd791\" data-element_type=\"column\">\n\t\t\t<div class=\"elementor-column-wrap elementor-element-populated\">\n\t\t\t\t\t\t\t<div class=\"elementor-widget-wrap\">\n\t\t\t\t\t\t<div class=\"elementor-element elementor-element-7d5f560 elementor-widget elementor-widget-image\" data-id=\"7d5f560\" data-element_type=\"widget\" data-widget_type=\"image.default\">\n\t\t\t\t<div class=\"elementor-widget-container\">\n\t\t\t\t\t\t\t\t<div class=\"elementor-image\">\n\t\t\t\t\t\t\t\t\t\t\t\t<img decoding=\"async\" src=\"https:\/\/festivalacko.sk\/archiv\/2023\/wp-content\/uploads\/elementor\/thumbs\/Koloman_Galbavy-modified-qsm3s67pvvdgfewtthi07451rzhuj1akul7t2q3cf4.png\" title=\"Koloman_Galbavy\u0301-modified\" alt=\"Koloman_Galbavy\u0301-modified\" \/>\t\t\t\t\t\t\t\t\t\t\t\t\t\t<\/div>\n\t\t\t\t\t\t<\/div>\n\t\t\t\t<\/div>\n\t\t\t\t\t\t<\/div>\n\t\t\t\t\t<\/div>\n\t\t<\/div>\n\t\t\t\t<div class=\"has_ma_el_bg_slider elementor-column elementor-col-50 elementor-inner-column elementor-element elementor-element-dad93c5\" data-id=\"dad93c5\" data-element_type=\"column\">\n\t\t\t<div class=\"elementor-column-wrap elementor-element-populated\">\n\t\t\t\t\t\t\t<div class=\"elementor-widget-wrap\">\n\t\t\t\t\t\t<div class=\"elementor-element elementor-element-0924b1a elementor-invisible ha-has-bg-overlay elementor-widget elementor-widget-text-editor\" data-id=\"0924b1a\" data-element_type=\"widget\" data-settings=\"{&quot;_animation&quot;:&quot;fadeInUp&quot;}\" data-widget_type=\"text-editor.default\">\n\t\t\t\t<div class=\"elementor-widget-container\">\n\t\t\t\t\t\t\t\t<div class=\"elementor-text-editor elementor-clearfix\">\n\t\t\t\t<b style=\"font-size: 40px;\">Koloman Galbav\u00fd<\/b><br><em><span style=\"font-weight: 400;\">(riadite\u013e festivalu Etnofilm)<\/span><\/em>\n<br><br>\n<span style=\"font-weight: 400;\">Koloman Galbav\u00fd je absolventom V\u0160MU s odborom Produkcia a distrib\u00facia filmov\u00e9ho umenia a multim\u00e9di\u00ed. Jeho kari\u00e9ra zah\u0155\u0148a aj pr\u00e1cu na Ministerstve kult\u00fary Slovenskej republiky, kde zast\u00e1val poz\u00edcie gener\u00e1lneho \u0161t\u00e1tneho radcu a riadite\u013ea protokolu. V s\u00fa\u010dasnosti je Koloman Galbav\u00fd riadite\u013eom medzin\u00e1rodn\u00e9ho filmov\u00e9ho bien\u00e1le dokument\u00e1rneho etnologick\u00e9ho filmu &#8211; Etnofilm. <\/span><span style=\"font-weight: 400;\">\n<\/span><span style=\"font-weight: 400;\">Koloman Galbav\u00fd m\u00e1 bohat\u00e9 sk\u00fasenosti v organizovan\u00ed r\u00f4znych v\u00fdznamn\u00fdch podujat\u00ed, vr\u00e1tane inaugur\u00e1ci\u00ed prezidentov, n\u00e1v\u0161tev v\u00fdznamn\u00fdch osobnost\u00ed a diplomatick\u00fdch stretnut\u00ed. Okrem toho, akt\u00edvne p\u00f4sobil aj v medzin\u00e1rodnom kontexte, z\u00fa\u010dast\u0148uj\u00fac sa na r\u00f4znych producentsk\u00fdch a mana\u017e\u00e9rskych aktivit\u00e1ch vo viacer\u00fdch krajin\u00e1ch, vr\u00e1tane Rak\u00faska, USA a Franc\u00fazska.<\/span>\t\t\t\t\t<\/div>\n\t\t\t\t\t\t<\/div>\n\t\t\t\t<\/div>\n\t\t\t\t\t\t<\/div>\n\t\t\t\t\t<\/div>\n\t\t<\/div>\n\t\t\t\t\t\t\t\t<\/div>\n\t\t\t\t\t<\/div>\n\t\t<\/section>\n\t\t\t\t<div class=\"elementor-element elementor-element-71f9f4c elementor-widget-divider--view-line elementor-widget elementor-widget-divider\" data-id=\"71f9f4c\" data-element_type=\"widget\" data-widget_type=\"divider.default\">\n\t\t\t\t<div class=\"elementor-widget-container\">\n\t\t\t\t\t<div class=\"elementor-divider\">\n\t\t\t<span class=\"elementor-divider-separator\">\n\t\t\t\t\t\t<\/span>\n\t\t<\/div>\n\t\t\t\t<\/div>\n\t\t\t\t<\/div>\n\t\t\t\t<section class=\"has_ma_el_bg_slider elementor-section elementor-inner-section elementor-element elementor-element-349810d elementor-section-boxed elementor-section-height-default elementor-section-height-default\" data-id=\"349810d\" data-element_type=\"section\" data-settings=\"{&quot;_ha_eqh_enable&quot;:false}\">\n\t\t\t\t\t\t<div class=\"elementor-container elementor-column-gap-default\">\n\t\t\t\t\t\t\t<div class=\"elementor-row\">\n\t\t\t\t\t<div class=\"has_ma_el_bg_slider elementor-column elementor-col-50 elementor-inner-column elementor-element elementor-element-0db6c72\" data-id=\"0db6c72\" data-element_type=\"column\">\n\t\t\t<div class=\"elementor-column-wrap elementor-element-populated\">\n\t\t\t\t\t\t\t<div class=\"elementor-widget-wrap\">\n\t\t\t\t\t\t<div class=\"elementor-element elementor-element-2155b23 elementor-widget elementor-widget-image\" data-id=\"2155b23\" data-element_type=\"widget\" data-widget_type=\"image.default\">\n\t\t\t\t<div class=\"elementor-widget-container\">\n\t\t\t\t\t\t\t\t<div class=\"elementor-image\">\n\t\t\t\t\t\t\t\t\t\t\t\t<img decoding=\"async\" src=\"https:\/\/festivalacko.sk\/archiv\/2023\/wp-content\/uploads\/elementor\/thumbs\/Alexandra_Gojdicova-modified-qsm3s67pvvdgfewtthi07451rzhuj1akul7t2q3cf4.jpg\" title=\"Alexandra_Gojdic\u030cova\u0301-modified\" alt=\"Alexandra_Gojdic\u030cova\u0301-modified\" \/>\t\t\t\t\t\t\t\t\t\t\t\t\t\t<\/div>\n\t\t\t\t\t\t<\/div>\n\t\t\t\t<\/div>\n\t\t\t\t\t\t<\/div>\n\t\t\t\t\t<\/div>\n\t\t<\/div>\n\t\t\t\t<div class=\"has_ma_el_bg_slider elementor-column elementor-col-50 elementor-inner-column elementor-element elementor-element-2bd7540\" data-id=\"2bd7540\" data-element_type=\"column\">\n\t\t\t<div class=\"elementor-column-wrap elementor-element-populated\">\n\t\t\t\t\t\t\t<div class=\"elementor-widget-wrap\">\n\t\t\t\t\t\t<div class=\"elementor-element elementor-element-fe1e78d elementor-invisible ha-has-bg-overlay elementor-widget elementor-widget-text-editor\" data-id=\"fe1e78d\" data-element_type=\"widget\" data-settings=\"{&quot;_animation&quot;:&quot;fadeInUp&quot;}\" data-widget_type=\"text-editor.default\">\n\t\t\t\t<div class=\"elementor-widget-container\">\n\t\t\t\t\t\t\t\t<div class=\"elementor-text-editor elementor-clearfix\">\n\t\t\t\t<b style=\"font-size: 40px;\">Alexandra Gojdi\u010dov\u00e1<\/b>\n<br>\n<em><span style=\"font-weight: 400;\">(Asoci\u00e1cia slovensk\u00fdch filmov\u00fdch striha\u010dov)<\/span><\/em>\n<br><br>\n<b>\n<\/b><span style=\"font-weight: 400;\">Alexandra Gojdi\u010dov\u00e1 je slovenskou striha\u010dkou, ktor\u00e1 z\u00edskala svoje vzdelanie na Filmov\u00e9 a telev\u00edzne fakulte Akad\u00e9mie m\u00fazick\u00fdch um\u011bn\u00ed (FAMU). Je zn\u00e1ma pre svoju \u00faspe\u0161n\u00fa spolupr\u00e1cu s re\u017eis\u00e9rkou Vierou \u010cak\u00e1nyovou na nieko\u013ek\u00fdch v\u00fdznamn\u00fdch filmov\u00fdch projektoch, medzi ktor\u00e9 patr\u00ed &#8220;<\/span><i><span style=\"font-weight: 400;\">Alda<\/span><\/i><span style=\"font-weight: 400;\">,&#8221; &#8220;<\/span><i><span style=\"font-weight: 400;\">Slovensko 2.0<\/span><\/i><span style=\"font-weight: 400;\">,&#8221; a &#8220;<\/span><i><span style=\"font-weight: 400;\">Pozn\u00e1mky z Eremoc\u00e9nu<\/span><\/i><span style=\"font-weight: 400;\">.&#8221;<\/span><span style=\"font-weight: 400;\">\n<\/span><span style=\"font-weight: 400;\">Spolu s Vierou \u010cak\u00e1nyovou zalo\u017eili produk\u010dn\u00fa spolo\u010dnos\u0165, \u010do sved\u010d\u00ed o ich odhodlan\u00ed prispieva\u0165 k rozvoju slovenskej filmovej tvorby. Alexandra Gojdi\u010dov\u00e1 je akt\u00edvnou \u010dlenkou ASFS, \u010do jej umo\u017e\u0148uje zdie\u013ea\u0165 sk\u00fasenosti a spolupracova\u0165 s in\u00fdmi odborn\u00edkmi v oblasti strihu.<\/span><b>\n<\/b>\t\t\t\t\t<\/div>\n\t\t\t\t\t\t<\/div>\n\t\t\t\t<\/div>\n\t\t\t\t\t\t<\/div>\n\t\t\t\t\t<\/div>\n\t\t<\/div>\n\t\t\t\t\t\t\t\t<\/div>\n\t\t\t\t\t<\/div>\n\t\t<\/section>\n\t\t\t\t<div class=\"elementor-element elementor-element-b46fcf3 elementor-widget-divider--view-line elementor-widget elementor-widget-divider\" data-id=\"b46fcf3\" data-element_type=\"widget\" data-widget_type=\"divider.default\">\n\t\t\t\t<div class=\"elementor-widget-container\">\n\t\t\t\t\t<div class=\"elementor-divider\">\n\t\t\t<span class=\"elementor-divider-separator\">\n\t\t\t\t\t\t<\/span>\n\t\t<\/div>\n\t\t\t\t<\/div>\n\t\t\t\t<\/div>\n\t\t\t\t<section class=\"has_ma_el_bg_slider elementor-section elementor-inner-section elementor-element elementor-element-d20f5a4 elementor-section-boxed elementor-section-height-default elementor-section-height-default\" data-id=\"d20f5a4\" data-element_type=\"section\" data-settings=\"{&quot;_ha_eqh_enable&quot;:false}\">\n\t\t\t\t\t\t<div class=\"elementor-container elementor-column-gap-default\">\n\t\t\t\t\t\t\t<div class=\"elementor-row\">\n\t\t\t\t\t<div class=\"has_ma_el_bg_slider elementor-column elementor-col-50 elementor-inner-column elementor-element elementor-element-2db873f\" data-id=\"2db873f\" data-element_type=\"column\">\n\t\t\t<div class=\"elementor-column-wrap elementor-element-populated\">\n\t\t\t\t\t\t\t<div class=\"elementor-widget-wrap\">\n\t\t\t\t\t\t<div class=\"elementor-element elementor-element-b0c79e9 elementor-widget elementor-widget-image\" data-id=\"b0c79e9\" data-element_type=\"widget\" data-widget_type=\"image.default\">\n\t\t\t\t<div class=\"elementor-widget-container\">\n\t\t\t\t\t\t\t\t<div class=\"elementor-image\">\n\t\t\t\t\t\t\t\t\t\t\t\t<img decoding=\"async\" src=\"https:\/\/festivalacko.sk\/archiv\/2023\/wp-content\/uploads\/elementor\/thumbs\/Radka_Sisulakova-modified-qsm3s67pvvdqnpkyziu8go21ywpy5za65byq37ctxw.jpeg\" title=\"Radka_\u0160i\u0161ul\u00e1kov\u00e1-modified\" alt=\"Radka_\u0160i\u0161ul\u00e1kov\u00e1-modified\" \/>\t\t\t\t\t\t\t\t\t\t\t\t\t\t<\/div>\n\t\t\t\t\t\t<\/div>\n\t\t\t\t<\/div>\n\t\t\t\t\t\t<\/div>\n\t\t\t\t\t<\/div>\n\t\t<\/div>\n\t\t\t\t<div class=\"has_ma_el_bg_slider elementor-column elementor-col-50 elementor-inner-column elementor-element elementor-element-d074049\" data-id=\"d074049\" data-element_type=\"column\">\n\t\t\t<div class=\"elementor-column-wrap elementor-element-populated\">\n\t\t\t\t\t\t\t<div class=\"elementor-widget-wrap\">\n\t\t\t\t\t\t<div class=\"elementor-element elementor-element-694f0dc elementor-invisible ha-has-bg-overlay elementor-widget elementor-widget-text-editor\" data-id=\"694f0dc\" data-element_type=\"widget\" data-settings=\"{&quot;_animation&quot;:&quot;fadeInUp&quot;}\" data-widget_type=\"text-editor.default\">\n\t\t\t\t<div class=\"elementor-widget-container\">\n\t\t\t\t\t\t\t\t<div class=\"elementor-text-editor elementor-clearfix\">\n\t\t\t\t<p><b style=\"font-size: 40px;\">Radka \u0160i\u0161ul\u00e1kov\u00e1<\/b><b><br \/><\/b><em><span style=\"font-weight: 400;\">(Asoci\u00e1cia slovensk\u00fdch kameramanov)<\/span><\/em><b><br \/><\/b><span style=\"font-weight: 400;\"><br \/><\/span><span style=\"font-weight: 400;\">Radka \u0160i\u0161ul\u00e1kov\u00e1 je talentovan\u00e1 dokumentaristka a kameramanka, ktor\u00e1 z\u00edskala svoje vzdelanie na V\u0160MU. Dokon\u010duje pr\u00e1ce na dokument\u00e1rnych filmoch \u201c<\/span><i><span style=\"font-weight: 400;\">Becoming Ema<\/span><\/i><span style=\"font-weight: 400;\">\u201d (r\u00e9\u017eia: Patricia Drati), \u201c<\/span><i><span style=\"font-weight: 400;\">It\u2019s Not Your Fault<\/span><\/i><span style=\"font-weight: 400;\">\u201d (r\u00e9\u017eia: Paula \u010eurinov\u00e1) a \u201c<\/span><i><span style=\"font-weight: 400;\">Je\u0161t\u011b nejsem, k\u00fdm chci b\u00fdt<\/span><\/i><span style=\"font-weight: 400;\">\u201d (r\u00e9\u017eia: Kl\u00e1ra Tasovsk\u00e1). Radka \u0160i\u0161ul\u00e1kov\u00e1 sa tie\u017e pravidelne anga\u017euje v tvorbe telev\u00edznych seri\u00e1lov a dokument\u00e1rnych programov.<\/span><span style=\"font-weight: 400;\"><br \/><\/span><span style=\"font-weight: 400;\">Jej schopnos\u0165 pribl\u00ed\u017ei\u0165 pr\u00edbehy a zachyti\u0165 hlbok\u00e9 \u013eudsk\u00e9 em\u00f3cie cez kameru ju rob\u00ed v\u00fdnimo\u010dnou v oblasti dokument\u00e1rnej tvorby. Okrem toho st\u00e1la za kamerou pri nat\u00e1\u010dan\u00ed \u010dasti dokument\u00e1rneho seri\u00e1lu &#8220;<\/span><i><span style=\"font-weight: 400;\">Budujeme Slovensko<\/span><\/i><span style=\"font-weight: 400;\">&#8221; pre RTVS. Popritom sa st\u00e1le pr\u00edle\u017eitostne venuje tvorbe telev\u00edznych seri\u00e1lov a dokumentov.<\/span><\/p>\t\t\t\t\t<\/div>\n\t\t\t\t\t\t<\/div>\n\t\t\t\t<\/div>\n\t\t\t\t\t\t<\/div>\n\t\t\t\t\t<\/div>\n\t\t<\/div>\n\t\t\t\t\t\t\t\t<\/div>\n\t\t\t\t\t<\/div>\n\t\t<\/section>\n\t\t\t\t<div class=\"elementor-element elementor-element-8c7bd7d elementor-widget-divider--view-line elementor-widget elementor-widget-divider\" data-id=\"8c7bd7d\" data-element_type=\"widget\" data-widget_type=\"divider.default\">\n\t\t\t\t<div class=\"elementor-widget-container\">\n\t\t\t\t\t<div class=\"elementor-divider\">\n\t\t\t<span class=\"elementor-divider-separator\">\n\t\t\t\t\t\t<\/span>\n\t\t<\/div>\n\t\t\t\t<\/div>\n\t\t\t\t<\/div>\n\t\t\t\t<section class=\"has_ma_el_bg_slider elementor-section elementor-inner-section elementor-element elementor-element-086c90b elementor-section-boxed elementor-section-height-default elementor-section-height-default\" data-id=\"086c90b\" data-element_type=\"section\" data-settings=\"{&quot;_ha_eqh_enable&quot;:false}\">\n\t\t\t\t\t\t<div class=\"elementor-container elementor-column-gap-default\">\n\t\t\t\t\t\t\t<div class=\"elementor-row\">\n\t\t\t\t\t<div class=\"has_ma_el_bg_slider elementor-column elementor-col-50 elementor-inner-column elementor-element elementor-element-0470bba\" data-id=\"0470bba\" data-element_type=\"column\">\n\t\t\t<div class=\"elementor-column-wrap elementor-element-populated\">\n\t\t\t\t\t\t\t<div class=\"elementor-widget-wrap\">\n\t\t\t\t\t\t<div class=\"elementor-element elementor-element-fc46d3e elementor-widget elementor-widget-image\" data-id=\"fc46d3e\" data-element_type=\"widget\" data-widget_type=\"image.default\">\n\t\t\t\t<div class=\"elementor-widget-container\">\n\t\t\t\t\t\t\t\t<div class=\"elementor-image\">\n\t\t\t\t\t\t\t\t\t\t\t\t<img decoding=\"async\" src=\"https:\/\/festivalacko.sk\/archiv\/2023\/wp-content\/uploads\/elementor\/thumbs\/Evita_Twardzik-modified-qsm3s59vp1cgc3mc50flw6aldiukya6ft7b8lxe844.jpg\" title=\"Evita_Twardzik-modified\" alt=\"Evita_Twardzik-modified\" \/>\t\t\t\t\t\t\t\t\t\t\t\t\t\t<\/div>\n\t\t\t\t\t\t<\/div>\n\t\t\t\t<\/div>\n\t\t\t\t\t\t<\/div>\n\t\t\t\t\t<\/div>\n\t\t<\/div>\n\t\t\t\t<div class=\"has_ma_el_bg_slider elementor-column elementor-col-50 elementor-inner-column elementor-element elementor-element-ab1cd2a\" data-id=\"ab1cd2a\" data-element_type=\"column\">\n\t\t\t<div class=\"elementor-column-wrap elementor-element-populated\">\n\t\t\t\t\t\t\t<div class=\"elementor-widget-wrap\">\n\t\t\t\t\t\t<div class=\"elementor-element elementor-element-23bab8e elementor-invisible ha-has-bg-overlay elementor-widget elementor-widget-text-editor\" data-id=\"23bab8e\" data-element_type=\"widget\" data-settings=\"{&quot;_animation&quot;:&quot;fadeInUp&quot;}\" data-widget_type=\"text-editor.default\">\n\t\t\t\t<div class=\"elementor-widget-container\">\n\t\t\t\t\t\t\t\t<div class=\"elementor-text-editor elementor-clearfix\">\n\t\t\t\t<b style=\"font-size: 40px;\">Evita Twardzik<\/b><br><b>\n<\/b><em><span style=\"font-weight: 400;\">(TV Mark\u00edza)<\/span><\/em>\n<br><br>\n<span style=\"font-weight: 400;\">Evita Twardzik je zn\u00e1ma svojou prvou knihou s n\u00e1zvom &#8220;<\/span><i><span style=\"font-weight: 400;\">V\u0161etko alebo ni\u010d<\/span><\/i><span style=\"font-weight: 400;\">,&#8221; ktor\u00e1 bola vydan\u00e1 v roku 2007 a nesk\u00f4r zfilmovan\u00e1. Tento pr\u00edbeh o postav\u00e1ch Linde, Vande a Jakubovi sa stal bestsellerom a filmov\u00e9 spracovanie tejto knihy sa stalo ve\u013ek\u00fdm \u00faspechom v slovensk\u00fdch kin\u00e1ch, pri\u010dom jeho telev\u00edzna premi\u00e9ra dosiahla rekordn\u00fa sledovanos\u0165.<\/span><span style=\"font-weight: 400;\">\n<\/span><span style=\"font-weight: 400;\">Okrem svojej autorskej kari\u00e9ry je Evita Twardzik aj \u0161\u00e9fredaktorkou popul\u00e1rneho \u017eensk\u00e9ho magaz\u00ednu s n\u00e1zvom &#8220;<\/span><i><span style=\"font-weight: 400;\">Evita<\/span><\/i><span style=\"font-weight: 400;\">,&#8221; ktor\u00fd vynik\u00e1 v predaji medzi lifestylov\u00fdmi mesa\u010dn\u00edkmi. V oblasti filmu m\u00e1 na konte \u010fal\u0161ie \u00faspe\u0161n\u00e9 projekty, vr\u00e1tane filmov &#8220;<\/span><i><span style=\"font-weight: 400;\">Pr\u00edli\u0161 osobn\u00e1 zn\u00e1mos\u0165<\/span><\/i><span style=\"font-weight: 400;\">&#8221; a &#8220;<\/span><i><span style=\"font-weight: 400;\">V lete ti poviem, ako sa m\u00e1m<\/span><\/i><span style=\"font-weight: 400;\">.&#8221; Jej pr\u00edspevok k filmovej tvorbe zaznamenal v\u00fdrazn\u00fd \u00faspech a z\u00edskal si pozornos\u0165 \u0161irokej verejnosti. V s\u00fa\u010dasnosti sa venuje aj seri\u00e1lovej tvorbe pre telev\u00edziu Mark\u00edza.<\/span>\t\t\t\t\t<\/div>\n\t\t\t\t\t\t<\/div>\n\t\t\t\t<\/div>\n\t\t\t\t\t\t<\/div>\n\t\t\t\t\t<\/div>\n\t\t<\/div>\n\t\t\t\t\t\t\t\t<\/div>\n\t\t\t\t\t<\/div>\n\t\t<\/section>\n\t\t\t\t<div class=\"elementor-element elementor-element-ac2ba14 elementor-widget-divider--view-line elementor-widget elementor-widget-divider\" data-id=\"ac2ba14\" data-element_type=\"widget\" data-widget_type=\"divider.default\">\n\t\t\t\t<div class=\"elementor-widget-container\">\n\t\t\t\t\t<div class=\"elementor-divider\">\n\t\t\t<span class=\"elementor-divider-separator\">\n\t\t\t\t\t\t<\/span>\n\t\t<\/div>\n\t\t\t\t<\/div>\n\t\t\t\t<\/div>\n\t\t\t\t<section class=\"has_ma_el_bg_slider elementor-section elementor-inner-section elementor-element elementor-element-e13570d elementor-section-boxed elementor-section-height-default elementor-section-height-default\" data-id=\"e13570d\" data-element_type=\"section\" data-settings=\"{&quot;_ha_eqh_enable&quot;:false}\">\n\t\t\t\t\t\t<div class=\"elementor-container elementor-column-gap-default\">\n\t\t\t\t\t\t\t<div class=\"elementor-row\">\n\t\t\t\t\t<div class=\"has_ma_el_bg_slider elementor-column elementor-col-50 elementor-inner-column elementor-element elementor-element-a2c3830\" data-id=\"a2c3830\" data-element_type=\"column\">\n\t\t\t<div class=\"elementor-column-wrap elementor-element-populated\">\n\t\t\t\t\t\t\t<div class=\"elementor-widget-wrap\">\n\t\t\t\t\t\t<div class=\"elementor-element elementor-element-3302aee elementor-widget elementor-widget-image\" data-id=\"3302aee\" data-element_type=\"widget\" data-widget_type=\"image.default\">\n\t\t\t\t<div class=\"elementor-widget-container\">\n\t\t\t\t\t\t\t\t<div class=\"elementor-image\">\n\t\t\t\t\t\t\t\t\t\t\t\t<img decoding=\"async\" src=\"https:\/\/festivalacko.sk\/archiv\/2023\/wp-content\/uploads\/elementor\/thumbs\/Scarlett_Canakyova-modified-qsm3s67pvvdgfewtthi07451rzhuj1akul7t2q3cf4.jpg\" title=\"Scarlett_C\u030canakyova\u0301-modified\" alt=\"Scarlett_C\u030canakyova\u0301-modified\" \/>\t\t\t\t\t\t\t\t\t\t\t\t\t\t<\/div>\n\t\t\t\t\t\t<\/div>\n\t\t\t\t<\/div>\n\t\t\t\t\t\t<\/div>\n\t\t\t\t\t<\/div>\n\t\t<\/div>\n\t\t\t\t<div class=\"has_ma_el_bg_slider elementor-column elementor-col-50 elementor-inner-column elementor-element elementor-element-defdf29\" data-id=\"defdf29\" data-element_type=\"column\">\n\t\t\t<div class=\"elementor-column-wrap elementor-element-populated\">\n\t\t\t\t\t\t\t<div class=\"elementor-widget-wrap\">\n\t\t\t\t\t\t<div class=\"elementor-element elementor-element-26ef90e elementor-invisible ha-has-bg-overlay elementor-widget elementor-widget-text-editor\" data-id=\"26ef90e\" data-element_type=\"widget\" data-settings=\"{&quot;_animation&quot;:&quot;fadeInUp&quot;}\" data-widget_type=\"text-editor.default\">\n\t\t\t\t<div class=\"elementor-widget-container\">\n\t\t\t\t\t\t\t\t<div class=\"elementor-text-editor elementor-clearfix\">\n\t\t\t\t<b style=\"font-size: 40px;\">Scarlett \u010canakyov\u00e1<\/b><br><b>\n<\/b><em><span style=\"font-weight: 400;\">(Liter\u00e1rny Fond) <\/span><\/em><span style=\"font-weight: 400;\"> <br><br>\n<\/span><b>\n<\/b><span style=\"font-weight: 400;\">Scarlett \u010canakyov\u00e1 je talentovanou absolventkou V\u0160MU so \u0161pecializ\u00e1ciou v oblasti dramaturgie a scen\u00e1ristiky. Jej scen\u00e1ristick\u00e1 kari\u00e9ra za\u010dala v roku 2002, ke\u010f spolupracovala s re\u017eis\u00e9rom Jurajom Nvotom na v\u00fdznamnom projekte, ktor\u00fd ozna\u010duje za svoj scen\u00e1ristick\u00fd debut.<\/span><span style=\"font-weight: 400;\">\n<\/span><span style=\"font-weight: 400;\">Moment\u00e1lne p\u00f4sob\u00ed ako scen\u00e1ristka v RTVS a je jednou z tvorcov seri\u00e1lu &#8220;<\/span><i><span style=\"font-weight: 400;\">Niekde v Eur\u00f3pe<\/span><\/i><span style=\"font-weight: 400;\">.&#8221; Tento seri\u00e1l, na ktorom pracovala, sa chyst\u00e1 na svoju premi\u00e9ru t\u00fato jese\u0148. Okrem toho sa stala aj jednou z dramaturgi\u010diek na filme s n\u00e1zvom &#8220;<\/span><i><span style=\"font-weight: 400;\">Cig\u00e1n<\/span><\/i><span style=\"font-weight: 400;\">.&#8221;<\/span><b>\n<\/b>\t\t\t\t\t<\/div>\n\t\t\t\t\t\t<\/div>\n\t\t\t\t<\/div>\n\t\t\t\t\t\t<\/div>\n\t\t\t\t\t<\/div>\n\t\t<\/div>\n\t\t\t\t\t\t\t\t<\/div>\n\t\t\t\t\t<\/div>\n\t\t<\/section>\n\t\t\t\t\t\t<\/div>\n\t\t\t\t\t<\/div>\n\t\t<\/div>\n\t\t\t\t\t\t\t\t<\/div>\n\t\t\t\t\t<\/div>\n\t\t<\/section>\n\t\t\t\t\t\t<\/div>\n\t\t\t\t\t\t<\/div>\n\t\t\t\t\t<\/div>\n\t\t","protected":false},"excerpt":{"rendered":"<p>VE\u013dK\u00c1 POROTA Ve\u013ek\u00e1 porota festivalu rozhoduje o udelen\u00ed v\u0161etk\u00fdch \u0161tatut\u00e1rnych cien festivalu. Je zlo\u017een\u00e1 zo 7 profesion\u00e1lov p\u00f4sobiacich v audiovizu\u00e1lnom prostred\u00ed na Slovensku, \u010di v zahrani\u010d\u00ed. Ivo Brachtl (Slovensk\u00e1 asoci\u00e1cia producentov v audiov\u00edzii) Ivo Brachtl je talentovan\u00fd re\u017eis\u00e9r, kameraman, striha\u010d a filmov\u00fd producent. V roku 1991 zalo\u017eil s\u00fakromn\u00fa firmu Brachtl &#8211; audiovizu\u00e1lna tvorba, ktor\u00e1 produkuje &hellip; <\/p>\n<p class=\"link-more\"><a href=\"https:\/\/festivalacko.sk\/archiv\/2023\/velka-porota-2023\/\" class=\"more-link\">Pokra\u010dova\u0165 v \u010d\u00edtan\u00ed<span class=\"screen-reader-text\"> &#8220;Ve\u013ek\u00e1 porota 2023&#8221;<\/span><\/a><\/p>\n","protected":false},"author":1,"featured_media":0,"parent":0,"menu_order":0,"comment_status":"closed","ping_status":"closed","template":"elementor_header_footer","meta":{"_uag_custom_page_level_css":"","_monsterinsights_skip_tracking":false,"_monsterinsights_sitenote_active":false,"_monsterinsights_sitenote_note":"","_monsterinsights_sitenote_category":0},"uagb_featured_image_src":{"full":false,"thumbnail":false,"medium":false,"medium_large":false,"large":false,"master_addons_team_thumb":false,"1536x1536":false,"2048x2048":false,"post-thumbnail":false},"uagb_author_info":{"display_name":"festivalacko","author_link":"https:\/\/festivalacko.sk\/archiv\/2023\/author\/festivalacko\/"},"uagb_comment_info":0,"uagb_excerpt":"VE\u013dK\u00c1 POROTA Ve\u013ek\u00e1 porota festivalu rozhoduje o udelen\u00ed v\u0161etk\u00fdch \u0161tatut\u00e1rnych cien festivalu. Je zlo\u017een\u00e1 zo 7 profesion\u00e1lov p\u00f4sobiacich v audiovizu\u00e1lnom prostred\u00ed na Slovensku, \u010di v zahrani\u010d\u00ed. Ivo Brachtl (Slovensk\u00e1 asoci\u00e1cia producentov v audiov\u00edzii) Ivo Brachtl je talentovan\u00fd re\u017eis\u00e9r, kameraman, striha\u010d a filmov\u00fd producent. V roku 1991 zalo\u017eil s\u00fakromn\u00fa firmu Brachtl &#8211; audiovizu\u00e1lna tvorba, ktor\u00e1 produkuje&hellip;","_links":{"self":[{"href":"https:\/\/festivalacko.sk\/archiv\/2023\/wp-json\/wp\/v2\/pages\/6860"}],"collection":[{"href":"https:\/\/festivalacko.sk\/archiv\/2023\/wp-json\/wp\/v2\/pages"}],"about":[{"href":"https:\/\/festivalacko.sk\/archiv\/2023\/wp-json\/wp\/v2\/types\/page"}],"author":[{"embeddable":true,"href":"https:\/\/festivalacko.sk\/archiv\/2023\/wp-json\/wp\/v2\/users\/1"}],"replies":[{"embeddable":true,"href":"https:\/\/festivalacko.sk\/archiv\/2023\/wp-json\/wp\/v2\/comments?post=6860"}],"version-history":[{"count":6,"href":"https:\/\/festivalacko.sk\/archiv\/2023\/wp-json\/wp\/v2\/pages\/6860\/revisions"}],"predecessor-version":[{"id":7123,"href":"https:\/\/festivalacko.sk\/archiv\/2023\/wp-json\/wp\/v2\/pages\/6860\/revisions\/7123"}],"wp:attachment":[{"href":"https:\/\/festivalacko.sk\/archiv\/2023\/wp-json\/wp\/v2\/media?parent=6860"}],"curies":[{"name":"wp","href":"https:\/\/api.w.org\/{rel}","templated":true}]}}