{"id":7030,"date":"2023-10-12T14:34:57","date_gmt":"2023-10-12T12:34:57","guid":{"rendered":"https:\/\/festivalacko.sk\/archiv\/2023\/?page_id=7030"},"modified":"2023-10-13T11:54:06","modified_gmt":"2023-10-13T09:54:06","slug":"sprievodny-program-2023","status":"publish","type":"page","link":"https:\/\/festivalacko.sk\/archiv\/2023\/sprievodny-program-2023\/","title":{"rendered":"Sprievodn\u00fd program 2023"},"content":{"rendered":"\t\t<div data-elementor-type=\"wp-page\" data-elementor-id=\"7030\" class=\"elementor elementor-7030\" data-elementor-settings=\"[]\">\n\t\t\t\t\t\t<div class=\"elementor-inner\">\n\t\t\t\t\t\t\t<div class=\"elementor-section-wrap\">\n\t\t\t\t\t\t\t<section class=\"has_ma_el_bg_slider elementor-section elementor-top-section elementor-element elementor-element-4c5e1870 elementor-section-full_width elementor-section-height-min-height elementor-section-content-middle elementor-section-height-default elementor-section-items-middle\" data-id=\"4c5e1870\" data-element_type=\"section\" data-settings=\"{&quot;background_background&quot;:&quot;classic&quot;,&quot;background_motion_fx_motion_fx_scrolling&quot;:&quot;yes&quot;,&quot;background_motion_fx_translateY_effect&quot;:&quot;yes&quot;,&quot;background_motion_fx_translateY_direction&quot;:&quot;negative&quot;,&quot;background_motion_fx_translateY_speed&quot;:{&quot;unit&quot;:&quot;px&quot;,&quot;size&quot;:3.899999999999999911182158029987476766109466552734375,&quot;sizes&quot;:[]},&quot;background_motion_fx_devices&quot;:[&quot;tablet&quot;,&quot;mobile&quot;],&quot;background_motion_fx_translateY_affectedRange&quot;:{&quot;unit&quot;:&quot;%&quot;,&quot;size&quot;:&quot;&quot;,&quot;sizes&quot;:{&quot;start&quot;:0,&quot;end&quot;:100}},&quot;_ha_eqh_enable&quot;:false}\">\n\t\t\t\t\t\t<div class=\"elementor-container elementor-column-gap-no\">\n\t\t\t\t\t\t\t<div class=\"elementor-row\">\n\t\t\t\t\t<div class=\"has_ma_el_bg_slider elementor-column elementor-col-100 elementor-top-column elementor-element elementor-element-3a22bbfd\" data-id=\"3a22bbfd\" data-element_type=\"column\">\n\t\t\t<div class=\"elementor-column-wrap elementor-element-populated\">\n\t\t\t\t\t\t\t<div class=\"elementor-widget-wrap\">\n\t\t\t\t\t\t<div class=\"elementor-element elementor-element-ef34e44 elementor-invisible elementor-widget elementor-widget-heading\" data-id=\"ef34e44\" data-element_type=\"widget\" data-settings=\"{&quot;_animation&quot;:&quot;fadeInUp&quot;}\" data-widget_type=\"heading.default\">\n\t\t\t\t<div class=\"elementor-widget-container\">\n\t\t\t<h4 class=\"elementor-heading-title elementor-size-default\"><h3><span class=\"zvetseny-text\"><strong>SPRIEVODN\u00dd PROGRAM <\/strong><\/span><\/h3>\n<\/h4>\t\t<\/div>\n\t\t\t\t<\/div>\n\t\t\t\t<section class=\"has_ma_el_bg_slider elementor-section elementor-inner-section elementor-element elementor-element-c0cfe91 elementor-section-boxed elementor-section-height-default elementor-section-height-default\" data-id=\"c0cfe91\" data-element_type=\"section\" data-settings=\"{&quot;_ha_eqh_enable&quot;:false}\">\n\t\t\t\t\t\t<div class=\"elementor-container elementor-column-gap-default\">\n\t\t\t\t\t\t\t<div class=\"elementor-row\">\n\t\t\t\t\t<div class=\"has_ma_el_bg_slider elementor-column elementor-col-100 elementor-inner-column elementor-element elementor-element-9dfe832\" data-id=\"9dfe832\" data-element_type=\"column\">\n\t\t\t<div class=\"elementor-column-wrap elementor-element-populated\">\n\t\t\t\t\t\t\t<div class=\"elementor-widget-wrap\">\n\t\t\t\t\t\t<div class=\"elementor-element elementor-element-0047a4a elementor-invisible elementor-widget elementor-widget-text-editor\" data-id=\"0047a4a\" data-element_type=\"widget\" data-settings=\"{&quot;_animation&quot;:&quot;fadeInUp&quot;}\" data-widget_type=\"text-editor.default\">\n\t\t\t\t<div class=\"elementor-widget-container\">\n\t\t\t\t\t\t\t\t<div class=\"elementor-text-editor elementor-clearfix\">\n\t\t\t\t<p><b><i>Alexandra Sla\u0161\u0165anov\u00e1 &#8211; Premietanie v\u00ed\u0165aza \u00c1\u010dko 2022 a predn\u00e1\u0161ku k strihu &#8211; MASTERCLASS<\/i><\/b><\/p>\t\t\t\t\t<\/div>\n\t\t\t\t\t\t<\/div>\n\t\t\t\t<\/div>\n\t\t\t\t<div class=\"elementor-element elementor-element-d0ee606 elementor-invisible ha-has-bg-overlay elementor-widget elementor-widget-text-editor\" data-id=\"d0ee606\" data-element_type=\"widget\" data-settings=\"{&quot;_animation&quot;:&quot;fadeInUp&quot;}\" data-widget_type=\"text-editor.default\">\n\t\t\t\t<div class=\"elementor-widget-container\">\n\t\t\t\t\t\t\t\t<div class=\"elementor-text-editor elementor-clearfix\">\n\t\t\t\t<p><span style=\"font-weight: 400;\">\u201cChlieb n\u00e1\u0161 ka\u017edodenn\u00fd\u201d je sn\u00edmok, ktor\u00fd ste u\u017e pravdepodobne videli. Ak v\u0161ak nie, m\u00f4\u017eete si ho pozrie\u0165 pred workshopom, ktor\u00e9ho cie\u013eom je demon\u0161tr\u00e1cia dramaturgie strihovej skladby tohto \u00faspe\u0161n\u00e9ho \u0161tudentsk\u00e9ho filmu z p\u00f4dy na\u0161ej \u0161koly. Masterclass je vhodn\u00fd aj pre \u0161irok\u00fa verejnos\u0165.<\/span><\/p>\t\t\t\t\t<\/div>\n\t\t\t\t\t\t<\/div>\n\t\t\t\t<\/div>\n\t\t\t\t<div class=\"elementor-element elementor-element-7d6c617 elementor-invisible elementor-widget elementor-widget-text-editor\" data-id=\"7d6c617\" data-element_type=\"widget\" data-settings=\"{&quot;_animation&quot;:&quot;fadeInUp&quot;}\" data-widget_type=\"text-editor.default\">\n\t\t\t\t<div class=\"elementor-widget-container\">\n\t\t\t\t\t\t\t\t<div class=\"elementor-text-editor elementor-clearfix\">\n\t\t\t\t<p><b><i>Csilla Szab\u00f3 \u2013 Friedrich Nietzsche x AI \/eng.\/ &#8211; MASTERCLASS<\/i><\/b><\/p>\t\t\t\t\t<\/div>\n\t\t\t\t\t\t<\/div>\n\t\t\t\t<\/div>\n\t\t\t\t\t\t<\/div>\n\t\t\t\t\t<\/div>\n\t\t<\/div>\n\t\t\t\t\t\t\t\t<\/div>\n\t\t\t\t\t<\/div>\n\t\t<\/section>\n\t\t\t\t<section class=\"has_ma_el_bg_slider elementor-section elementor-inner-section elementor-element elementor-element-be198fa elementor-section-boxed elementor-section-height-default elementor-section-height-default\" data-id=\"be198fa\" data-element_type=\"section\" data-settings=\"{&quot;_ha_eqh_enable&quot;:false}\">\n\t\t\t\t\t\t<div class=\"elementor-container elementor-column-gap-default\">\n\t\t\t\t\t\t\t<div class=\"elementor-row\">\n\t\t\t\t\t<div class=\"has_ma_el_bg_slider elementor-column elementor-col-100 elementor-inner-column elementor-element elementor-element-8a39a1c\" data-id=\"8a39a1c\" data-element_type=\"column\">\n\t\t\t<div class=\"elementor-column-wrap elementor-element-populated\">\n\t\t\t\t\t\t\t<div class=\"elementor-widget-wrap\">\n\t\t\t\t\t\t<div class=\"elementor-element elementor-element-fc67f89 elementor-invisible ha-has-bg-overlay elementor-widget elementor-widget-text-editor\" data-id=\"fc67f89\" data-element_type=\"widget\" data-settings=\"{&quot;_animation&quot;:&quot;fadeInUp&quot;}\" data-widget_type=\"text-editor.default\">\n\t\t\t\t<div class=\"elementor-widget-container\">\n\t\t\t\t\t\t\t\t<div class=\"elementor-text-editor elementor-clearfix\">\n\t\t\t\t<p><span style=\"font-weight: 400;\">Ma\u010farsk\u00e1 pedagogi\u010dka Csilla Szab\u00f3 pr\u00edde v piatok porozpr\u00e1va\u0165 nielen o tzv. \u201cFourth Wall\u201d a Nietzschem, ale svoj masterclass prepoj\u00ed aj s umelou inteligenciou. Ukon\u010dila \u0161t\u00fadium dramaturgie na Univerzite divadeln\u00e9ho a filmov\u00e9ho umenia, \u0161tudovala divadeln\u00fa vedu v Mn\u00edchove na Ludwig-Maximilians-Universitaet a dramaturgiu na University of Glasgow. Pracovala ako filmov\u00e1 kriti\u010dka, redaktorka, u\u010dite\u013eka na LMU a scen\u00e1ristiky v Mn\u00edchove. Po n\u00e1vrate do Ma\u010farska p\u00f4sob\u00ed ako pedagogi\u010dka na Univerzite divadeln\u00e9ho a filmov\u00e9ho umenia a ved\u00faca oddelenia v\u00fdvoja scen\u00e1rov v N\u00e1rodnom filmovom in\u0161tit\u00fate v Budape\u0161ti.<\/span><span style=\"font-weight: 400;\"><br \/><\/span><span style=\"font-weight: 400;\">Po masterclasse bude priestor aj na ot\u00e1zky z publika. Masterclass bude v <\/span><span style=\"font-weight: 400;\">anglickom jazyku<\/span><span style=\"font-weight: 400;\">.<\/span><\/p>\t\t\t\t\t<\/div>\n\t\t\t\t\t\t<\/div>\n\t\t\t\t<\/div>\n\t\t\t\t\t\t<\/div>\n\t\t\t\t\t<\/div>\n\t\t<\/div>\n\t\t\t\t\t\t\t\t<\/div>\n\t\t\t\t\t<\/div>\n\t\t<\/section>\n\t\t\t\t<div class=\"elementor-element elementor-element-c44b8cf elementor-invisible elementor-widget elementor-widget-text-editor\" data-id=\"c44b8cf\" data-element_type=\"widget\" data-settings=\"{&quot;_animation&quot;:&quot;fadeInUp&quot;}\" data-widget_type=\"text-editor.default\">\n\t\t\t\t<div class=\"elementor-widget-container\">\n\t\t\t\t\t\t\t\t<div class=\"elementor-text-editor elementor-clearfix\">\n\t\t\t\t<p><b><i>Diana Rennerov\u00e1 a Barbora Ba\u017eik\u00a0 \u2013 greenfilming &#8211; MASTERCLASS<\/i><\/b><\/p>\t\t\t\t\t<\/div>\n\t\t\t\t\t\t<\/div>\n\t\t\t\t<\/div>\n\t\t\t\t<section class=\"has_ma_el_bg_slider elementor-section elementor-inner-section elementor-element elementor-element-90fbad4 elementor-section-boxed elementor-section-height-default elementor-section-height-default\" data-id=\"90fbad4\" data-element_type=\"section\" data-settings=\"{&quot;_ha_eqh_enable&quot;:false}\">\n\t\t\t\t\t\t<div class=\"elementor-container elementor-column-gap-default\">\n\t\t\t\t\t\t\t<div class=\"elementor-row\">\n\t\t\t\t\t<div class=\"has_ma_el_bg_slider elementor-column elementor-col-100 elementor-inner-column elementor-element elementor-element-46ec95a\" data-id=\"46ec95a\" data-element_type=\"column\">\n\t\t\t<div class=\"elementor-column-wrap elementor-element-populated\">\n\t\t\t\t\t\t\t<div class=\"elementor-widget-wrap\">\n\t\t\t\t\t\t<div class=\"elementor-element elementor-element-3d147b5 elementor-invisible ha-has-bg-overlay elementor-widget elementor-widget-text-editor\" data-id=\"3d147b5\" data-element_type=\"widget\" data-settings=\"{&quot;_animation&quot;:&quot;fadeInUp&quot;}\" data-widget_type=\"text-editor.default\">\n\t\t\t\t<div class=\"elementor-widget-container\">\n\t\t\t\t\t\t\t\t<div class=\"elementor-text-editor elementor-clearfix\">\n\t\t\t\t<p><span style=\"font-weight: 400;\">\u201cAccording to the report Screen New Deal, the average big budget film production produces 2,840 tonnes of CO2 equivalent.\u201d BBC<\/span><\/p><p><span style=\"font-weight: 400;\">\u2026 o tom ako filmov\u00fd priemysel produkuje enormn\u00e9 mno\u017estvo odpadu a o tom \u010do s t\u00fdm vieme robi\u0165 u\u017e po\u010das nakr\u00facania \u0161kolsk\u00fdch cvi\u010den\u00ed. Porozpr\u00e1va\u0165 o tom \u010do to greenfilming je pr\u00edde Diana Rennerov\u00e1, certifikovan\u00e1 slovensk\u00e1 greenrunnerka.<\/span><span style=\"font-weight: 400;\"><br \/><\/span><\/p>\t\t\t\t\t<\/div>\n\t\t\t\t\t\t<\/div>\n\t\t\t\t<\/div>\n\t\t\t\t\t\t<\/div>\n\t\t\t\t\t<\/div>\n\t\t<\/div>\n\t\t\t\t\t\t\t\t<\/div>\n\t\t\t\t\t<\/div>\n\t\t<\/section>\n\t\t\t\t<div class=\"elementor-element elementor-element-cfcf2b5 elementor-invisible elementor-widget elementor-widget-text-editor\" data-id=\"cfcf2b5\" data-element_type=\"widget\" data-settings=\"{&quot;_animation&quot;:&quot;fadeInUp&quot;}\" data-widget_type=\"text-editor.default\">\n\t\t\t\t<div class=\"elementor-widget-container\">\n\t\t\t\t\t\t\t\t<div class=\"elementor-text-editor elementor-clearfix\">\n\t\t\t\t<p><b><i>Patrick Horv\u00e1th &#8211; Location scouting &#8211; WORKSHOP<\/i><\/b><\/p>\t\t\t\t\t<\/div>\n\t\t\t\t\t\t<\/div>\n\t\t\t\t<\/div>\n\t\t\t\t<section class=\"has_ma_el_bg_slider elementor-section elementor-inner-section elementor-element elementor-element-dc9cf88 elementor-section-boxed elementor-section-height-default elementor-section-height-default\" data-id=\"dc9cf88\" data-element_type=\"section\" data-settings=\"{&quot;_ha_eqh_enable&quot;:false}\">\n\t\t\t\t\t\t<div class=\"elementor-container elementor-column-gap-default\">\n\t\t\t\t\t\t\t<div class=\"elementor-row\">\n\t\t\t\t\t<div class=\"has_ma_el_bg_slider elementor-column elementor-col-100 elementor-inner-column elementor-element elementor-element-2385b2e\" data-id=\"2385b2e\" data-element_type=\"column\">\n\t\t\t<div class=\"elementor-column-wrap elementor-element-populated\">\n\t\t\t\t\t\t\t<div class=\"elementor-widget-wrap\">\n\t\t\t\t\t\t<div class=\"elementor-element elementor-element-3f4573f elementor-invisible ha-has-bg-overlay elementor-widget elementor-widget-text-editor\" data-id=\"3f4573f\" data-element_type=\"widget\" data-settings=\"{&quot;_animation&quot;:&quot;fadeInUp&quot;}\" data-widget_type=\"text-editor.default\">\n\t\t\t\t<div class=\"elementor-widget-container\">\n\t\t\t\t\t\t\t\t<div class=\"elementor-text-editor elementor-clearfix\">\n\t\t\t\t<p><span style=\"font-weight: 400;\">Ako urobi\u0165 casting na ide\u00e1lnu l\u00faku v z\u00e1vere\u010dnom obraze? Patrick Horv\u00e1th z renomovanej loka\u010dnej firmy <\/span><i><span style=\"font-weight: 400;\">Location Bros<\/span><\/i><span style=\"font-weight: 400;\"> v\u00e1m na tomto workshope zodpovie istotne viac ot\u00e1zok.&nbsp; Lok\u00e1cie s\u00fa predsa len vec \u010dasto bran\u00e1 ako samozrejmos\u0165, av\u0161ak keby neboli prec\u00edzne zvolen\u00e9, v\u00fdsledn\u00fd film by sn\u00e1\u010f ani ned\u00e1val zmysel. \u010ci je to v\u0161ak len o tom ide\u00e1lnu lok\u00e1ciu n\u00e1js\u0165 u\u017e zodpovie Patrick.<\/span><\/p>\t\t\t\t\t<\/div>\n\t\t\t\t\t\t<\/div>\n\t\t\t\t<\/div>\n\t\t\t\t\t\t<\/div>\n\t\t\t\t\t<\/div>\n\t\t<\/div>\n\t\t\t\t\t\t\t\t<\/div>\n\t\t\t\t\t<\/div>\n\t\t<\/section>\n\t\t\t\t<div class=\"elementor-element elementor-element-52a4eb1 elementor-invisible elementor-widget elementor-widget-text-editor\" data-id=\"52a4eb1\" data-element_type=\"widget\" data-settings=\"{&quot;_animation&quot;:&quot;fadeInUp&quot;}\" data-widget_type=\"text-editor.default\">\n\t\t\t\t<div class=\"elementor-widget-container\">\n\t\t\t\t\t\t\t\t<div class=\"elementor-text-editor elementor-clearfix\">\n\t\t\t\t<p><b><i>Kornelia.lo x farby, textil a good vibes &#8211; WORKSHOP<\/i><\/b><\/p>\t\t\t\t\t<\/div>\n\t\t\t\t\t\t<\/div>\n\t\t\t\t<\/div>\n\t\t\t\t<section class=\"has_ma_el_bg_slider elementor-section elementor-inner-section elementor-element elementor-element-9860452 elementor-section-boxed elementor-section-height-default elementor-section-height-default\" data-id=\"9860452\" data-element_type=\"section\" data-settings=\"{&quot;_ha_eqh_enable&quot;:false}\">\n\t\t\t\t\t\t<div class=\"elementor-container elementor-column-gap-default\">\n\t\t\t\t\t\t\t<div class=\"elementor-row\">\n\t\t\t\t\t<div class=\"has_ma_el_bg_slider elementor-column elementor-col-100 elementor-inner-column elementor-element elementor-element-8403761\" data-id=\"8403761\" data-element_type=\"column\">\n\t\t\t<div class=\"elementor-column-wrap elementor-element-populated\">\n\t\t\t\t\t\t\t<div class=\"elementor-widget-wrap\">\n\t\t\t\t\t\t<div class=\"elementor-element elementor-element-6285e39 elementor-invisible ha-has-bg-overlay elementor-widget elementor-widget-text-editor\" data-id=\"6285e39\" data-element_type=\"widget\" data-settings=\"{&quot;_animation&quot;:&quot;fadeInUp&quot;}\" data-widget_type=\"text-editor.default\">\n\t\t\t\t<div class=\"elementor-widget-container\">\n\t\t\t\t\t\t\t\t<div class=\"elementor-text-editor elementor-clearfix\">\n\t\t\t\t<p><span style=\"font-weight: 400;\">Ma\u013eova\u0165 sa nemus\u00ed len farbou, niekedy sta\u010d\u00ed hrdza, k\u00e1va alebo miner\u00e1ly. A textil to nie je len oble\u010denie, ale in\u00fd druh pl\u00e1tna \u2026 pr\u00ed\u010fte na kreat\u00edvny workshop kde budeme fyzicky vytv\u00e1ra\u0165, rozpr\u00e1va\u0165 sa, vzdel\u00e1va\u0165 a spozn\u00e1va\u0165 sa. Korn\u00e9lia v\u00e1m povie ako k tejto technike pri\u0161la a vy dostanete priestor sk\u00fasi\u0165 si ju tie\u017e. K\u00fasok, ktor\u00fd si vytvor\u00edte v\u00e1m samozrejme zostane.<\/span><\/p>\t\t\t\t\t<\/div>\n\t\t\t\t\t\t<\/div>\n\t\t\t\t<\/div>\n\t\t\t\t\t\t<\/div>\n\t\t\t\t\t<\/div>\n\t\t<\/div>\n\t\t\t\t\t\t\t\t<\/div>\n\t\t\t\t\t<\/div>\n\t\t<\/section>\n\t\t\t\t<section class=\"has_ma_el_bg_slider elementor-section elementor-inner-section elementor-element elementor-element-19978a1 elementor-section-boxed elementor-section-height-default elementor-section-height-default\" data-id=\"19978a1\" data-element_type=\"section\" data-settings=\"{&quot;_ha_eqh_enable&quot;:false}\">\n\t\t\t\t\t\t<div class=\"elementor-container elementor-column-gap-default\">\n\t\t\t\t\t\t\t<div class=\"elementor-row\">\n\t\t\t\t\t<div class=\"has_ma_el_bg_slider elementor-column elementor-col-100 elementor-inner-column elementor-element elementor-element-7ad4623\" data-id=\"7ad4623\" data-element_type=\"column\">\n\t\t\t<div class=\"elementor-column-wrap elementor-element-populated\">\n\t\t\t\t\t\t\t<div class=\"elementor-widget-wrap\">\n\t\t\t\t\t\t<div class=\"elementor-element elementor-element-8660a60 elementor-invisible elementor-widget elementor-widget-text-editor\" data-id=\"8660a60\" data-element_type=\"widget\" data-settings=\"{&quot;_animation&quot;:&quot;fadeInUp&quot;}\" data-widget_type=\"text-editor.default\">\n\t\t\t\t<div class=\"elementor-widget-container\">\n\t\t\t\t\t\t\t\t<div class=\"elementor-text-editor elementor-clearfix\">\n\t\t\t\t<p><b><i>Daniel Kont\u00fa\u013e &#8211; Workshop ateli\u00e9rov\u00e9ho svietenia &#8211; WORKSHOP<\/i><\/b><\/p>\t\t\t\t\t<\/div>\n\t\t\t\t\t\t<\/div>\n\t\t\t\t<\/div>\n\t\t\t\t\t\t<\/div>\n\t\t\t\t\t<\/div>\n\t\t<\/div>\n\t\t\t\t\t\t\t\t<\/div>\n\t\t\t\t\t<\/div>\n\t\t<\/section>\n\t\t\t\t<section class=\"has_ma_el_bg_slider elementor-section elementor-inner-section elementor-element elementor-element-ce3e177 elementor-section-boxed elementor-section-height-default elementor-section-height-default\" data-id=\"ce3e177\" data-element_type=\"section\" data-settings=\"{&quot;_ha_eqh_enable&quot;:false}\">\n\t\t\t\t\t\t<div class=\"elementor-container elementor-column-gap-default\">\n\t\t\t\t\t\t\t<div class=\"elementor-row\">\n\t\t\t\t\t<div class=\"has_ma_el_bg_slider elementor-column elementor-col-100 elementor-inner-column elementor-element elementor-element-5c6aa0f\" data-id=\"5c6aa0f\" data-element_type=\"column\">\n\t\t\t<div class=\"elementor-column-wrap elementor-element-populated\">\n\t\t\t\t\t\t\t<div class=\"elementor-widget-wrap\">\n\t\t\t\t\t\t<div class=\"elementor-element elementor-element-6beb856 elementor-invisible ha-has-bg-overlay elementor-widget elementor-widget-text-editor\" data-id=\"6beb856\" data-element_type=\"widget\" data-settings=\"{&quot;_animation&quot;:&quot;fadeInUp&quot;}\" data-widget_type=\"text-editor.default\">\n\t\t\t\t<div class=\"elementor-widget-container\">\n\t\t\t\t\t\t\t\t<div class=\"elementor-text-editor elementor-clearfix\">\n\t\t\t\t<p><span style=\"font-weight: 400;\">Daniela mo\u017eno mnoh\u00ed pozn\u00e1te z <\/span><i><span style=\"font-weight: 400;\">Filmariny<\/span><\/i><span style=\"font-weight: 400;\">, av\u0161ak na jeho workshope svietenie ste pravdepodobne mnoh\u00ed neboli. Ak sa chcete dozvedie\u0165 pre\u010do sa \u201c\u010dak\u00e1 na svetl\u00e1\u201d alebo ako s jednotliv\u00fdmi svetlami a pr\u00edslu\u0161enstvom k nim manipulova\u0165, pr\u00ed\u010fte v piatok do Ve\u013ek\u00e9ho ateli\u00e9ru FTF V\u0160MU.<\/span><\/p>\t\t\t\t\t<\/div>\n\t\t\t\t\t\t<\/div>\n\t\t\t\t<\/div>\n\t\t\t\t\t\t<\/div>\n\t\t\t\t\t<\/div>\n\t\t<\/div>\n\t\t\t\t\t\t\t\t<\/div>\n\t\t\t\t\t<\/div>\n\t\t<\/section>\n\t\t\t\t<div class=\"elementor-element elementor-element-0e9f1e0 elementor-invisible elementor-widget elementor-widget-text-editor\" data-id=\"0e9f1e0\" data-element_type=\"widget\" data-settings=\"{&quot;_animation&quot;:&quot;fadeInUp&quot;}\" data-widget_type=\"text-editor.default\">\n\t\t\t\t<div class=\"elementor-widget-container\">\n\t\t\t\t\t\t\t\t<div class=\"elementor-text-editor elementor-clearfix\">\n\t\t\t\t<p><b><i>Veronika Ragan a Ksebe \u2013 vyhoreNIE &#8211; DISKUSIA<\/i><\/b><\/p>\t\t\t\t\t<\/div>\n\t\t\t\t\t\t<\/div>\n\t\t\t\t<\/div>\n\t\t\t\t<section class=\"has_ma_el_bg_slider elementor-section elementor-inner-section elementor-element elementor-element-77633c1 elementor-section-boxed elementor-section-height-default elementor-section-height-default\" data-id=\"77633c1\" data-element_type=\"section\" data-settings=\"{&quot;_ha_eqh_enable&quot;:false}\">\n\t\t\t\t\t\t<div class=\"elementor-container elementor-column-gap-default\">\n\t\t\t\t\t\t\t<div class=\"elementor-row\">\n\t\t\t\t\t<div class=\"has_ma_el_bg_slider elementor-column elementor-col-100 elementor-inner-column elementor-element elementor-element-c880fd7\" data-id=\"c880fd7\" data-element_type=\"column\">\n\t\t\t<div class=\"elementor-column-wrap elementor-element-populated\">\n\t\t\t\t\t\t\t<div class=\"elementor-widget-wrap\">\n\t\t\t\t\t\t<div class=\"elementor-element elementor-element-f0bd6a1 elementor-invisible ha-has-bg-overlay elementor-widget elementor-widget-text-editor\" data-id=\"f0bd6a1\" data-element_type=\"widget\" data-settings=\"{&quot;_animation&quot;:&quot;fadeInUp&quot;}\" data-widget_type=\"text-editor.default\">\n\t\t\t\t<div class=\"elementor-widget-container\">\n\t\t\t\t\t\t\t\t<div class=\"elementor-text-editor elementor-clearfix\">\n\t\t\t\t<p><span style=\"font-weight: 400;\">Veronika Ragan je psychologi\u010dka zn\u00e1ma aj zo soci\u00e1lnych siet\u00ed a zdru\u017eenie Ksebe v spojitosti s ment\u00e1lnym zdrav\u00edm predstavova\u0165 azda ani netreba. Spolu n\u00e1m pr\u00eddu pribl\u00ed\u017ei\u0165 pr\u00e1ve t\u00e9mu vyhorenia, ktor\u00e1 je pri film\u00e1r\u010den\u00ed \u017eia\u013e v\u00f4bec nie tak ojedinel\u00e1, ako by sme si priali. Priestor dostan\u00fa aj ot\u00e1zky z publika.<\/span><\/p>\t\t\t\t\t<\/div>\n\t\t\t\t\t\t<\/div>\n\t\t\t\t<\/div>\n\t\t\t\t\t\t<\/div>\n\t\t\t\t\t<\/div>\n\t\t<\/div>\n\t\t\t\t\t\t\t\t<\/div>\n\t\t\t\t\t<\/div>\n\t\t<\/section>\n\t\t\t\t<div class=\"elementor-element elementor-element-96a6346 elementor-invisible elementor-widget elementor-widget-text-editor\" data-id=\"96a6346\" data-element_type=\"widget\" data-settings=\"{&quot;_animation&quot;:&quot;fadeInUp&quot;}\" data-widget_type=\"text-editor.default\">\n\t\t\t\t<div class=\"elementor-widget-container\">\n\t\t\t\t\t\t\t\t<div class=\"elementor-text-editor elementor-clearfix\">\n\t\t\t\t\t\t\t\t\t<\/div>\n\t\t\t\t\t\t<\/div>\n\t\t\t\t<\/div>\n\t\t\t\t<section class=\"has_ma_el_bg_slider elementor-section elementor-inner-section elementor-element elementor-element-3b85425 elementor-section-boxed elementor-section-height-default elementor-section-height-default\" data-id=\"3b85425\" data-element_type=\"section\" data-settings=\"{&quot;_ha_eqh_enable&quot;:false}\">\n\t\t\t\t\t\t<div class=\"elementor-container elementor-column-gap-default\">\n\t\t\t\t\t\t\t<div class=\"elementor-row\">\n\t\t\t\t\t<div class=\"has_ma_el_bg_slider elementor-column elementor-col-100 elementor-inner-column elementor-element elementor-element-c9d83f6\" data-id=\"c9d83f6\" data-element_type=\"column\">\n\t\t\t<div class=\"elementor-column-wrap elementor-element-populated\">\n\t\t\t\t\t\t\t<div class=\"elementor-widget-wrap\">\n\t\t\t\t\t\t<div class=\"elementor-element elementor-element-fbebf5a elementor-invisible elementor-widget elementor-widget-text-editor\" data-id=\"fbebf5a\" data-element_type=\"widget\" data-settings=\"{&quot;_animation&quot;:&quot;fadeInUp&quot;}\" data-widget_type=\"text-editor.default\">\n\t\t\t\t<div class=\"elementor-widget-container\">\n\t\t\t\t\t\t\t\t<div class=\"elementor-text-editor elementor-clearfix\">\n\t\t\t\t<p><b><i>Samo Ja\u0161ko a Anna B\u00edla\u00a0 &#8211; Realita vs. Reality show &#8211; DISKUSIA<\/i><\/b><\/p>\t\t\t\t\t<\/div>\n\t\t\t\t\t\t<\/div>\n\t\t\t\t<\/div>\n\t\t\t\t<div class=\"elementor-element elementor-element-a7d017d elementor-invisible ha-has-bg-overlay elementor-widget elementor-widget-text-editor\" data-id=\"a7d017d\" data-element_type=\"widget\" data-settings=\"{&quot;_animation&quot;:&quot;fadeInUp&quot;}\" data-widget_type=\"text-editor.default\">\n\t\t\t\t<div class=\"elementor-widget-container\">\n\t\t\t\t\t\t\t\t<div class=\"elementor-text-editor elementor-clearfix\">\n\t\t\t\t<p><span style=\"font-weight: 400;\">Samo Ja\u0161ko je \u00faspe\u0161n\u00fd kreat\u00edvny producent v TV Mark\u00edza a absolvent V\u0160MU. Anna B\u00edla je \u010desk\u00e1 expertka na telev\u00edzne a rozhlasov\u00e9 \u0161t\u00fadia. Po\u010das ich spolo\u010dnej diskusie sa budeme venova\u0165 prim\u00e1rne aktu\u00e1lnemu div\u00e1ckemu trh\u00e1ku Love Island, z ktor\u00e9ho Samo odletel aby n\u00e1m mohol realitu nielen tejto reality show osobne pribl\u00ed\u017ei\u0165.<\/span><\/p>\t\t\t\t\t<\/div>\n\t\t\t\t\t\t<\/div>\n\t\t\t\t<\/div>\n\t\t\t\t\t\t<\/div>\n\t\t\t\t\t<\/div>\n\t\t<\/div>\n\t\t\t\t\t\t\t\t<\/div>\n\t\t\t\t\t<\/div>\n\t\t<\/section>\n\t\t\t\t<section class=\"has_ma_el_bg_slider elementor-section elementor-inner-section elementor-element elementor-element-2299b2b elementor-section-boxed elementor-section-height-default elementor-section-height-default\" data-id=\"2299b2b\" data-element_type=\"section\" data-settings=\"{&quot;_ha_eqh_enable&quot;:false}\">\n\t\t\t\t\t\t<div class=\"elementor-container elementor-column-gap-default\">\n\t\t\t\t\t\t\t<div class=\"elementor-row\">\n\t\t\t\t\t<div class=\"has_ma_el_bg_slider elementor-column elementor-col-100 elementor-inner-column elementor-element elementor-element-d2cb288\" data-id=\"d2cb288\" data-element_type=\"column\">\n\t\t\t<div class=\"elementor-column-wrap elementor-element-populated\">\n\t\t\t\t\t\t\t<div class=\"elementor-widget-wrap\">\n\t\t\t\t\t\t<div class=\"elementor-element elementor-element-f35d180 elementor-invisible elementor-widget elementor-widget-text-editor\" data-id=\"f35d180\" data-element_type=\"widget\" data-settings=\"{&quot;_animation&quot;:&quot;fadeInUp&quot;}\" data-widget_type=\"text-editor.default\">\n\t\t\t\t<div class=\"elementor-widget-container\">\n\t\t\t\t\t\t\t\t<div class=\"elementor-text-editor elementor-clearfix\">\n\t\t\t\t<p><b><i>Juraj Mravec a Ivan Koribani\u010d \u2013 O \u00fazem\u00ed\u2026\u00a0 &#8211; DISKUSIA<\/i><\/b><\/p>\t\t\t\t\t<\/div>\n\t\t\t\t\t\t<\/div>\n\t\t\t\t<\/div>\n\t\t\t\t<div class=\"elementor-element elementor-element-bb98913 elementor-invisible ha-has-bg-overlay elementor-widget elementor-widget-text-editor\" data-id=\"bb98913\" data-element_type=\"widget\" data-settings=\"{&quot;_animation&quot;:&quot;fadeInUp&quot;}\" data-widget_type=\"text-editor.default\">\n\t\t\t\t<div class=\"elementor-widget-container\">\n\t\t\t\t\t\t\t\t<div class=\"elementor-text-editor elementor-clearfix\">\n\t\t\t\t<p><span style=\"font-weight: 400;\">Juraj Mravec je vojnov\u00fd kameraman a absolvent V\u0160MU. Ivan Koribani\u010d je \u010derstv\u00fd absolvent r\u00e9\u017eie dokument\u00e1rneho filmu. Obaja sa zaoberaj\u00fa tematikou Ukrajiny u\u017e cel\u00e9 mesiace, pravidelne osobne nav\u0161tevuj\u00fa front, poznaj\u00fa civilistov i vojakov. Videli vojnu, o ktorej mnoh\u00ed z n\u00e1s len po\u010duli. Diskusia bude veden\u00e1 report\u00e9rom Adelom Ghannamom.<\/span><\/p>\t\t\t\t\t<\/div>\n\t\t\t\t\t\t<\/div>\n\t\t\t\t<\/div>\n\t\t\t\t\t\t<\/div>\n\t\t\t\t\t<\/div>\n\t\t<\/div>\n\t\t\t\t\t\t\t\t<\/div>\n\t\t\t\t\t<\/div>\n\t\t<\/section>\n\t\t\t\t<div class=\"elementor-element elementor-element-d9a2554 elementor-invisible elementor-widget elementor-widget-text-editor\" data-id=\"d9a2554\" data-element_type=\"widget\" data-settings=\"{&quot;_animation&quot;:&quot;fadeInUp&quot;}\" data-widget_type=\"text-editor.default\">\n\t\t\t\t<div class=\"elementor-widget-container\">\n\t\t\t\t\t\t\t\t<div class=\"elementor-text-editor elementor-clearfix\">\n\t\t\t\t<p><b><i>Dajen Blatnick\u00e1 a Valent\u00edna \u0160imkov\u00e1 &#8211;\u00a0 Kasting vs. Kastingovka<\/i><\/b> <b><i>&#8211; DISKUSIA<\/i><\/b><\/p>\t\t\t\t\t<\/div>\n\t\t\t\t\t\t<\/div>\n\t\t\t\t<\/div>\n\t\t\t\t<section class=\"has_ma_el_bg_slider elementor-section elementor-inner-section elementor-element elementor-element-a2f7fac elementor-section-boxed elementor-section-height-default elementor-section-height-default\" data-id=\"a2f7fac\" data-element_type=\"section\" data-settings=\"{&quot;_ha_eqh_enable&quot;:false}\">\n\t\t\t\t\t\t<div class=\"elementor-container elementor-column-gap-default\">\n\t\t\t\t\t\t\t<div class=\"elementor-row\">\n\t\t\t\t\t<div class=\"has_ma_el_bg_slider elementor-column elementor-col-100 elementor-inner-column elementor-element elementor-element-8a17bc7\" data-id=\"8a17bc7\" data-element_type=\"column\">\n\t\t\t<div class=\"elementor-column-wrap elementor-element-populated\">\n\t\t\t\t\t\t\t<div class=\"elementor-widget-wrap\">\n\t\t\t\t\t\t<div class=\"elementor-element elementor-element-276176c elementor-invisible ha-has-bg-overlay elementor-widget elementor-widget-text-editor\" data-id=\"276176c\" data-element_type=\"widget\" data-settings=\"{&quot;_animation&quot;:&quot;fadeInUp&quot;}\" data-widget_type=\"text-editor.default\">\n\t\t\t\t<div class=\"elementor-widget-container\">\n\t\t\t\t\t\t\t\t<div class=\"elementor-text-editor elementor-clearfix\">\n\t\t\t\t<p><span style=\"font-weight: 400;\">Dajen a Valent\u00edna stoja na \u010dele najv\u00e4\u010d\u0161ej komparzovej a kastingovej datab\u00e1zy na Slovensku &#8211; <\/span><i><span style=\"font-weight: 400;\">Casting Bratislava<\/span><\/i><span style=\"font-weight: 400;\">. Pravidelne sa stret\u00e1vaj\u00fa s producentmi, re\u017eis\u00e9rmi, hercami, pre\u010d\u00edtali nespo\u010detne ve\u013ea scen\u00e1rov a po\u010duli stovky pr\u00edbehov na kastingu aj na p\u013eaci. Po\u010das diskusie moderovanej Vikt\u00f3riou Vadovi\u010dovou preberieme n\u00e1pl\u0148 pr\u00e1ce kastingov\u00e9ho re\u017eis\u00e9ra, ale aj priebeh kastingu a rolu kastingovej agent\u00fary ako takej.<\/span><\/p>\t\t\t\t\t<\/div>\n\t\t\t\t\t\t<\/div>\n\t\t\t\t<\/div>\n\t\t\t\t\t\t<\/div>\n\t\t\t\t\t<\/div>\n\t\t<\/div>\n\t\t\t\t\t\t\t\t<\/div>\n\t\t\t\t\t<\/div>\n\t\t<\/section>\n\t\t\t\t<div class=\"elementor-element elementor-element-6d41881 elementor-invisible elementor-widget elementor-widget-text-editor\" data-id=\"6d41881\" data-element_type=\"widget\" data-settings=\"{&quot;_animation&quot;:&quot;fadeInUp&quot;}\" data-widget_type=\"text-editor.default\">\n\t\t\t\t<div class=\"elementor-widget-container\">\n\t\t\t\t\t\t\t\t<div class=\"elementor-text-editor elementor-clearfix\">\n\t\t\t\t<p><b><i>O\u010dami zavret\u00fdmi + otv\u00e1rac\u00ed ceremoni\u00e1l<\/i><\/b><\/p>\t\t\t\t\t<\/div>\n\t\t\t\t\t\t<\/div>\n\t\t\t\t<\/div>\n\t\t\t\t<section class=\"has_ma_el_bg_slider elementor-section elementor-inner-section elementor-element elementor-element-6e5f853 elementor-section-boxed elementor-section-height-default elementor-section-height-default\" data-id=\"6e5f853\" data-element_type=\"section\" data-settings=\"{&quot;_ha_eqh_enable&quot;:false}\">\n\t\t\t\t\t\t<div class=\"elementor-container elementor-column-gap-default\">\n\t\t\t\t\t\t\t<div class=\"elementor-row\">\n\t\t\t\t\t<div class=\"has_ma_el_bg_slider elementor-column elementor-col-100 elementor-inner-column elementor-element elementor-element-5202648\" data-id=\"5202648\" data-element_type=\"column\">\n\t\t\t<div class=\"elementor-column-wrap elementor-element-populated\">\n\t\t\t\t\t\t\t<div class=\"elementor-widget-wrap\">\n\t\t\t\t\t\t<div class=\"elementor-element elementor-element-611be2f elementor-invisible ha-has-bg-overlay elementor-widget elementor-widget-text-editor\" data-id=\"611be2f\" data-element_type=\"widget\" data-settings=\"{&quot;_animation&quot;:&quot;fadeInUp&quot;}\" data-widget_type=\"text-editor.default\">\n\t\t\t\t<div class=\"elementor-widget-container\">\n\t\t\t\t\t\t\t\t<div class=\"elementor-text-editor elementor-clearfix\">\n\t\t\t\t<p><span style=\"font-weight: 400;\">\u201cZ\u00e1merom bolo spoji\u0165 \u0161tudentov tanca a filmu, ktor\u00ed chc\u00fa b\u00fara\u0165 hranice. Chc\u00fa spolupracova\u0165 a chc\u00fa tvori\u0165. Teraz si e\u0161te mus\u00edme z\u00edska\u0165 publikum. Niekoho, koho bav\u00ed pos\u00fava\u0165 hranice. Kto sa nevyd\u00e1 naj\u013eah\u0161ou cestou. Niekoho, kto r\u00e1d sk\u00fa\u0161a nov\u00e9 veci. H\u013ead\u00e1me publikum, ktor\u00e9 by chcelo podpori\u0165 umenie, \u0161tudentov, za\u010d\u00ednaj\u00facich profesion\u00e1lov.\u201d\u00a0 Val o O\u010dami zavret\u00fdmi<\/span><\/p>\t\t\t\t\t<\/div>\n\t\t\t\t\t\t<\/div>\n\t\t\t\t<\/div>\n\t\t\t\t\t\t<\/div>\n\t\t\t\t\t<\/div>\n\t\t<\/div>\n\t\t\t\t\t\t\t\t<\/div>\n\t\t\t\t\t<\/div>\n\t\t<\/section>\n\t\t\t\t\t\t<\/div>\n\t\t\t\t\t<\/div>\n\t\t<\/div>\n\t\t\t\t\t\t\t\t<\/div>\n\t\t\t\t\t<\/div>\n\t\t<\/section>\n\t\t\t\t\t\t<\/div>\n\t\t\t\t\t\t<\/div>\n\t\t\t\t\t<\/div>\n\t\t","protected":false},"excerpt":{"rendered":"<p>SPRIEVODN\u00dd PROGRAM Alexandra Sla\u0161\u0165anov\u00e1 &#8211; Premietanie v\u00ed\u0165aza \u00c1\u010dko 2022 a predn\u00e1\u0161ku k strihu &#8211; MASTERCLASS \u201cChlieb n\u00e1\u0161 ka\u017edodenn\u00fd\u201d je sn\u00edmok, ktor\u00fd ste u\u017e pravdepodobne videli. Ak v\u0161ak nie, m\u00f4\u017eete si ho pozrie\u0165 pred workshopom, ktor\u00e9ho cie\u013eom je demon\u0161tr\u00e1cia dramaturgie strihovej skladby tohto \u00faspe\u0161n\u00e9ho \u0161tudentsk\u00e9ho filmu z p\u00f4dy na\u0161ej \u0161koly. Masterclass je vhodn\u00fd aj pre \u0161irok\u00fa &hellip; <\/p>\n<p class=\"link-more\"><a href=\"https:\/\/festivalacko.sk\/archiv\/2023\/sprievodny-program-2023\/\" class=\"more-link\">Pokra\u010dova\u0165 v \u010d\u00edtan\u00ed<span class=\"screen-reader-text\"> &#8220;Sprievodn\u00fd program 2023&#8221;<\/span><\/a><\/p>\n","protected":false},"author":1,"featured_media":0,"parent":0,"menu_order":0,"comment_status":"closed","ping_status":"closed","template":"elementor_header_footer","meta":{"_uag_custom_page_level_css":"","_monsterinsights_skip_tracking":false,"_monsterinsights_sitenote_active":false,"_monsterinsights_sitenote_note":"","_monsterinsights_sitenote_category":0},"uagb_featured_image_src":{"full":false,"thumbnail":false,"medium":false,"medium_large":false,"large":false,"master_addons_team_thumb":false,"1536x1536":false,"2048x2048":false,"post-thumbnail":false},"uagb_author_info":{"display_name":"festivalacko","author_link":"https:\/\/festivalacko.sk\/archiv\/2023\/author\/festivalacko\/"},"uagb_comment_info":0,"uagb_excerpt":"SPRIEVODN\u00dd PROGRAM Alexandra Sla\u0161\u0165anov\u00e1 &#8211; Premietanie v\u00ed\u0165aza \u00c1\u010dko 2022 a predn\u00e1\u0161ku k strihu &#8211; MASTERCLASS \u201cChlieb n\u00e1\u0161 ka\u017edodenn\u00fd\u201d je sn\u00edmok, ktor\u00fd ste u\u017e pravdepodobne videli. Ak v\u0161ak nie, m\u00f4\u017eete si ho pozrie\u0165 pred workshopom, ktor\u00e9ho cie\u013eom je demon\u0161tr\u00e1cia dramaturgie strihovej skladby tohto \u00faspe\u0161n\u00e9ho \u0161tudentsk\u00e9ho filmu z p\u00f4dy na\u0161ej \u0161koly. Masterclass je vhodn\u00fd aj pre \u0161irok\u00fa&hellip;","_links":{"self":[{"href":"https:\/\/festivalacko.sk\/archiv\/2023\/wp-json\/wp\/v2\/pages\/7030"}],"collection":[{"href":"https:\/\/festivalacko.sk\/archiv\/2023\/wp-json\/wp\/v2\/pages"}],"about":[{"href":"https:\/\/festivalacko.sk\/archiv\/2023\/wp-json\/wp\/v2\/types\/page"}],"author":[{"embeddable":true,"href":"https:\/\/festivalacko.sk\/archiv\/2023\/wp-json\/wp\/v2\/users\/1"}],"replies":[{"embeddable":true,"href":"https:\/\/festivalacko.sk\/archiv\/2023\/wp-json\/wp\/v2\/comments?post=7030"}],"version-history":[{"count":6,"href":"https:\/\/festivalacko.sk\/archiv\/2023\/wp-json\/wp\/v2\/pages\/7030\/revisions"}],"predecessor-version":[{"id":7072,"href":"https:\/\/festivalacko.sk\/archiv\/2023\/wp-json\/wp\/v2\/pages\/7030\/revisions\/7072"}],"wp:attachment":[{"href":"https:\/\/festivalacko.sk\/archiv\/2023\/wp-json\/wp\/v2\/media?parent=7030"}],"curies":[{"name":"wp","href":"https:\/\/api.w.org\/{rel}","templated":true}]}}