{"id":563,"date":"2024-10-10T19:34:11","date_gmt":"2024-10-10T17:34:11","guid":{"rendered":"https:\/\/festivalacko.sk\/archiv\/2024\/?post_type=movie&#038;p=563"},"modified":"2024-10-23T12:03:43","modified_gmt":"2024-10-23T10:03:43","slug":"diery","status":"publish","type":"movie","link":"https:\/\/festivalacko.sk\/archiv\/2024\/movie\/diery\/","title":{"rendered":"Diery"},"content":{"rendered":"\n<p>Film Diery zachyt\u00e1va pr\u00edbeh (ne)podarenej vesm\u00edrnej exped\u00edcie. Dvaja tajupln\u00ed kozmonauti pristan\u00fa na lepivom povrchu ak\u00e9hosi zvl\u00e1\u0161tneho Mesiaca s \u00famyslom si toto vesm\u00edrne teleso prisvoji\u0165. Av\u0161ak hne\u010f po hladkom prist\u00e1t\u00ed ich jeho obyvatelia presved\u010dia, \u017ee to tak \u013eahko nep\u00f4jde. Mesiac sa toti\u017e hem\u017e\u00ed hr\u00f4zostra\u0161n\u00fdmi stvoreniami, ktor\u00e9 si svoj domov len tak nedaj\u00fa.<\/p>\n\n\n\n<p>minut\u00e1\u017e: 4 min.<\/p>\n\n\n\n<p>r\u00e9\u017eia a anim\u00e1cia: Wanda Przeworska, \u0160tefan Van\u010d\u00edk, Patr\u00edcia Sur\u00e1kov\u00e1, Patrik Marcib\u00e1nyi, Petra \u0160kult\u00e9tyov\u00e1, Nat\u00e1lia Krivdov\u00e1<br>scen\u00e1r: Patrik Pa\u0161\u0161<br>umeleck\u00fd striha\u010d: Patrik Marcib\u00e1nyi<br>majster zvuku: Oliver Przeworski<\/p>\n","protected":false},"featured_media":538,"template":"","meta":{"footnotes":""},"pasmo":[9],"class_list":["post-563","movie","type-movie","status-publish","has-post-thumbnail","hentry","pasmo-indigo"],"acf":[],"_links":{"self":[{"href":"https:\/\/festivalacko.sk\/archiv\/2024\/wp-json\/wp\/v2\/movie\/563","targetHints":{"allow":["GET"]}}],"collection":[{"href":"https:\/\/festivalacko.sk\/archiv\/2024\/wp-json\/wp\/v2\/movie"}],"about":[{"href":"https:\/\/festivalacko.sk\/archiv\/2024\/wp-json\/wp\/v2\/types\/movie"}],"version-history":[{"count":1,"href":"https:\/\/festivalacko.sk\/archiv\/2024\/wp-json\/wp\/v2\/movie\/563\/revisions"}],"predecessor-version":[{"id":910,"href":"https:\/\/festivalacko.sk\/archiv\/2024\/wp-json\/wp\/v2\/movie\/563\/revisions\/910"}],"wp:featuredmedia":[{"embeddable":true,"href":"https:\/\/festivalacko.sk\/archiv\/2024\/wp-json\/wp\/v2\/media\/538"}],"wp:attachment":[{"href":"https:\/\/festivalacko.sk\/archiv\/2024\/wp-json\/wp\/v2\/media?parent=563"}],"wp:term":[{"taxonomy":"pasmo","embeddable":true,"href":"https:\/\/festivalacko.sk\/archiv\/2024\/wp-json\/wp\/v2\/pasmo?post=563"}],"curies":[{"name":"wp","href":"https:\/\/api.w.org\/{rel}","templated":true}]}}