{"id":568,"date":"2024-10-10T19:36:08","date_gmt":"2024-10-10T17:36:08","guid":{"rendered":"https:\/\/festivalacko.sk\/archiv\/2024\/?post_type=movie&#038;p=568"},"modified":"2024-10-23T12:02:52","modified_gmt":"2024-10-23T10:02:52","slug":"dum-strach","status":"publish","type":"movie","link":"https:\/\/festivalacko.sk\/archiv\/2024\/movie\/dum-strach\/","title":{"rendered":"D\u016fm Strach"},"content":{"rendered":"\n<p>Film D\u016fm Strach je inspirov\u00e1n jednou z\u202f \u017eivotn\u00edch f\u00e1z\u00ed b\u00e1sn\u00edka Jana Zahradn\u00ed\u010dka, perzekvovan\u00e9ho komunistick\u00fdm re\u017eimem v\u202f \u010ceskoslovensku v\u202f 50. letech 20. stolet\u00ed. D\u011bj se odehr\u00e1v\u00e1 v\u202fdob\u011b jeho v\u011bzn\u011bn\u00ed, v \u202fjeho\u017e pr\u016fb\u011bhu zem\u0159ely jeho mal\u00e9 dcerky na otravu houbami z\u202fd\u016fvodu nedostatku prost\u0159edk\u016f na \u017eivobyt\u00ed a vyhn\u00e1n\u00ed z \u202frodinn\u00e9ho domu. Mu\u017e (JZ) je internov\u00e1n ve v\u011bznici, kde totalitn\u00ed moc symbolizuje \u201eRudoch\u201c (zhmotn\u011bn\u00fd rud\u00fd prapor). D\u011bj je kombinac\u00ed re\u00e1ln\u00e9ho stereotypn\u00edho \u017eivota v\u202fcele, kde z\u00e1stupce moci ub\u00edj\u00ed ve\u0161ker\u00e9 spojen\u00ed s\u202f\u017eivotem mimo ni (Stop motion), a snov\u00fdch viz\u00ed vracej\u00edc\u00edch mu\u017ee k\u202fminul\u00e9mu \u017eivotu, k\u202frodin\u011b zastoupen\u00e9 malou dcerou, k\u202fml\u00e1d\u00ed (symbolick\u00fd herb\u00e1\u0159, jeho\u017e prodejem si vyd\u011blal na sv\u00e9 psan\u00ed b\u00e1sn\u00ed). Dcera a herb\u00e1\u0159 mu umo\u017e\u0148uj\u00ed alespo\u0148 chvilkov\u00e9 \u00faniky z\u202fhr\u016fzn\u00e9 reality do jeho vnit\u0159n\u00edho sv\u011bta<\/p>\n\n\n\n<p>minut\u00e1\u017e: 12 min.<\/p>\n\n\n\n<p>v\u00fdkonn\u00e1 producentka: Barbora Lehotsk\u00e1<br>scen\u00e1r a r\u00e9\u017eia: \u0160arlota Ema Hor\u00e1\u010dkov\u00e1<br>scen\u00e1r: \u0160arlota Ema Hor\u00e1\u010dkov\u00e1<br>hlavn\u00fd kameraman: Jarom\u00edr Moty\u010dka<br>umeleck\u00fd striha\u010d: Martin Kasala<br>majster zvuku: Richard Zbit\u00e1k<br>vizu\u00e1lne efekty: Michal Fajta<br>hudobn\u00fd skladate\u013e: Luk\u00e1\u0161 Deviatka<\/p>\n","protected":false},"featured_media":539,"template":"","meta":{"footnotes":""},"pasmo":[9],"class_list":["post-568","movie","type-movie","status-publish","has-post-thumbnail","hentry","pasmo-indigo"],"acf":[],"_links":{"self":[{"href":"https:\/\/festivalacko.sk\/archiv\/2024\/wp-json\/wp\/v2\/movie\/568","targetHints":{"allow":["GET"]}}],"collection":[{"href":"https:\/\/festivalacko.sk\/archiv\/2024\/wp-json\/wp\/v2\/movie"}],"about":[{"href":"https:\/\/festivalacko.sk\/archiv\/2024\/wp-json\/wp\/v2\/types\/movie"}],"version-history":[{"count":1,"href":"https:\/\/festivalacko.sk\/archiv\/2024\/wp-json\/wp\/v2\/movie\/568\/revisions"}],"predecessor-version":[{"id":908,"href":"https:\/\/festivalacko.sk\/archiv\/2024\/wp-json\/wp\/v2\/movie\/568\/revisions\/908"}],"wp:featuredmedia":[{"embeddable":true,"href":"https:\/\/festivalacko.sk\/archiv\/2024\/wp-json\/wp\/v2\/media\/539"}],"wp:attachment":[{"href":"https:\/\/festivalacko.sk\/archiv\/2024\/wp-json\/wp\/v2\/media?parent=568"}],"wp:term":[{"taxonomy":"pasmo","embeddable":true,"href":"https:\/\/festivalacko.sk\/archiv\/2024\/wp-json\/wp\/v2\/pasmo?post=568"}],"curies":[{"name":"wp","href":"https:\/\/api.w.org\/{rel}","templated":true}]}}