{"id":687,"date":"2024-10-11T18:43:55","date_gmt":"2024-10-11T16:43:55","guid":{"rendered":"https:\/\/festivalacko.sk\/archiv\/2024\/?post_type=mp-event&#038;p=687"},"modified":"2024-10-16T22:12:33","modified_gmt":"2024-10-16T20:12:33","slug":"komunikacia-a-vymena-dat-workshop-zochova-5","status":"publish","type":"mp-event","link":"https:\/\/festivalacko.sk\/archiv\/2024\/timetable\/event\/komunikacia-a-vymena-dat-workshop-zochova-5\/","title":{"rendered":"Komunik\u00e1cia a v\u00fdmena d\u00e1t &#8211; workshop"},"content":{"rendered":"\n<p>Predn\u00e1\u0161ka \u201cKomunik\u00e1cia a v\u00fdmena d\u00e1t medzi postproduk\u010dn\u00fdmi zlo\u017ekami (strih, grading, vizu\u00e1lne efekty)\u201d sa zameriava na praktick\u00e9 a technick\u00e9 aspekty spolupr\u00e1ce medzi k\u013e\u00fa\u010dov\u00fdmi postproduk\u010dn\u00fdmi t\u00edmami pri tvorbe audiovizu\u00e1lnych diel. \u00da\u010dastn\u00edci sa dozvedia, ako efekt\u00edvne zdie\u013ea\u0165 a spracov\u00e1va\u0165 d\u00e1ta medzi striha\u010dmi, coloristami a t\u00edmami zodpovedn\u00fdmi za vizu\u00e1lne efekty (VFX). Workshop sa venuje technick\u00fdm \u0161tandardom, form\u00e1tom s\u00faborov, workflow procesom, ako aj d\u00f4le\u017eitosti vz\u00e1jomnej komunik\u00e1cie medzi t\u00fdmito profesiami, aby sa dosiahol hladk\u00fd priebeh cel\u00e9ho postproduk\u010dn\u00e9ho procesu.<\/p>\n","protected":false},"excerpt":{"rendered":"<p>Predn\u00e1\u0161ka \u201cKomunik\u00e1cia a v\u00fdmena d\u00e1t medzi postproduk\u010dn\u00fdmi zlo\u017ekami (strih, grading, vizu\u00e1lne efekty)\u201d sa zameriava na praktick\u00e9 a technick\u00e9 aspekty spolupr\u00e1ce medzi k\u013e\u00fa\u010dov\u00fdmi postproduk\u010dn\u00fdmi t\u00edmami pri tvorbe audiovizu\u00e1lnych diel. \u00da\u010dastn\u00edci sa dozvedia, ako efekt\u00edvne zdie\u013ea\u0165 a spracov\u00e1va\u0165 d\u00e1ta medzi striha\u010dmi, coloristami a t\u00edmami zodpovedn\u00fdmi za vizu\u00e1lne efekty (VFX). Workshop sa venuje technick\u00fdm \u0161tandardom, form\u00e1tom s\u00faborov, workflow [&hellip;]<\/p>\n","protected":false},"author":1,"featured_media":0,"menu_order":0,"comment_status":"open","ping_status":"closed","template":"","mp-event_category":[13],"mp-event_tag":[],"class_list":["post-687","mp-event","type-mp-event","status-publish","hentry","mp-event_category-wednesday","mp-event-item"],"acf":[],"_links":{"self":[{"href":"https:\/\/festivalacko.sk\/archiv\/2024\/wp-json\/wp\/v2\/mp-event\/687","targetHints":{"allow":["GET"]}}],"collection":[{"href":"https:\/\/festivalacko.sk\/archiv\/2024\/wp-json\/wp\/v2\/mp-event"}],"about":[{"href":"https:\/\/festivalacko.sk\/archiv\/2024\/wp-json\/wp\/v2\/types\/mp-event"}],"author":[{"embeddable":true,"href":"https:\/\/festivalacko.sk\/archiv\/2024\/wp-json\/wp\/v2\/users\/1"}],"replies":[{"embeddable":true,"href":"https:\/\/festivalacko.sk\/archiv\/2024\/wp-json\/wp\/v2\/comments?post=687"}],"wp:attachment":[{"href":"https:\/\/festivalacko.sk\/archiv\/2024\/wp-json\/wp\/v2\/media?parent=687"}],"wp:term":[{"taxonomy":"mp-event_category","embeddable":true,"href":"https:\/\/festivalacko.sk\/archiv\/2024\/wp-json\/wp\/v2\/mp-event_category?post=687"},{"taxonomy":"mp-event_tag","embeddable":true,"href":"https:\/\/festivalacko.sk\/archiv\/2024\/wp-json\/wp\/v2\/mp-event_tag?post=687"}],"curies":[{"name":"wp","href":"https:\/\/api.w.org\/{rel}","templated":true}]}}