{"id":240,"date":"2024-08-10T14:18:54","date_gmt":"2024-08-10T12:18:54","guid":{"rendered":"https:\/\/festivalacko.sk\/archiv\/2024\/?page_id=240"},"modified":"2024-10-16T20:14:01","modified_gmt":"2024-10-16T18:14:01","slug":"porota","status":"publish","type":"page","link":"https:\/\/festivalacko.sk\/archiv\/2024\/porota\/","title":{"rendered":"Porota"},"content":{"rendered":"\t\t<div data-elementor-type=\"wp-page\" data-elementor-id=\"240\" class=\"elementor elementor-240\" data-elementor-post-type=\"page\">\n\t\t\t\t<div class=\"elementor-element elementor-element-825acc1 e-flex e-con-boxed e-con e-parent\" data-id=\"825acc1\" data-element_type=\"container\">\n\t\t\t\t\t<div class=\"e-con-inner\">\n\t\t<div class=\"elementor-element elementor-element-1786bb0 e-con-full e-flex e-con e-child\" data-id=\"1786bb0\" data-element_type=\"container\">\n\t\t\t\t<div class=\"elementor-element elementor-element-7c234cd elementor-widget elementor-widget-heading\" data-id=\"7c234cd\" data-element_type=\"widget\" data-widget_type=\"heading.default\">\n\t\t\t\t<div class=\"elementor-widget-container\">\n\t\t\t<style>\/*! elementor - v3.22.0 - 17-06-2024 *\/\n.elementor-heading-title{padding:0;margin:0;line-height:1}.elementor-widget-heading .elementor-heading-title[class*=elementor-size-]>a{color:inherit;font-size:inherit;line-height:inherit}.elementor-widget-heading .elementor-heading-title.elementor-size-small{font-size:15px}.elementor-widget-heading .elementor-heading-title.elementor-size-medium{font-size:19px}.elementor-widget-heading .elementor-heading-title.elementor-size-large{font-size:29px}.elementor-widget-heading .elementor-heading-title.elementor-size-xl{font-size:39px}.elementor-widget-heading .elementor-heading-title.elementor-size-xxl{font-size:59px}<\/style><h2 class=\"elementor-heading-title elementor-size-default\">Ve\u013ek\u00e1 porota<\/h2>\t\t<\/div>\n\t\t\t\t<\/div>\n\t\t<div class=\"elementor-element elementor-element-a1dce64 e-con-full e-grid e-con e-child\" data-id=\"a1dce64\" data-element_type=\"container\">\n\t\t<div class=\"elementor-element elementor-element-37bffac e-con-full e-flex e-con e-child\" data-id=\"37bffac\" data-element_type=\"container\">\n\t\t\t\t<div class=\"elementor-element elementor-element-2365737 elementor-widget elementor-widget-image\" data-id=\"2365737\" data-element_type=\"widget\" data-widget_type=\"image.default\">\n\t\t\t\t<div class=\"elementor-widget-container\">\n\t\t\t<style>\/*! elementor - v3.22.0 - 17-06-2024 *\/\n.elementor-widget-image{text-align:center}.elementor-widget-image a{display:inline-block}.elementor-widget-image a img[src$=\".svg\"]{width:48px}.elementor-widget-image img{vertical-align:middle;display:inline-block}<\/style>\t\t\t\t\t\t\t\t\t\t<img fetchpriority=\"high\" decoding=\"async\" width=\"800\" height=\"800\" src=\"https:\/\/festivalacko.sk\/archiv\/2024\/wp-content\/uploads\/2024\/10\/ivo-fotka-1024x1024.png\" class=\"attachment-large size-large wp-image-448\" alt=\"Ivo Brachtl\" srcset=\"https:\/\/festivalacko.sk\/archiv\/2024\/wp-content\/uploads\/2024\/10\/ivo-fotka-1024x1024.png 1024w, https:\/\/festivalacko.sk\/archiv\/2024\/wp-content\/uploads\/2024\/10\/ivo-fotka-300x300.png 300w, https:\/\/festivalacko.sk\/archiv\/2024\/wp-content\/uploads\/2024\/10\/ivo-fotka-150x150.png 150w, https:\/\/festivalacko.sk\/archiv\/2024\/wp-content\/uploads\/2024\/10\/ivo-fotka-768x768.png 768w, https:\/\/festivalacko.sk\/archiv\/2024\/wp-content\/uploads\/2024\/10\/ivo-fotka.png 1511w\" sizes=\"(max-width: 800px) 100vw, 800px\" \/>\t\t\t\t\t\t\t\t\t\t\t\t\t<\/div>\n\t\t\t\t<\/div>\n\t\t\t\t<div class=\"elementor-element elementor-element-ac20b27 elementor-widget elementor-widget-heading\" data-id=\"ac20b27\" data-element_type=\"widget\" data-widget_type=\"heading.default\">\n\t\t\t\t<div class=\"elementor-widget-container\">\n\t\t\t<h2 class=\"elementor-heading-title elementor-size-default\">Ivo Brachtl<\/h2>\t\t<\/div>\n\t\t\t\t<\/div>\n\t\t\t\t<div class=\"elementor-element elementor-element-b44d60d elementor-widget elementor-widget-text-editor\" data-id=\"b44d60d\" data-element_type=\"widget\" data-widget_type=\"text-editor.default\">\n\t\t\t\t<div class=\"elementor-widget-container\">\n\t\t\t<style>\/*! elementor - v3.22.0 - 17-06-2024 *\/\n.elementor-widget-text-editor.elementor-drop-cap-view-stacked .elementor-drop-cap{background-color:#69727d;color:#fff}.elementor-widget-text-editor.elementor-drop-cap-view-framed .elementor-drop-cap{color:#69727d;border:3px solid;background-color:transparent}.elementor-widget-text-editor:not(.elementor-drop-cap-view-default) .elementor-drop-cap{margin-top:8px}.elementor-widget-text-editor:not(.elementor-drop-cap-view-default) .elementor-drop-cap-letter{width:1em;height:1em}.elementor-widget-text-editor .elementor-drop-cap{float:left;text-align:center;line-height:1;font-size:50px}.elementor-widget-text-editor .elementor-drop-cap-letter{display:inline-block}<\/style>\t\t\t\t<p>slovensk\u00e1 asoci\u00e1cia producentov v audiov\u00edzi\u00ed<\/p>\t\t\t\t\t\t<\/div>\n\t\t\t\t<\/div>\n\t\t\t\t<div class=\"elementor-element elementor-element-680c3d6 elementor-widget elementor-widget-text-editor\" data-id=\"680c3d6\" data-element_type=\"widget\" data-widget_type=\"text-editor.default\">\n\t\t\t\t<div class=\"elementor-widget-container\">\n\t\t\t\t\t\t\t<p>je slovensk\u00fd dokumentarista. V roku 1987 debutoval dokumentom <em>Najlep\u0161\u00ed bl\u00e1zon<\/em> (n\u00e1met, scen\u00e1r, r\u00e9\u017eia) pre STV. Po skon\u010den\u00ed \u0161koly v roku 1988 dostal zamestnanie v Spravodajskom film SFT, kde okrem in\u00e9ho nakr\u00fatil desa\u0165 Kino\u017eurn\u00e1lov. 4. j\u00fala 1991 zalo\u017eil nez\u00e1visl\u00fa producenstsk\u00fa spolo\u010dnos\u0165 so zameran\u00edm na dokument\u00e1rne filmy, ktor\u00e1 je akt\u00edvna dodnes. Okrem dokumentov nakr\u00facal aj prespravodajsk\u00e9 agent\u00fary Reuters a AFP, v s\u00fa\u010dasnosti pracuje preINS. Od roku 1991 spolupracoval s De\u017eom Ursinym na dokument\u00e1rnych filmoch ako kameraman a striha\u010d, nesk\u00f4r aj ako producent. V rokoch 2009\/10 nakr\u00facal v USA pre UISCA, spolupr\u00e1ca pokra\u010duje aj v s\u00fa\u010dasnosti. V nasleduj\u00facich rokoch produkoval dokumenty a dokument\u00e1rne cykly. Zorganizoval a podie\u013eal sa realiz\u00e1cii v\u00fdstav prepojen\u00fdch s audiovizu\u00e1lnym obsahom. V Audiovizu\u00e1lnom fonde pracoval najsk\u00f4r ako \u010dlen komisie pre dokument\u00e1rny film, \u010dlen Rady fondu a v s\u00fa\u010dasnosti op\u00e4\u0165 ako \u010dlen komisie pre dokument\u00e1rny film.<\/p>\t\t\t\t\t\t<\/div>\n\t\t\t\t<\/div>\n\t\t\t\t<\/div>\n\t\t<div class=\"elementor-element elementor-element-adb8b2f e-con-full e-flex e-con e-child\" data-id=\"adb8b2f\" data-element_type=\"container\">\n\t\t\t\t<div class=\"elementor-element elementor-element-afec353 elementor-widget elementor-widget-image\" data-id=\"afec353\" data-element_type=\"widget\" data-widget_type=\"image.default\">\n\t\t\t\t<div class=\"elementor-widget-container\">\n\t\t\t\t\t\t\t\t\t\t\t\t\t<img decoding=\"async\" width=\"800\" height=\"800\" src=\"https:\/\/festivalacko.sk\/archiv\/2024\/wp-content\/uploads\/2024\/10\/elena-fotka-1024x1024.png\" class=\"attachment-large size-large wp-image-446\" alt=\"Elena Fla\u0161kov\u00e1\" srcset=\"https:\/\/festivalacko.sk\/archiv\/2024\/wp-content\/uploads\/2024\/10\/elena-fotka-1024x1024.png 1024w, https:\/\/festivalacko.sk\/archiv\/2024\/wp-content\/uploads\/2024\/10\/elena-fotka-300x300.png 300w, https:\/\/festivalacko.sk\/archiv\/2024\/wp-content\/uploads\/2024\/10\/elena-fotka-150x150.png 150w, https:\/\/festivalacko.sk\/archiv\/2024\/wp-content\/uploads\/2024\/10\/elena-fotka-768x768.png 768w, https:\/\/festivalacko.sk\/archiv\/2024\/wp-content\/uploads\/2024\/10\/elena-fotka.png 1511w\" sizes=\"(max-width: 800px) 100vw, 800px\" \/>\t\t\t\t\t\t\t\t\t\t\t\t\t<\/div>\n\t\t\t\t<\/div>\n\t\t\t\t<div class=\"elementor-element elementor-element-998bdb8 elementor-widget elementor-widget-heading\" data-id=\"998bdb8\" data-element_type=\"widget\" data-widget_type=\"heading.default\">\n\t\t\t\t<div class=\"elementor-widget-container\">\n\t\t\t<h2 class=\"elementor-heading-title elementor-size-default\">Elena Fla\u0161kov\u00e1<\/h2>\t\t<\/div>\n\t\t\t\t<\/div>\n\t\t\t\t<div class=\"elementor-element elementor-element-7c79b83 elementor-widget elementor-widget-text-editor\" data-id=\"7c79b83\" data-element_type=\"widget\" data-widget_type=\"text-editor.default\">\n\t\t\t\t<div class=\"elementor-widget-container\">\n\t\t\t\t\t\t\t<p>LITA autorsk\u00e1 spolo\u010dnos\u0165<\/p>\t\t\t\t\t\t<\/div>\n\t\t\t\t<\/div>\n\t\t\t\t<div class=\"elementor-element elementor-element-f76852a elementor-widget elementor-widget-text-editor\" data-id=\"f76852a\" data-element_type=\"widget\" data-widget_type=\"text-editor.default\">\n\t\t\t\t<div class=\"elementor-widget-container\">\n\t\t\t\t\t\t\t<p>Vy\u0161tudovala franc\u00faz\u0161tinu a nem\u010dinu na FFUK a od roku 1989 vyu\u010duje na Vysokej \u0161kole m\u00fazick\u00fdch umen\u00ed franc\u00fazsky jazyk. Moment\u00e1lne p\u00f4sob\u00ed na Katedre r\u00e9\u017eie\u00a0 a dramaturgie, kde vyu\u010duje franc\u00fazsku literat\u00faru a vedie prekladate\u013esk\u00fd semin\u00e1r.<\/p><p>Dlhodobo sa venuje umeleck\u00e9mu prekladu. Je \u010dlenkou v\u00fdboru LITA. Prelo\u017eila napr\u00edklad hry: S. Beckett \u010cakanie na Godota, J.- P. Sartre S vyl\u00fa\u010den\u00edm verejnosti, Genet Povrazolezec, F. Zeller Otec, Y. Reza Bella Figura, mno\u017estvo filmov\u00fdch scen\u00e1rov.<\/p><p>Z prekladov odborn\u00fdch teatrologick\u00fdch textov si zasluhuje pozornos\u0165 predov\u0161etk\u00fdm Divadeln\u00fd slovn\u00edk P. Pavisa, na ktorom spolupracovala so S. \u0160imkovou a tie\u017e prispela do jeho Antol\u00f3gie s\u00fa\u010dasnej franc\u00fazskej dr\u00e1my a jej anal\u00fdz. Je nosite\u013ekou franc\u00fazskeho \u0161t\u00e1tneho vyznamenania Rytier umenia a literat\u00fary.<\/p>\t\t\t\t\t\t<\/div>\n\t\t\t\t<\/div>\n\t\t\t\t<\/div>\n\t\t<div class=\"elementor-element elementor-element-da40f58 e-con-full e-flex e-con e-child\" data-id=\"da40f58\" data-element_type=\"container\">\n\t\t\t\t<div class=\"elementor-element elementor-element-49215c0 elementor-widget elementor-widget-image\" data-id=\"49215c0\" data-element_type=\"widget\" data-widget_type=\"image.default\">\n\t\t\t\t<div class=\"elementor-widget-container\">\n\t\t\t\t\t\t\t\t\t\t\t\t\t<img decoding=\"async\" width=\"800\" height=\"800\" src=\"https:\/\/festivalacko.sk\/archiv\/2024\/wp-content\/uploads\/2024\/10\/eva-fotka-1024x1024.png\" class=\"attachment-large size-large wp-image-447\" alt=\"Eva Gub\u010dov\u00e1\" srcset=\"https:\/\/festivalacko.sk\/archiv\/2024\/wp-content\/uploads\/2024\/10\/eva-fotka-1024x1024.png 1024w, https:\/\/festivalacko.sk\/archiv\/2024\/wp-content\/uploads\/2024\/10\/eva-fotka-300x300.png 300w, https:\/\/festivalacko.sk\/archiv\/2024\/wp-content\/uploads\/2024\/10\/eva-fotka-150x150.png 150w, https:\/\/festivalacko.sk\/archiv\/2024\/wp-content\/uploads\/2024\/10\/eva-fotka-768x768.png 768w, https:\/\/festivalacko.sk\/archiv\/2024\/wp-content\/uploads\/2024\/10\/eva-fotka.png 1511w\" sizes=\"(max-width: 800px) 100vw, 800px\" \/>\t\t\t\t\t\t\t\t\t\t\t\t\t<\/div>\n\t\t\t\t<\/div>\n\t\t\t\t<div class=\"elementor-element elementor-element-2712716 elementor-widget elementor-widget-heading\" data-id=\"2712716\" data-element_type=\"widget\" data-widget_type=\"heading.default\">\n\t\t\t\t<div class=\"elementor-widget-container\">\n\t\t\t<h2 class=\"elementor-heading-title elementor-size-default\">Eva Gub\u010dov\u00e1<\/h2>\t\t<\/div>\n\t\t\t\t<\/div>\n\t\t\t\t<div class=\"elementor-element elementor-element-6d81d60 elementor-widget elementor-widget-text-editor\" data-id=\"6d81d60\" data-element_type=\"widget\" data-widget_type=\"text-editor.default\">\n\t\t\t\t<div class=\"elementor-widget-container\">\n\t\t\t\t\t\t\t<p>liter\u00e1rny fond<\/p>\t\t\t\t\t\t<\/div>\n\t\t\t\t<\/div>\n\t\t\t\t<div class=\"elementor-element elementor-element-08f5aa8 elementor-widget elementor-widget-text-editor\" data-id=\"08f5aa8\" data-element_type=\"widget\" data-widget_type=\"text-editor.default\">\n\t\t\t\t<div class=\"elementor-widget-container\">\n\t\t\t\t\t\t\t<p><span style=\"font-weight: 400;\">Doc. PhDr. Eva Gub\u010dov\u00e1, ArtD. \u2013 dlh\u00e9 roky pracovala ako striha\u010dka v Spravodajskom, nesk\u00f4r v Kr\u00e1tkom filme v Bratislave. M\u00e1 na svojom konte viac ako \u0161tyristo kr\u00e1tkometr\u00e1\u017enych filmov, z toho asi polovicu tvoria filmy animovan\u00e9. Viacer\u00e9 z\u00edskali ocenenia na dom\u00e1cich i zahrani\u010dn\u00fdch filmov\u00fdch festivaloch a prehliadkach. Od roku 1995 p\u00f4sobila ako pedagogi\u010dka v Ateli\u00e9ri animovanej tvorby Filmovej a telev\u00edznej fakulty Vysokej \u0161koly m\u00fazick\u00fdch umen\u00ed v Bratislave, v rokoch 2008 a\u017e 2022 ako ved\u00faca Ateli\u00e9ru.<\/span><\/p>\t\t\t\t\t\t<\/div>\n\t\t\t\t<\/div>\n\t\t\t\t<\/div>\n\t\t<div class=\"elementor-element elementor-element-44c54a4 e-con-full e-flex e-con e-child\" data-id=\"44c54a4\" data-element_type=\"container\">\n\t\t\t\t<div class=\"elementor-element elementor-element-e7e4081 elementor-widget elementor-widget-image\" data-id=\"e7e4081\" data-element_type=\"widget\" data-widget_type=\"image.default\">\n\t\t\t\t<div class=\"elementor-widget-container\">\n\t\t\t\t\t\t\t\t\t\t\t\t\t<img loading=\"lazy\" decoding=\"async\" width=\"800\" height=\"800\" src=\"https:\/\/festivalacko.sk\/archiv\/2024\/wp-content\/uploads\/2024\/10\/petra-fotka-1024x1024.png\" class=\"attachment-large size-large wp-image-451\" alt=\"Petra Ho\u0165kov\u00e1\" srcset=\"https:\/\/festivalacko.sk\/archiv\/2024\/wp-content\/uploads\/2024\/10\/petra-fotka-1024x1024.png 1024w, https:\/\/festivalacko.sk\/archiv\/2024\/wp-content\/uploads\/2024\/10\/petra-fotka-300x300.png 300w, https:\/\/festivalacko.sk\/archiv\/2024\/wp-content\/uploads\/2024\/10\/petra-fotka-150x150.png 150w, https:\/\/festivalacko.sk\/archiv\/2024\/wp-content\/uploads\/2024\/10\/petra-fotka-768x768.png 768w, https:\/\/festivalacko.sk\/archiv\/2024\/wp-content\/uploads\/2024\/10\/petra-fotka.png 1511w\" sizes=\"(max-width: 800px) 100vw, 800px\" \/>\t\t\t\t\t\t\t\t\t\t\t\t\t<\/div>\n\t\t\t\t<\/div>\n\t\t\t\t<div class=\"elementor-element elementor-element-aa6b404 elementor-widget elementor-widget-heading\" data-id=\"aa6b404\" data-element_type=\"widget\" data-widget_type=\"heading.default\">\n\t\t\t\t<div class=\"elementor-widget-container\">\n\t\t\t<h2 class=\"elementor-heading-title elementor-size-default\">Petra Ho\u0165kov\u00e1<\/h2>\t\t<\/div>\n\t\t\t\t<\/div>\n\t\t\t\t<div class=\"elementor-element elementor-element-73df5d4 elementor-widget elementor-widget-text-editor\" data-id=\"73df5d4\" data-element_type=\"widget\" data-widget_type=\"text-editor.default\">\n\t\t\t\t<div class=\"elementor-widget-container\">\n\t\t\t\t\t\t\t<p>asoci\u00e1cia slovensk\u00fdch filmov\u00fdch striha\u010dov<\/p>\t\t\t\t\t\t<\/div>\n\t\t\t\t<\/div>\n\t\t\t\t<div class=\"elementor-element elementor-element-8322aae elementor-widget elementor-widget-text-editor\" data-id=\"8322aae\" data-element_type=\"widget\" data-widget_type=\"text-editor.default\">\n\t\t\t\t<div class=\"elementor-widget-container\">\n\t\t\t\t\t\t\t<p>Petra Ho\u0165kov\u00e1 je filmov\u00e1 a telev\u00edzna striha\u010dka. Umenie premeni\u0165 hodiny surov\u00e9ho materi\u00e1lu na p\u00fatav\u00e9 pr\u00edbehy si osvojila po\u010das \u0161t\u00fadia na Filmovej a telev\u00edznej fakulte V\u0160MU. Mnoho sk\u00fasenost\u00ed z\u00edskala pri pr\u00e1ci na filme Pani Dokonal\u00e1, ktor\u00fd mala mo\u017enos\u0165 striha\u0165 e\u0161te po\u010das \u0161t\u00fadia. Po ukon\u010den\u00ed \u0161t\u00fadia v roku 2018 sa naplno vrhla do sveta hran\u00fdch seri\u00e1lov a dokument\u00e1rnych s\u00e9ri\u00ed.<\/p><p>V roku 2019 z\u00edskala Cenu Asoci\u00e1cie slovensk\u00fdch filmov\u00fdch striha\u010dov (ASFS) v dvoch kateg\u00f3ri\u00e1ch:<\/p><ul><li>cenu za strih v telev\u00edznej audiovizu\u00e1lnej tvorbe za film Sp\u00fdtaj sa va\u0161ich 68<\/li><li>cenu v kateg\u00f3rii \u0161tudentsk\u00fdch filmov za film V\u00fdlet.<\/li><\/ul><p>Od roku 2020 \u00faspe\u0161ne zvl\u00e1da multitasking na \u010fal\u0161ej \u00farovni \u2013 balansuje medzi starostlivos\u0165ou o syna a postprodukciou, pri\u010dom obe zru\u010dnosti vy\u017eaduj\u00fa v\u00fdnimo\u010dn\u00fa trpezlivos\u0165 a kreativitu.<\/p><p>Pracovala na dokument\u00e1rnych s\u00e9ri\u00e1ch ako \u0160TB: Pr\u00edsne tajn\u00e9, Expremi\u00e9ri, \u010di Feti\u0161e ne\u017enej revol\u00facie, a tie\u017e na hran\u00fdch seri\u00e1loch ako P\u00e1n Profesor, Einstein alebo Krimin\u00e1lka Kraj, ktor\u00e9 pril\u00e1kali k obrazovk\u00e1m tis\u00edce div\u00e1kov. Jej sk\u00fasenosti jej umo\u017e\u0148uj\u00fa by\u0165 rovnako prec\u00edznou ako kreat\u00edvnou, a pr\u00e1ca s nap\u00ednav\u00fdmi pr\u00edbehmi je pre \u0148u skuto\u010dnou v\u00e1\u0161\u0148ou.<\/p>\t\t\t\t\t\t<\/div>\n\t\t\t\t<\/div>\n\t\t\t\t<\/div>\n\t\t<div class=\"elementor-element elementor-element-c0d20ff e-con-full e-flex e-con e-child\" data-id=\"c0d20ff\" data-element_type=\"container\">\n\t\t\t\t<div class=\"elementor-element elementor-element-6efb72a elementor-widget elementor-widget-image\" data-id=\"6efb72a\" data-element_type=\"widget\" data-widget_type=\"image.default\">\n\t\t\t\t<div class=\"elementor-widget-container\">\n\t\t\t\t\t\t\t\t\t\t\t\t\t<img loading=\"lazy\" decoding=\"async\" width=\"800\" height=\"800\" src=\"https:\/\/festivalacko.sk\/archiv\/2024\/wp-content\/uploads\/2024\/10\/nick-fotka-1024x1024.png\" class=\"attachment-large size-large wp-image-450\" alt=\"Nick Koll\u00e1r\" srcset=\"https:\/\/festivalacko.sk\/archiv\/2024\/wp-content\/uploads\/2024\/10\/nick-fotka-1024x1024.png 1024w, https:\/\/festivalacko.sk\/archiv\/2024\/wp-content\/uploads\/2024\/10\/nick-fotka-300x300.png 300w, https:\/\/festivalacko.sk\/archiv\/2024\/wp-content\/uploads\/2024\/10\/nick-fotka-150x150.png 150w, https:\/\/festivalacko.sk\/archiv\/2024\/wp-content\/uploads\/2024\/10\/nick-fotka-768x768.png 768w, https:\/\/festivalacko.sk\/archiv\/2024\/wp-content\/uploads\/2024\/10\/nick-fotka.png 1511w\" sizes=\"(max-width: 800px) 100vw, 800px\" \/>\t\t\t\t\t\t\t\t\t\t\t\t\t<\/div>\n\t\t\t\t<\/div>\n\t\t\t\t<div class=\"elementor-element elementor-element-fe67f61 elementor-widget elementor-widget-heading\" data-id=\"fe67f61\" data-element_type=\"widget\" data-widget_type=\"heading.default\">\n\t\t\t\t<div class=\"elementor-widget-container\">\n\t\t\t<h2 class=\"elementor-heading-title elementor-size-default\">Nick Koll\u00e1r<\/h2>\t\t<\/div>\n\t\t\t\t<\/div>\n\t\t\t\t<div class=\"elementor-element elementor-element-aead4b7 elementor-widget elementor-widget-text-editor\" data-id=\"aead4b7\" data-element_type=\"widget\" data-widget_type=\"text-editor.default\">\n\t\t\t\t<div class=\"elementor-widget-container\">\n\t\t\t\t\t\t\t<p>asoci\u00e1cia slovensk\u00fdch kameramanov<\/p>\t\t\t\t\t\t<\/div>\n\t\t\t\t<\/div>\n\t\t\t\t<div class=\"elementor-element elementor-element-d6b5276 elementor-widget elementor-widget-text-editor\" data-id=\"d6b5276\" data-element_type=\"widget\" data-widget_type=\"text-editor.default\">\n\t\t\t\t<div class=\"elementor-widget-container\">\n\t\t\t\t\t\t\t<p>Nick Koll\u00e1r sa narodil sa vo Winterthure (\u0160vaj\u010diarsko). V roku 2017 ukon\u010dil magistersk\u00e9 \u0161t\u00fadium pod veden\u00edm prof. J\u00e1na \u010euri\u0161a v Ateli\u00e9ri kameramanskej tvorby na FTF V\u0160MU. V roku 2022 debutoval celove\u010dern\u00fdm filmom <em>L\u00e1ska hory pren\u00e1\u0161a<\/em> (r. Jakub Machala)<em>. <\/em>Ako hlavn\u00fd kameraman sa podie\u013eal na mnoh\u00fdch telev\u00edznych seri\u00e1loch na Slovensku i v \u010cech\u00e1ch (Prokur\u00e1torka, Mal\u00e1 velk\u00e1 liga, Vyto\u010d m\u00f4jho agenta, ..). Aktu\u00e1lne premi\u00e9ruje druh\u00fa s\u00e9riu seri\u00e1lu <em>Krimin\u00e1lka Kraj<\/em> (r. Martin Kazim\u00edr) a venuje sa postprodukcii viano\u010dnej telev\u00edznej rozpr\u00e1vky <em>\u010carovn\u00e9 jablko<\/em> (r. Jakub Machala). Na osobnom blogu (<a href=\"http:\/\/nickkollar.com\/\" target=\"_blank\" rel=\"noopener\">nickkollar.com<\/a>) p\u00ed\u0161e o pr\u00e1ci kameramana. Okrem kameramanskej tvorby pracuje na fotografickom projekte <em>Vznik \u0161tvrte<\/em>, ktor\u00fd dokumentuje nov\u00e9 susedstvo pri Dunaji v Bratislave. Je \u010dlenom prez\u00eddia Asoci\u00e1cie slovensk\u00fdch kameramanov a Komisie pre kult\u00faru, m\u00e9dia a ochranu kult\u00farneho dedi\u010dstva hlavn\u00e9ho mesta Bratislavy.<\/p>\t\t\t\t\t\t<\/div>\n\t\t\t\t<\/div>\n\t\t\t\t<\/div>\n\t\t<div class=\"elementor-element elementor-element-8aafe84 e-con-full e-flex e-con e-child\" data-id=\"8aafe84\" data-element_type=\"container\">\n\t\t\t\t<div class=\"elementor-element elementor-element-78cc7ef elementor-widget elementor-widget-image\" data-id=\"78cc7ef\" data-element_type=\"widget\" data-widget_type=\"image.default\">\n\t\t\t\t<div class=\"elementor-widget-container\">\n\t\t\t\t\t\t\t\t\t\t\t\t\t<img loading=\"lazy\" decoding=\"async\" width=\"800\" height=\"800\" src=\"https:\/\/festivalacko.sk\/archiv\/2024\/wp-content\/uploads\/2024\/10\/agata-fotka-1024x1024.png\" class=\"attachment-large size-large wp-image-445\" alt=\"Agata Novinski\" srcset=\"https:\/\/festivalacko.sk\/archiv\/2024\/wp-content\/uploads\/2024\/10\/agata-fotka-1024x1024.png 1024w, https:\/\/festivalacko.sk\/archiv\/2024\/wp-content\/uploads\/2024\/10\/agata-fotka-300x300.png 300w, https:\/\/festivalacko.sk\/archiv\/2024\/wp-content\/uploads\/2024\/10\/agata-fotka-150x150.png 150w, https:\/\/festivalacko.sk\/archiv\/2024\/wp-content\/uploads\/2024\/10\/agata-fotka-768x768.png 768w, https:\/\/festivalacko.sk\/archiv\/2024\/wp-content\/uploads\/2024\/10\/agata-fotka.png 1511w\" sizes=\"(max-width: 800px) 100vw, 800px\" \/>\t\t\t\t\t\t\t\t\t\t\t\t\t<\/div>\n\t\t\t\t<\/div>\n\t\t\t\t<div class=\"elementor-element elementor-element-88975d8 elementor-widget elementor-widget-heading\" data-id=\"88975d8\" data-element_type=\"widget\" data-widget_type=\"heading.default\">\n\t\t\t\t<div class=\"elementor-widget-container\">\n\t\t\t<h2 class=\"elementor-heading-title elementor-size-default\">Agata Novinski<\/h2>\t\t<\/div>\n\t\t\t\t<\/div>\n\t\t\t\t<div class=\"elementor-element elementor-element-78b21d3 elementor-widget elementor-widget-text-editor\" data-id=\"78b21d3\" data-element_type=\"widget\" data-widget_type=\"text-editor.default\">\n\t\t\t\t<div class=\"elementor-widget-container\">\n\t\t\t\t\t\t\t<p>asoci\u00e1cia producentov animovan\u00e9ho filmu<\/p>\t\t\t\t\t\t<\/div>\n\t\t\t\t<\/div>\n\t\t\t\t<div class=\"elementor-element elementor-element-cea3c3d elementor-widget elementor-widget-text-editor\" data-id=\"cea3c3d\" data-element_type=\"widget\" data-widget_type=\"text-editor.default\">\n\t\t\t\t<div class=\"elementor-widget-container\">\n\t\t\t\t\t\t\t<p>je sk\u00fasen\u00e1 filmov\u00e1 producentka so s\u00eddlom v Bratislave. Vy\u0161tudovala filmov\u00fa produkciu a mana\u017ement na Vysokej \u0161kole m\u00fazick\u00fdch umen\u00ed v Bratislave, kde z\u00edskala pevn\u00e9 z\u00e1klady v oblasti filmov\u00e9ho priemyslu. Po ukon\u010den\u00ed \u0161t\u00fadia za\u010dala svoju kari\u00e9ru ako asistentka produkcie a pomocn\u00e1 re\u017eis\u00e9rka pri tvorbe v\u00fdznamn\u00fdch telev\u00edznych rel\u00e1ci\u00ed a programov. Nieko\u013eko rokov p\u00f4sobila v komer\u010dn\u00fdch telev\u00edzi\u00e1ch, kde sa venovala predaju reklamn\u00e9ho priestoru, \u010do jej umo\u017enilo nadobudn\u00fa\u0165 cenn\u00e9 sk\u00fasenosti z oblasti marketingu a m\u00e9di\u00ed. Od roku 2014 sa s\u00fastre\u010fuje v\u00fdhradne na filmov\u00fa a telev\u00edznu produkciu, kde pracuje ako producentka a v\u00fdkonn\u00e1 producentka. Od roku 2018 p\u00f4sob\u00ed v spolo\u010dnosti NOVINSKI, kde vedie r\u00f4zne telev\u00edzne a filmov\u00e9 projekty. V rokoch 2019 a\u017e 2023 zast\u00e1vala poz\u00edciu v\u00fdkonnej riadite\u013eky Slovenskej filmovej a telev\u00edznej akad\u00e9mie, kde prispievala k rozvoju a podpore slovensk\u00e9ho audiovizu\u00e1lneho priemyslu.<\/p>\t\t\t\t\t\t<\/div>\n\t\t\t\t<\/div>\n\t\t\t\t<\/div>\n\t\t<div class=\"elementor-element elementor-element-b3e8ed4 e-con-full e-flex e-con e-child\" data-id=\"b3e8ed4\" data-element_type=\"container\">\n\t\t\t\t<div class=\"elementor-element elementor-element-3ae7e7c elementor-widget elementor-widget-image\" data-id=\"3ae7e7c\" data-element_type=\"widget\" data-widget_type=\"image.default\">\n\t\t\t\t<div class=\"elementor-widget-container\">\n\t\t\t\t\t\t\t\t\t\t\t\t\t<img loading=\"lazy\" decoding=\"async\" width=\"800\" height=\"800\" src=\"https:\/\/festivalacko.sk\/archiv\/2024\/wp-content\/uploads\/2024\/10\/matus-foto-1024x1024.png\" class=\"attachment-large size-large wp-image-840\" alt=\"Mat\u00fa\u0161 \u0160irok\u00fd\" srcset=\"https:\/\/festivalacko.sk\/archiv\/2024\/wp-content\/uploads\/2024\/10\/matus-foto-1024x1024.png 1024w, https:\/\/festivalacko.sk\/archiv\/2024\/wp-content\/uploads\/2024\/10\/matus-foto-300x300.png 300w, https:\/\/festivalacko.sk\/archiv\/2024\/wp-content\/uploads\/2024\/10\/matus-foto-150x150.png 150w, https:\/\/festivalacko.sk\/archiv\/2024\/wp-content\/uploads\/2024\/10\/matus-foto-768x768.png 768w, https:\/\/festivalacko.sk\/archiv\/2024\/wp-content\/uploads\/2024\/10\/matus-foto.png 1511w\" sizes=\"(max-width: 800px) 100vw, 800px\" \/>\t\t\t\t\t\t\t\t\t\t\t\t\t<\/div>\n\t\t\t\t<\/div>\n\t\t\t\t<div class=\"elementor-element elementor-element-2b38e74 elementor-widget elementor-widget-heading\" data-id=\"2b38e74\" data-element_type=\"widget\" data-widget_type=\"heading.default\">\n\t\t\t\t<div class=\"elementor-widget-container\">\n\t\t\t<h2 class=\"elementor-heading-title elementor-size-default\">Mat\u00fa\u0161 \u0160irok\u00fd<\/h2>\t\t<\/div>\n\t\t\t\t<\/div>\n\t\t\t\t<div class=\"elementor-element elementor-element-8dea07c elementor-widget elementor-widget-text-editor\" data-id=\"8dea07c\" data-element_type=\"widget\" data-widget_type=\"text-editor.default\">\n\t\t\t\t<div class=\"elementor-widget-container\">\n\t\t\t\t\t\t\t<p>Hudobn\u00edk a skladate\u013e<\/p>\t\t\t\t\t\t<\/div>\n\t\t\t\t<\/div>\n\t\t\t\t<div class=\"elementor-element elementor-element-dd18681 elementor-widget elementor-widget-text-editor\" data-id=\"dd18681\" data-element_type=\"widget\" data-widget_type=\"text-editor.default\">\n\t\t\t\t<div class=\"elementor-widget-container\">\n\t\t\t\t\t\t\t<p>Hudobn\u00edk a skladate\u013e, ktor\u00fd sa do posluch\u00e1\u010dskeho povedomia dostal komponovan\u00edm hudby pre videohry. Naj\u00faspe\u0161nej\u0161ia z nich \u2013 Mafia 2 od svetozn\u00e1mej spolo\u010dnosti 2K Games. Ako hudobn\u00fd skladate\u013e pracoval a pracuje na nieko\u013ek\u00fdch celove\u010dern\u00fdch hran\u00fdch filmoch, ako napr. Invalid alebo Amnestie. Takisto pracuje aj na telev\u00edznych seri\u00e1loch \u010di reklam\u00e1ch.<\/p>\t\t\t\t\t\t<\/div>\n\t\t\t\t<\/div>\n\t\t\t\t<\/div>\n\t\t\t\t<\/div>\n\t\t\t\t<div class=\"elementor-element elementor-element-986aad4 elementor-widget elementor-widget-heading\" data-id=\"986aad4\" data-element_type=\"widget\" data-widget_type=\"heading.default\">\n\t\t\t\t<div class=\"elementor-widget-container\">\n\t\t\t<h2 class=\"elementor-heading-title elementor-size-default\">Mal\u00e1 porota<\/h2>\t\t<\/div>\n\t\t\t\t<\/div>\n\t\t<div class=\"elementor-element elementor-element-a15287b e-con-full e-grid e-con e-child\" data-id=\"a15287b\" data-element_type=\"container\">\n\t\t<div class=\"elementor-element elementor-element-b9f1876 e-con-full e-flex e-con e-child\" data-id=\"b9f1876\" data-element_type=\"container\">\n\t\t\t\t<div class=\"elementor-element elementor-element-a35f68f elementor-widget elementor-widget-image\" data-id=\"a35f68f\" data-element_type=\"widget\" data-widget_type=\"image.default\">\n\t\t\t\t<div class=\"elementor-widget-container\">\n\t\t\t\t\t\t\t\t\t\t\t\t\t<img loading=\"lazy\" decoding=\"async\" width=\"800\" height=\"800\" src=\"https:\/\/festivalacko.sk\/archiv\/2024\/wp-content\/uploads\/2024\/09\/IMG_3010-1024x1024.jpg\" class=\"attachment-large size-large wp-image-434\" alt=\"Laura Bil\u00edkov\u00e1\" srcset=\"https:\/\/festivalacko.sk\/archiv\/2024\/wp-content\/uploads\/2024\/09\/IMG_3010-1024x1024.jpg 1024w, https:\/\/festivalacko.sk\/archiv\/2024\/wp-content\/uploads\/2024\/09\/IMG_3010-300x300.jpg 300w, https:\/\/festivalacko.sk\/archiv\/2024\/wp-content\/uploads\/2024\/09\/IMG_3010-150x150.jpg 150w, https:\/\/festivalacko.sk\/archiv\/2024\/wp-content\/uploads\/2024\/09\/IMG_3010-768x768.jpg 768w, https:\/\/festivalacko.sk\/archiv\/2024\/wp-content\/uploads\/2024\/09\/IMG_3010.jpg 1228w\" sizes=\"(max-width: 800px) 100vw, 800px\" \/>\t\t\t\t\t\t\t\t\t\t\t\t\t<\/div>\n\t\t\t\t<\/div>\n\t\t\t\t<div class=\"elementor-element elementor-element-64e186f elementor-widget elementor-widget-heading\" data-id=\"64e186f\" data-element_type=\"widget\" data-widget_type=\"heading.default\">\n\t\t\t\t<div class=\"elementor-widget-container\">\n\t\t\t<h2 class=\"elementor-heading-title elementor-size-default\">Laura Bil\u00edkov\u00e1<\/h2>\t\t<\/div>\n\t\t\t\t<\/div>\n\t\t\t\t<div class=\"elementor-element elementor-element-cc1096f elementor-widget elementor-widget-accordion\" data-id=\"cc1096f\" data-element_type=\"widget\" data-widget_type=\"accordion.default\">\n\t\t\t\t<div class=\"elementor-widget-container\">\n\t\t\t<style>\/*! elementor - v3.22.0 - 17-06-2024 *\/\n.elementor-accordion{text-align:start}.elementor-accordion .elementor-accordion-item{border:1px solid #d5d8dc}.elementor-accordion .elementor-accordion-item+.elementor-accordion-item{border-top:none}.elementor-accordion .elementor-tab-title{margin:0;padding:15px 20px;font-weight:700;line-height:1;cursor:pointer;outline:none}.elementor-accordion .elementor-tab-title .elementor-accordion-icon{display:inline-block;width:1.5em}.elementor-accordion .elementor-tab-title .elementor-accordion-icon svg{width:1em;height:1em}.elementor-accordion .elementor-tab-title .elementor-accordion-icon.elementor-accordion-icon-right{float:right;text-align:right}.elementor-accordion .elementor-tab-title .elementor-accordion-icon.elementor-accordion-icon-left{float:left;text-align:left}.elementor-accordion .elementor-tab-title .elementor-accordion-icon .elementor-accordion-icon-closed{display:block}.elementor-accordion .elementor-tab-title .elementor-accordion-icon .elementor-accordion-icon-opened,.elementor-accordion .elementor-tab-title.elementor-active .elementor-accordion-icon-closed{display:none}.elementor-accordion .elementor-tab-title.elementor-active .elementor-accordion-icon-opened{display:block}.elementor-accordion .elementor-tab-content{display:none;padding:15px 20px;border-top:1px solid #d5d8dc}@media (max-width:767px){.elementor-accordion .elementor-tab-title{padding:12px 15px}.elementor-accordion .elementor-tab-title .elementor-accordion-icon{width:1.2em}.elementor-accordion .elementor-tab-content{padding:7px 15px}}.e-con-inner>.elementor-widget-accordion,.e-con>.elementor-widget-accordion{width:var(--container-widget-width);--flex-grow:var(--container-widget-flex-grow)}<\/style>\t\t<div class=\"elementor-accordion\">\n\t\t\t\t\t\t\t<div class=\"elementor-accordion-item\">\n\t\t\t\t\t<div id=\"elementor-tab-title-2131\" class=\"elementor-tab-title\" data-tab=\"1\" role=\"button\" aria-controls=\"elementor-tab-content-2131\" aria-expanded=\"false\">\n\t\t\t\t\t\t\t\t\t\t\t\t\t<span class=\"elementor-accordion-icon elementor-accordion-icon-right\" aria-hidden=\"true\">\n\t\t\t\t\t\t\t\t\t\t\t\t\t\t\t<span class=\"elementor-accordion-icon-closed\"><svg class=\"e-font-icon-svg e-fas-plus\" viewBox=\"0 0 448 512\" xmlns=\"http:\/\/www.w3.org\/2000\/svg\"><path d=\"M416 208H272V64c0-17.67-14.33-32-32-32h-32c-17.67 0-32 14.33-32 32v144H32c-17.67 0-32 14.33-32 32v32c0 17.67 14.33 32 32 32h144v144c0 17.67 14.33 32 32 32h32c17.67 0 32-14.33 32-32V304h144c17.67 0 32-14.33 32-32v-32c0-17.67-14.33-32-32-32z\"><\/path><\/svg><\/span>\n\t\t\t\t\t\t\t\t<span class=\"elementor-accordion-icon-opened\"><svg class=\"e-font-icon-svg e-fas-minus\" viewBox=\"0 0 448 512\" xmlns=\"http:\/\/www.w3.org\/2000\/svg\"><path d=\"M416 208H32c-17.67 0-32 14.33-32 32v32c0 17.67 14.33 32 32 32h384c17.67 0 32-14.33 32-32v-32c0-17.67-14.33-32-32-32z\"><\/path><\/svg><\/span>\n\t\t\t\t\t\t\t\t\t\t\t\t\t\t<\/span>\n\t\t\t\t\t\t\t\t\t\t\t\t<a class=\"elementor-accordion-title\" tabindex=\"0\">kult\u00farna publicistka<\/a>\n\t\t\t\t\t<\/div>\n\t\t\t\t\t<div id=\"elementor-tab-content-2131\" class=\"elementor-tab-content elementor-clearfix\" data-tab=\"1\" role=\"region\" aria-labelledby=\"elementor-tab-title-2131\"><p><span style=\"font-weight: 400;\">Laura je \u0161tudentkou \u017eurnalistiky na Karlovej univerzite a filmovej vedy na Masarykovej univerzite. Zalo\u017eila a vedie kult\u00farny \u010dasopis pre mlad\u00fdch \u013eud\u00ed s n\u00e1zvom HMOTA. Pracovne sa venuje soci\u00e1lnym sie\u0165am a PR pre kult\u00farne in\u0161tit\u00facie \u010di festivaly. P\u00ed\u0161e filmov\u00e9 recenzie pre Denn\u00edk N.<\/span><\/p><\/div>\n\t\t\t\t<\/div>\n\t\t\t\t\t\t\t\t<\/div>\n\t\t\t\t<\/div>\n\t\t\t\t<\/div>\n\t\t\t\t<\/div>\n\t\t<div class=\"elementor-element elementor-element-0ce1c17 e-con-full e-flex e-con e-child\" data-id=\"0ce1c17\" data-element_type=\"container\">\n\t\t\t\t<div class=\"elementor-element elementor-element-8a5a389 elementor-widget elementor-widget-image\" data-id=\"8a5a389\" data-element_type=\"widget\" data-widget_type=\"image.default\">\n\t\t\t\t<div class=\"elementor-widget-container\">\n\t\t\t\t\t\t\t\t\t\t\t\t\t<img loading=\"lazy\" decoding=\"async\" width=\"750\" height=\"750\" src=\"https:\/\/festivalacko.sk\/archiv\/2024\/wp-content\/uploads\/2024\/09\/IMG_3008.jpg\" class=\"attachment-large size-large wp-image-432\" alt=\"Barbora B\u00fabelov\u00e1\" srcset=\"https:\/\/festivalacko.sk\/archiv\/2024\/wp-content\/uploads\/2024\/09\/IMG_3008.jpg 750w, https:\/\/festivalacko.sk\/archiv\/2024\/wp-content\/uploads\/2024\/09\/IMG_3008-300x300.jpg 300w, https:\/\/festivalacko.sk\/archiv\/2024\/wp-content\/uploads\/2024\/09\/IMG_3008-150x150.jpg 150w\" sizes=\"(max-width: 750px) 100vw, 750px\" \/>\t\t\t\t\t\t\t\t\t\t\t\t\t<\/div>\n\t\t\t\t<\/div>\n\t\t\t\t<div class=\"elementor-element elementor-element-cdfbf5a elementor-widget elementor-widget-heading\" data-id=\"cdfbf5a\" data-element_type=\"widget\" data-widget_type=\"heading.default\">\n\t\t\t\t<div class=\"elementor-widget-container\">\n\t\t\t<h2 class=\"elementor-heading-title elementor-size-default\">Barbora B\u00fabelov\u00e1<\/h2>\t\t<\/div>\n\t\t\t\t<\/div>\n\t\t\t\t<div class=\"elementor-element elementor-element-74a30d1 elementor-widget elementor-widget-accordion\" data-id=\"74a30d1\" data-element_type=\"widget\" data-widget_type=\"accordion.default\">\n\t\t\t\t<div class=\"elementor-widget-container\">\n\t\t\t\t\t<div class=\"elementor-accordion\">\n\t\t\t\t\t\t\t<div class=\"elementor-accordion-item\">\n\t\t\t\t\t<div id=\"elementor-tab-title-1221\" class=\"elementor-tab-title\" data-tab=\"1\" role=\"button\" aria-controls=\"elementor-tab-content-1221\" aria-expanded=\"false\">\n\t\t\t\t\t\t\t\t\t\t\t\t\t<span class=\"elementor-accordion-icon elementor-accordion-icon-right\" aria-hidden=\"true\">\n\t\t\t\t\t\t\t\t\t\t\t\t\t\t\t<span class=\"elementor-accordion-icon-closed\"><svg class=\"e-font-icon-svg e-fas-plus\" viewBox=\"0 0 448 512\" xmlns=\"http:\/\/www.w3.org\/2000\/svg\"><path d=\"M416 208H272V64c0-17.67-14.33-32-32-32h-32c-17.67 0-32 14.33-32 32v144H32c-17.67 0-32 14.33-32 32v32c0 17.67 14.33 32 32 32h144v144c0 17.67 14.33 32 32 32h32c17.67 0 32-14.33 32-32V304h144c17.67 0 32-14.33 32-32v-32c0-17.67-14.33-32-32-32z\"><\/path><\/svg><\/span>\n\t\t\t\t\t\t\t\t<span class=\"elementor-accordion-icon-opened\"><svg class=\"e-font-icon-svg e-fas-minus\" viewBox=\"0 0 448 512\" xmlns=\"http:\/\/www.w3.org\/2000\/svg\"><path d=\"M416 208H32c-17.67 0-32 14.33-32 32v32c0 17.67 14.33 32 32 32h384c17.67 0 32-14.33 32-32v-32c0-17.67-14.33-32-32-32z\"><\/path><\/svg><\/span>\n\t\t\t\t\t\t\t\t\t\t\t\t\t\t<\/span>\n\t\t\t\t\t\t\t\t\t\t\t\t<a class=\"elementor-accordion-title\" tabindex=\"0\">striha\u010dka<\/a>\n\t\t\t\t\t<\/div>\n\t\t\t\t\t<div id=\"elementor-tab-content-1221\" class=\"elementor-tab-content elementor-clearfix\" data-tab=\"1\" role=\"region\" aria-labelledby=\"elementor-tab-title-1221\"><p><span style=\"font-weight: 400;\">Barbora B\u00fabelov\u00e1, absolventka FTF V\u0160MU z roku 2023, v s\u00fa\u010dasnosti pokra\u010duje ako doktorandka v ateli\u00e9ri strihovej skladby. Vo svojom portf\u00f3liu m\u00e1 preva\u017ene kr\u00e1tke a stredometr\u00e1\u017ene dokumenty, no sk\u00fasenosti z\u00edskala aj pr\u00e1cou na telev\u00edznych seri\u00e1loch. Aktu\u00e1lne pracuje na svojom prvom dlhometr\u00e1\u017enom hranom filme Dvadsa\u0165sedem od re\u017eis\u00e9ra Gregora Valentovi\u010da. Barbora kladie d\u00f4raz na to, aby projekty, na ktor\u00fdch sa podie\u013ea, boli pre spolo\u010dnos\u0165 pr\u00ednosn\u00e9. Aj preto sa v jej pr\u00e1ci \u010dasto objavuj\u00fa filmy, ktor\u00e9 sa venuj\u00fa ot\u00e1zkam men\u0161\u00edn a ich postaveniu v spolo\u010dnosti.<\/span><\/p><\/div>\n\t\t\t\t<\/div>\n\t\t\t\t\t\t\t\t<\/div>\n\t\t\t\t<\/div>\n\t\t\t\t<\/div>\n\t\t\t\t<\/div>\n\t\t<div class=\"elementor-element elementor-element-d86ddfb e-con-full e-flex e-con e-child\" data-id=\"d86ddfb\" data-element_type=\"container\">\n\t\t\t\t<div class=\"elementor-element elementor-element-4f9a2a4 elementor-widget elementor-widget-image\" data-id=\"4f9a2a4\" data-element_type=\"widget\" data-widget_type=\"image.default\">\n\t\t\t\t<div class=\"elementor-widget-container\">\n\t\t\t\t\t\t\t\t\t\t\t\t\t<img loading=\"lazy\" decoding=\"async\" width=\"800\" height=\"800\" src=\"https:\/\/festivalacko.sk\/archiv\/2024\/wp-content\/uploads\/2024\/09\/IMG_3009-1024x1024.jpg\" class=\"attachment-large size-large wp-image-433\" alt=\"Luk\u00e1\u0161 Ka\u010derjak\" srcset=\"https:\/\/festivalacko.sk\/archiv\/2024\/wp-content\/uploads\/2024\/09\/IMG_3009-1024x1024.jpg 1024w, https:\/\/festivalacko.sk\/archiv\/2024\/wp-content\/uploads\/2024\/09\/IMG_3009-300x300.jpg 300w, https:\/\/festivalacko.sk\/archiv\/2024\/wp-content\/uploads\/2024\/09\/IMG_3009-150x150.jpg 150w, https:\/\/festivalacko.sk\/archiv\/2024\/wp-content\/uploads\/2024\/09\/IMG_3009-768x768.jpg 768w, https:\/\/festivalacko.sk\/archiv\/2024\/wp-content\/uploads\/2024\/09\/IMG_3009-1536x1536.jpg 1536w, https:\/\/festivalacko.sk\/archiv\/2024\/wp-content\/uploads\/2024\/09\/IMG_3009-2048x2048.jpg 2048w\" sizes=\"(max-width: 800px) 100vw, 800px\" \/>\t\t\t\t\t\t\t\t\t\t\t\t\t<\/div>\n\t\t\t\t<\/div>\n\t\t\t\t<div class=\"elementor-element elementor-element-b32977c elementor-widget elementor-widget-heading\" data-id=\"b32977c\" data-element_type=\"widget\" data-widget_type=\"heading.default\">\n\t\t\t\t<div class=\"elementor-widget-container\">\n\t\t\t<h2 class=\"elementor-heading-title elementor-size-default\">Luk\u00e1\u0161 Ka\u010derjak, ASK<\/h2>\t\t<\/div>\n\t\t\t\t<\/div>\n\t\t\t\t<div class=\"elementor-element elementor-element-e397411 elementor-widget elementor-widget-accordion\" data-id=\"e397411\" data-element_type=\"widget\" data-widget_type=\"accordion.default\">\n\t\t\t\t<div class=\"elementor-widget-container\">\n\t\t\t\t\t<div class=\"elementor-accordion\">\n\t\t\t\t\t\t\t<div class=\"elementor-accordion-item\">\n\t\t\t\t\t<div id=\"elementor-tab-title-2381\" class=\"elementor-tab-title\" data-tab=\"1\" role=\"button\" aria-controls=\"elementor-tab-content-2381\" aria-expanded=\"false\">\n\t\t\t\t\t\t\t\t\t\t\t\t\t<span class=\"elementor-accordion-icon elementor-accordion-icon-right\" aria-hidden=\"true\">\n\t\t\t\t\t\t\t\t\t\t\t\t\t\t\t<span class=\"elementor-accordion-icon-closed\"><svg class=\"e-font-icon-svg e-fas-plus\" viewBox=\"0 0 448 512\" xmlns=\"http:\/\/www.w3.org\/2000\/svg\"><path d=\"M416 208H272V64c0-17.67-14.33-32-32-32h-32c-17.67 0-32 14.33-32 32v144H32c-17.67 0-32 14.33-32 32v32c0 17.67 14.33 32 32 32h144v144c0 17.67 14.33 32 32 32h32c17.67 0 32-14.33 32-32V304h144c17.67 0 32-14.33 32-32v-32c0-17.67-14.33-32-32-32z\"><\/path><\/svg><\/span>\n\t\t\t\t\t\t\t\t<span class=\"elementor-accordion-icon-opened\"><svg class=\"e-font-icon-svg e-fas-minus\" viewBox=\"0 0 448 512\" xmlns=\"http:\/\/www.w3.org\/2000\/svg\"><path d=\"M416 208H32c-17.67 0-32 14.33-32 32v32c0 17.67 14.33 32 32 32h384c17.67 0 32-14.33 32-32v-32c0-17.67-14.33-32-32-32z\"><\/path><\/svg><\/span>\n\t\t\t\t\t\t\t\t\t\t\t\t\t\t<\/span>\n\t\t\t\t\t\t\t\t\t\t\t\t<a class=\"elementor-accordion-title\" tabindex=\"0\">kameraman<\/a>\n\t\t\t\t\t<\/div>\n\t\t\t\t\t<div id=\"elementor-tab-content-2381\" class=\"elementor-tab-content elementor-clearfix\" data-tab=\"1\" role=\"region\" aria-labelledby=\"elementor-tab-title-2381\"><p><span style=\"font-weight: 400;\">Poch\u00e1dza z Bratislavy. V roku 2021 tu ukon\u010dil \u0161t\u00fadium na Filmovej a Telev\u00edznej Fakulte V\u0160MU v ateli\u00e9ri Kameramanskej tvorby pod veden\u00edm prof. Hardo\u0161a. Od roku 2023 je \u010dlenom asoci\u00e1cie slovensk\u00fdch kameramanov. V s\u00fa\u010dasnosti dokon\u010duje debutov\u00fd celove\u010dern\u00fd film s re\u017eis\u00e9rom Gregorom Valentovi\u010dom.<\/span><\/p><\/div>\n\t\t\t\t<\/div>\n\t\t\t\t\t\t\t\t<\/div>\n\t\t\t\t<\/div>\n\t\t\t\t<\/div>\n\t\t\t\t<\/div>\n\t\t<div class=\"elementor-element elementor-element-791f1e1 e-con-full e-flex e-con e-child\" data-id=\"791f1e1\" data-element_type=\"container\">\n\t\t\t\t<div class=\"elementor-element elementor-element-daf602b elementor-widget elementor-widget-image\" data-id=\"daf602b\" data-element_type=\"widget\" data-widget_type=\"image.default\">\n\t\t\t\t<div class=\"elementor-widget-container\">\n\t\t\t\t\t\t\t\t\t\t\t\t\t<img loading=\"lazy\" decoding=\"async\" width=\"800\" height=\"800\" src=\"https:\/\/festivalacko.sk\/archiv\/2024\/wp-content\/uploads\/2024\/09\/IMG_3006-1024x1024.jpg\" class=\"attachment-large size-large wp-image-430\" alt=\"Adam Kuchta\" srcset=\"https:\/\/festivalacko.sk\/archiv\/2024\/wp-content\/uploads\/2024\/09\/IMG_3006-1024x1024.jpg 1024w, https:\/\/festivalacko.sk\/archiv\/2024\/wp-content\/uploads\/2024\/09\/IMG_3006-300x300.jpg 300w, https:\/\/festivalacko.sk\/archiv\/2024\/wp-content\/uploads\/2024\/09\/IMG_3006-150x150.jpg 150w, https:\/\/festivalacko.sk\/archiv\/2024\/wp-content\/uploads\/2024\/09\/IMG_3006-768x768.jpg 768w, https:\/\/festivalacko.sk\/archiv\/2024\/wp-content\/uploads\/2024\/09\/IMG_3006.jpg 1151w\" sizes=\"(max-width: 800px) 100vw, 800px\" \/>\t\t\t\t\t\t\t\t\t\t\t\t\t<\/div>\n\t\t\t\t<\/div>\n\t\t\t\t<div class=\"elementor-element elementor-element-ff0ddb7 elementor-widget elementor-widget-heading\" data-id=\"ff0ddb7\" data-element_type=\"widget\" data-widget_type=\"heading.default\">\n\t\t\t\t<div class=\"elementor-widget-container\">\n\t\t\t<h2 class=\"elementor-heading-title elementor-size-default\">Adam Kuchta\n<\/h2>\t\t<\/div>\n\t\t\t\t<\/div>\n\t\t\t\t<div class=\"elementor-element elementor-element-581ac35 elementor-widget elementor-widget-accordion\" data-id=\"581ac35\" data-element_type=\"widget\" data-widget_type=\"accordion.default\">\n\t\t\t\t<div class=\"elementor-widget-container\">\n\t\t\t\t\t<div class=\"elementor-accordion\">\n\t\t\t\t\t\t\t<div class=\"elementor-accordion-item\">\n\t\t\t\t\t<div id=\"elementor-tab-title-9231\" class=\"elementor-tab-title\" data-tab=\"1\" role=\"button\" aria-controls=\"elementor-tab-content-9231\" aria-expanded=\"false\">\n\t\t\t\t\t\t\t\t\t\t\t\t\t<span class=\"elementor-accordion-icon elementor-accordion-icon-right\" aria-hidden=\"true\">\n\t\t\t\t\t\t\t\t\t\t\t\t\t\t\t<span class=\"elementor-accordion-icon-closed\"><svg class=\"e-font-icon-svg e-fas-plus\" viewBox=\"0 0 448 512\" xmlns=\"http:\/\/www.w3.org\/2000\/svg\"><path d=\"M416 208H272V64c0-17.67-14.33-32-32-32h-32c-17.67 0-32 14.33-32 32v144H32c-17.67 0-32 14.33-32 32v32c0 17.67 14.33 32 32 32h144v144c0 17.67 14.33 32 32 32h32c17.67 0 32-14.33 32-32V304h144c17.67 0 32-14.33 32-32v-32c0-17.67-14.33-32-32-32z\"><\/path><\/svg><\/span>\n\t\t\t\t\t\t\t\t<span class=\"elementor-accordion-icon-opened\"><svg class=\"e-font-icon-svg e-fas-minus\" viewBox=\"0 0 448 512\" xmlns=\"http:\/\/www.w3.org\/2000\/svg\"><path d=\"M416 208H32c-17.67 0-32 14.33-32 32v32c0 17.67 14.33 32 32 32h384c17.67 0 32-14.33 32-32v-32c0-17.67-14.33-32-32-32z\"><\/path><\/svg><\/span>\n\t\t\t\t\t\t\t\t\t\t\t\t\t\t<\/span>\n\t\t\t\t\t\t\t\t\t\t\t\t<a class=\"elementor-accordion-title\" tabindex=\"0\">majster zvuku<\/a>\n\t\t\t\t\t<\/div>\n\t\t\t\t\t<div id=\"elementor-tab-content-9231\" class=\"elementor-tab-content elementor-clearfix\" data-tab=\"1\" role=\"region\" aria-labelledby=\"elementor-tab-title-9231\"><p><span style=\"font-weight: 400;\">Poch\u00e1dza z Pie\u0161\u0165an. Vy\u0161tudoval \u0161t\u00e1tne Konzervat\u00f3rium v Bratislave a nesk\u00f4r odbor zvukovej skladby na Filmovej fakulte V\u0160MU. Pracoval na filmoch ako \u010ciara, Invalid, Jedeme na teambuilding alebo Miki. Moment\u00e1lne pracuje na dokumente We have to survive re\u017eis\u00e9ra Tom\u00e1\u0161a Krupu.<\/span><\/p><\/div>\n\t\t\t\t<\/div>\n\t\t\t\t\t\t\t\t<\/div>\n\t\t\t\t<\/div>\n\t\t\t\t<\/div>\n\t\t\t\t<\/div>\n\t\t<div class=\"elementor-element elementor-element-d7b8da3 e-con-full e-flex e-con e-child\" data-id=\"d7b8da3\" data-element_type=\"container\">\n\t\t\t\t<div class=\"elementor-element elementor-element-c0fc164 elementor-widget elementor-widget-image\" data-id=\"c0fc164\" data-element_type=\"widget\" data-widget_type=\"image.default\">\n\t\t\t\t<div class=\"elementor-widget-container\">\n\t\t\t\t\t\t\t\t\t\t\t\t\t<img loading=\"lazy\" decoding=\"async\" width=\"800\" height=\"800\" src=\"https:\/\/festivalacko.sk\/archiv\/2024\/wp-content\/uploads\/2024\/09\/IMG_3012.jpg\" class=\"attachment-large size-large wp-image-436\" alt=\"Vanessa Such\u00e1\" srcset=\"https:\/\/festivalacko.sk\/archiv\/2024\/wp-content\/uploads\/2024\/09\/IMG_3012.jpg 920w, https:\/\/festivalacko.sk\/archiv\/2024\/wp-content\/uploads\/2024\/09\/IMG_3012-300x300.jpg 300w, https:\/\/festivalacko.sk\/archiv\/2024\/wp-content\/uploads\/2024\/09\/IMG_3012-150x150.jpg 150w, https:\/\/festivalacko.sk\/archiv\/2024\/wp-content\/uploads\/2024\/09\/IMG_3012-768x768.jpg 768w\" sizes=\"(max-width: 800px) 100vw, 800px\" \/>\t\t\t\t\t\t\t\t\t\t\t\t\t<\/div>\n\t\t\t\t<\/div>\n\t\t\t\t<div class=\"elementor-element elementor-element-35f227e elementor-widget elementor-widget-heading\" data-id=\"35f227e\" data-element_type=\"widget\" data-widget_type=\"heading.default\">\n\t\t\t\t<div class=\"elementor-widget-container\">\n\t\t\t<h2 class=\"elementor-heading-title elementor-size-default\">Vanessa Such\u00e1<\/h2>\t\t<\/div>\n\t\t\t\t<\/div>\n\t\t\t\t<div class=\"elementor-element elementor-element-5a5b69b elementor-widget elementor-widget-accordion\" data-id=\"5a5b69b\" data-element_type=\"widget\" data-widget_type=\"accordion.default\">\n\t\t\t\t<div class=\"elementor-widget-container\">\n\t\t\t\t\t<div class=\"elementor-accordion\">\n\t\t\t\t\t\t\t<div class=\"elementor-accordion-item\">\n\t\t\t\t\t<div id=\"elementor-tab-title-9471\" class=\"elementor-tab-title\" data-tab=\"1\" role=\"button\" aria-controls=\"elementor-tab-content-9471\" aria-expanded=\"false\">\n\t\t\t\t\t\t\t\t\t\t\t\t\t<span class=\"elementor-accordion-icon elementor-accordion-icon-right\" aria-hidden=\"true\">\n\t\t\t\t\t\t\t\t\t\t\t\t\t\t\t<span class=\"elementor-accordion-icon-closed\"><svg class=\"e-font-icon-svg e-fas-plus\" viewBox=\"0 0 448 512\" xmlns=\"http:\/\/www.w3.org\/2000\/svg\"><path d=\"M416 208H272V64c0-17.67-14.33-32-32-32h-32c-17.67 0-32 14.33-32 32v144H32c-17.67 0-32 14.33-32 32v32c0 17.67 14.33 32 32 32h144v144c0 17.67 14.33 32 32 32h32c17.67 0 32-14.33 32-32V304h144c17.67 0 32-14.33 32-32v-32c0-17.67-14.33-32-32-32z\"><\/path><\/svg><\/span>\n\t\t\t\t\t\t\t\t<span class=\"elementor-accordion-icon-opened\"><svg class=\"e-font-icon-svg e-fas-minus\" viewBox=\"0 0 448 512\" xmlns=\"http:\/\/www.w3.org\/2000\/svg\"><path d=\"M416 208H32c-17.67 0-32 14.33-32 32v32c0 17.67 14.33 32 32 32h384c17.67 0 32-14.33 32-32v-32c0-17.67-14.33-32-32-32z\"><\/path><\/svg><\/span>\n\t\t\t\t\t\t\t\t\t\t\t\t\t\t<\/span>\n\t\t\t\t\t\t\t\t\t\t\t\t<a class=\"elementor-accordion-title\" tabindex=\"0\">\u0161tudentka filmov\u00fdch \u0161t\u00fadi\u00ed<\/a>\n\t\t\t\t\t<\/div>\n\t\t\t\t\t<div id=\"elementor-tab-content-9471\" class=\"elementor-tab-content elementor-clearfix\" data-tab=\"1\" role=\"region\" aria-labelledby=\"elementor-tab-title-9471\"><p><span style=\"font-weight: 400;\">\u0160tudentka \u0161tvrt\u00e9ho ro\u010dn\u00edka Katedry filmov\u00fdch \u0161t\u00fadi\u00ed FTF V\u0160MU. V r\u00e1mci \u0161t\u00fadia sa venuje filmov\u00fdm recenzi\u00e1m, historick\u00e9mu b\u00e1daniu i anal\u00fdze audiovizu\u00e1lnych diel. Rada rozm\u00fd\u0161\u013ea o filmoch v \u0161ir\u0161\u00edch kontextoch a preh\u013ead v s\u00fa\u010dasnej dom\u00e1cej \u010di svetovej kinematografii z\u00edskava aj pr\u00e1cou v klubovom kine.<\/span><\/p><\/div>\n\t\t\t\t<\/div>\n\t\t\t\t\t\t\t\t<\/div>\n\t\t\t\t<\/div>\n\t\t\t\t<\/div>\n\t\t\t\t<\/div>\n\t\t<div class=\"elementor-element elementor-element-ea24fd3 e-con-full e-flex e-con e-child\" data-id=\"ea24fd3\" data-element_type=\"container\">\n\t\t\t\t<div class=\"elementor-element elementor-element-889b68b elementor-widget elementor-widget-image\" data-id=\"889b68b\" data-element_type=\"widget\" data-widget_type=\"image.default\">\n\t\t\t\t<div class=\"elementor-widget-container\">\n\t\t\t\t\t\t\t\t\t\t\t\t\t<img loading=\"lazy\" decoding=\"async\" width=\"800\" height=\"800\" src=\"https:\/\/festivalacko.sk\/archiv\/2024\/wp-content\/uploads\/2024\/09\/IMG_3011-1024x1024.jpg\" class=\"attachment-large size-large wp-image-435\" alt=\"Mat\u00fa\u0161 Tri\u0161\u010d\" srcset=\"https:\/\/festivalacko.sk\/archiv\/2024\/wp-content\/uploads\/2024\/09\/IMG_3011-1024x1024.jpg 1024w, https:\/\/festivalacko.sk\/archiv\/2024\/wp-content\/uploads\/2024\/09\/IMG_3011-300x300.jpg 300w, https:\/\/festivalacko.sk\/archiv\/2024\/wp-content\/uploads\/2024\/09\/IMG_3011-150x150.jpg 150w, https:\/\/festivalacko.sk\/archiv\/2024\/wp-content\/uploads\/2024\/09\/IMG_3011-768x768.jpg 768w, https:\/\/festivalacko.sk\/archiv\/2024\/wp-content\/uploads\/2024\/09\/IMG_3011-1536x1536.jpg 1536w, https:\/\/festivalacko.sk\/archiv\/2024\/wp-content\/uploads\/2024\/09\/IMG_3011-2048x2048.jpg 2048w\" sizes=\"(max-width: 800px) 100vw, 800px\" \/>\t\t\t\t\t\t\t\t\t\t\t\t\t<\/div>\n\t\t\t\t<\/div>\n\t\t\t\t<div class=\"elementor-element elementor-element-38f4d2c elementor-widget elementor-widget-heading\" data-id=\"38f4d2c\" data-element_type=\"widget\" data-widget_type=\"heading.default\">\n\t\t\t\t<div class=\"elementor-widget-container\">\n\t\t\t<h2 class=\"elementor-heading-title elementor-size-default\">Mat\u00fa\u0161 Tri\u0161\u010d<\/h2>\t\t<\/div>\n\t\t\t\t<\/div>\n\t\t\t\t<div class=\"elementor-element elementor-element-603c950 elementor-widget elementor-widget-accordion\" data-id=\"603c950\" data-element_type=\"widget\" data-widget_type=\"accordion.default\">\n\t\t\t\t<div class=\"elementor-widget-container\">\n\t\t\t\t\t<div class=\"elementor-accordion\">\n\t\t\t\t\t\t\t<div class=\"elementor-accordion-item\">\n\t\t\t\t\t<div id=\"elementor-tab-title-1001\" class=\"elementor-tab-title\" data-tab=\"1\" role=\"button\" aria-controls=\"elementor-tab-content-1001\" aria-expanded=\"false\">\n\t\t\t\t\t\t\t\t\t\t\t\t\t<span class=\"elementor-accordion-icon elementor-accordion-icon-right\" aria-hidden=\"true\">\n\t\t\t\t\t\t\t\t\t\t\t\t\t\t\t<span class=\"elementor-accordion-icon-closed\"><svg class=\"e-font-icon-svg e-fas-plus\" viewBox=\"0 0 448 512\" xmlns=\"http:\/\/www.w3.org\/2000\/svg\"><path d=\"M416 208H272V64c0-17.67-14.33-32-32-32h-32c-17.67 0-32 14.33-32 32v144H32c-17.67 0-32 14.33-32 32v32c0 17.67 14.33 32 32 32h144v144c0 17.67 14.33 32 32 32h32c17.67 0 32-14.33 32-32V304h144c17.67 0 32-14.33 32-32v-32c0-17.67-14.33-32-32-32z\"><\/path><\/svg><\/span>\n\t\t\t\t\t\t\t\t<span class=\"elementor-accordion-icon-opened\"><svg class=\"e-font-icon-svg e-fas-minus\" viewBox=\"0 0 448 512\" xmlns=\"http:\/\/www.w3.org\/2000\/svg\"><path d=\"M416 208H32c-17.67 0-32 14.33-32 32v32c0 17.67 14.33 32 32 32h384c17.67 0 32-14.33 32-32v-32c0-17.67-14.33-32-32-32z\"><\/path><\/svg><\/span>\n\t\t\t\t\t\t\t\t\t\t\t\t\t\t<\/span>\n\t\t\t\t\t\t\t\t\t\t\t\t<a class=\"elementor-accordion-title\" tabindex=\"0\">filmov\u00fd publicista<\/a>\n\t\t\t\t\t<\/div>\n\t\t\t\t\t<div id=\"elementor-tab-content-1001\" class=\"elementor-tab-content elementor-clearfix\" data-tab=\"1\" role=\"region\" aria-labelledby=\"elementor-tab-title-1001\"><p><span style=\"font-weight: 400;\">Mat\u00fa\u0161 je absolventom V\u0160MU, kde \u0161tudoval scen\u00e1ristiku a dramaturgiu hran\u00e9ho a dokument\u00e1rneho filmu. Od roku 2022 pracuje ako filmov\u00fd publicista pre port\u00e1l Moja kult\u00fara. Predt\u00fdm publikoval aj v online \u010dasopise Kine\u010dko. Ako \u010dlen PR t\u00edmu sa podie\u013ea na pr\u00edprave festivalu Art Film v Ko\u0161iciach.<\/span><\/p><\/div>\n\t\t\t\t<\/div>\n\t\t\t\t\t\t\t\t<\/div>\n\t\t\t\t<\/div>\n\t\t\t\t<\/div>\n\t\t\t\t<\/div>\n\t\t<div class=\"elementor-element elementor-element-d39733e e-con-full e-flex e-con e-child\" data-id=\"d39733e\" data-element_type=\"container\">\n\t\t\t\t<div class=\"elementor-element elementor-element-789df39 elementor-widget elementor-widget-image\" data-id=\"789df39\" data-element_type=\"widget\" data-widget_type=\"image.default\">\n\t\t\t\t<div class=\"elementor-widget-container\">\n\t\t\t\t\t\t\t\t\t\t\t\t\t<img loading=\"lazy\" decoding=\"async\" width=\"800\" height=\"800\" src=\"https:\/\/festivalacko.sk\/archiv\/2024\/wp-content\/uploads\/2024\/09\/IMG_3007-1024x1024.jpg\" class=\"attachment-large size-large wp-image-431\" alt=\"Barbara Vojta\u0161\u00e1kov\u00e1\" srcset=\"https:\/\/festivalacko.sk\/archiv\/2024\/wp-content\/uploads\/2024\/09\/IMG_3007-1024x1024.jpg 1024w, https:\/\/festivalacko.sk\/archiv\/2024\/wp-content\/uploads\/2024\/09\/IMG_3007-300x300.jpg 300w, https:\/\/festivalacko.sk\/archiv\/2024\/wp-content\/uploads\/2024\/09\/IMG_3007-150x150.jpg 150w, https:\/\/festivalacko.sk\/archiv\/2024\/wp-content\/uploads\/2024\/09\/IMG_3007-768x768.jpg 768w, https:\/\/festivalacko.sk\/archiv\/2024\/wp-content\/uploads\/2024\/09\/IMG_3007-1536x1536.jpg 1536w, https:\/\/festivalacko.sk\/archiv\/2024\/wp-content\/uploads\/2024\/09\/IMG_3007-2048x2048.jpg 2048w\" sizes=\"(max-width: 800px) 100vw, 800px\" \/>\t\t\t\t\t\t\t\t\t\t\t\t\t<\/div>\n\t\t\t\t<\/div>\n\t\t\t\t<div class=\"elementor-element elementor-element-66e6043 elementor-widget elementor-widget-heading\" data-id=\"66e6043\" data-element_type=\"widget\" data-widget_type=\"heading.default\">\n\t\t\t\t<div class=\"elementor-widget-container\">\n\t\t\t<h2 class=\"elementor-heading-title elementor-size-default\">Barbara Vojta\u0161\u00e1kov\u00e1<\/h2>\t\t<\/div>\n\t\t\t\t<\/div>\n\t\t\t\t<div class=\"elementor-element elementor-element-d69e6ae elementor-widget elementor-widget-accordion\" data-id=\"d69e6ae\" data-element_type=\"widget\" data-widget_type=\"accordion.default\">\n\t\t\t\t<div class=\"elementor-widget-container\">\n\t\t\t\t\t<div class=\"elementor-accordion\">\n\t\t\t\t\t\t\t<div class=\"elementor-accordion-item\">\n\t\t\t\t\t<div id=\"elementor-tab-title-2251\" class=\"elementor-tab-title\" data-tab=\"1\" role=\"button\" aria-controls=\"elementor-tab-content-2251\" aria-expanded=\"false\">\n\t\t\t\t\t\t\t\t\t\t\t\t\t<span class=\"elementor-accordion-icon elementor-accordion-icon-right\" aria-hidden=\"true\">\n\t\t\t\t\t\t\t\t\t\t\t\t\t\t\t<span class=\"elementor-accordion-icon-closed\"><svg class=\"e-font-icon-svg e-fas-plus\" viewBox=\"0 0 448 512\" xmlns=\"http:\/\/www.w3.org\/2000\/svg\"><path d=\"M416 208H272V64c0-17.67-14.33-32-32-32h-32c-17.67 0-32 14.33-32 32v144H32c-17.67 0-32 14.33-32 32v32c0 17.67 14.33 32 32 32h144v144c0 17.67 14.33 32 32 32h32c17.67 0 32-14.33 32-32V304h144c17.67 0 32-14.33 32-32v-32c0-17.67-14.33-32-32-32z\"><\/path><\/svg><\/span>\n\t\t\t\t\t\t\t\t<span class=\"elementor-accordion-icon-opened\"><svg class=\"e-font-icon-svg e-fas-minus\" viewBox=\"0 0 448 512\" xmlns=\"http:\/\/www.w3.org\/2000\/svg\"><path d=\"M416 208H32c-17.67 0-32 14.33-32 32v32c0 17.67 14.33 32 32 32h384c17.67 0 32-14.33 32-32v-32c0-17.67-14.33-32-32-32z\"><\/path><\/svg><\/span>\n\t\t\t\t\t\t\t\t\t\t\t\t\t\t<\/span>\n\t\t\t\t\t\t\t\t\t\t\t\t<a class=\"elementor-accordion-title\" tabindex=\"0\">dokumentaristka a kult\u00farna pracovn\u00ed\u010dka<\/a>\n\t\t\t\t\t<\/div>\n\t\t\t\t\t<div id=\"elementor-tab-content-2251\" class=\"elementor-tab-content elementor-clearfix\" data-tab=\"1\" role=\"region\" aria-labelledby=\"elementor-tab-title-2251\"><p><span style=\"font-weight: 400;\">Vy\u0161tudovala dokument\u00e1rnu r\u00e9\u017eiu na V\u0160MU v ateli\u00e9ri Petra Kerekesa. Jej bakal\u00e1rky film Pr\u00e1zdna mno\u017eina bol premietan\u00fd na Doclisboa \u010di na True False Fest, \u0161tudentsk\u00fd film Denn\u00edk princeznej bol premietan\u00fd na Letnej filmovej \u0161kole v Uherskom Hradi\u0161ti. Pracuje v Trnavskom osvetovom stredisku ako kult\u00farna pracovn\u00ed\u010dka za oblas\u0165 filmu a ako junior report\u00e9rka pre \u010dasopis Kapit\u00e1l. V s\u00fa\u010dasnosti pripravuje filmov\u00fd a liter\u00e1rny debut a pr\u00edle\u017eitostne sa venuje rozhlasu a hudbe. Je ved\u00facou ob\u010dianskeho zdru\u017eenia Medziriadky.<\/span><\/p><p><br \/><br \/><\/p><\/div>\n\t\t\t\t<\/div>\n\t\t\t\t\t\t\t\t<\/div>\n\t\t\t\t<\/div>\n\t\t\t\t<\/div>\n\t\t\t\t<\/div>\n\t\t\t\t<\/div>\n\t\t\t\t<\/div>\n\t\t<div class=\"elementor-element elementor-element-cbbda48 e-con-full e-flex e-con e-child\" data-id=\"cbbda48\" data-element_type=\"container\" data-settings=\"{&quot;background_background&quot;:&quot;classic&quot;}\">\n\t\t\t\t<div class=\"elementor-element elementor-element-e5ad3b9 elementor-widget elementor-widget-heading\" data-id=\"e5ad3b9\" data-element_type=\"widget\" data-widget_type=\"heading.default\">\n\t\t\t\t<div class=\"elementor-widget-container\">\n\t\t\t<h1 class=\"elementor-heading-title elementor-size-default\">Porota<\/h1>\t\t<\/div>\n\t\t\t\t<\/div>\n\t\t\t\t<\/div>\n\t\t\t\t\t<\/div>\n\t\t\t\t<\/div>\n\t\t\t\t<\/div>\n\t\t","protected":false},"excerpt":{"rendered":"<p>Ve\u013ek\u00e1 porota Ivo Brachtl slovensk\u00e1 asoci\u00e1cia producentov v audiov\u00edzi\u00ed je slovensk\u00fd dokumentarista. V roku 1987 debutoval dokumentom Najlep\u0161\u00ed bl\u00e1zon (n\u00e1met, scen\u00e1r, r\u00e9\u017eia) pre STV. Po skon\u010den\u00ed \u0161koly v roku 1988 dostal zamestnanie v Spravodajskom film SFT, kde okrem in\u00e9ho nakr\u00fatil desa\u0165 Kino\u017eurn\u00e1lov. 4. j\u00fala 1991 zalo\u017eil nez\u00e1visl\u00fa producenstsk\u00fa spolo\u010dnos\u0165 so zameran\u00edm na dokument\u00e1rne filmy, ktor\u00e1 [&hellip;]<\/p>\n","protected":false},"author":1,"featured_media":0,"parent":0,"menu_order":0,"comment_status":"closed","ping_status":"closed","template":"","meta":{"footnotes":""},"class_list":["post-240","page","type-page","status-publish","hentry"],"acf":[],"_links":{"self":[{"href":"https:\/\/festivalacko.sk\/archiv\/2024\/wp-json\/wp\/v2\/pages\/240","targetHints":{"allow":["GET"]}}],"collection":[{"href":"https:\/\/festivalacko.sk\/archiv\/2024\/wp-json\/wp\/v2\/pages"}],"about":[{"href":"https:\/\/festivalacko.sk\/archiv\/2024\/wp-json\/wp\/v2\/types\/page"}],"author":[{"embeddable":true,"href":"https:\/\/festivalacko.sk\/archiv\/2024\/wp-json\/wp\/v2\/users\/1"}],"replies":[{"embeddable":true,"href":"https:\/\/festivalacko.sk\/archiv\/2024\/wp-json\/wp\/v2\/comments?post=240"}],"version-history":[{"count":22,"href":"https:\/\/festivalacko.sk\/archiv\/2024\/wp-json\/wp\/v2\/pages\/240\/revisions"}],"predecessor-version":[{"id":844,"href":"https:\/\/festivalacko.sk\/archiv\/2024\/wp-json\/wp\/v2\/pages\/240\/revisions\/844"}],"wp:attachment":[{"href":"https:\/\/festivalacko.sk\/archiv\/2024\/wp-json\/wp\/v2\/media?parent=240"}],"curies":[{"name":"wp","href":"https:\/\/api.w.org\/{rel}","templated":true}]}}