{"id":650,"date":"2024-10-10T21:18:00","date_gmt":"2024-10-10T19:18:00","guid":{"rendered":"https:\/\/festivalacko.sk\/archiv\/2024\/?page_id=650"},"modified":"2024-10-16T19:37:36","modified_gmt":"2024-10-16T17:37:36","slug":"program","status":"publish","type":"page","link":"https:\/\/festivalacko.sk\/archiv\/2024\/program\/","title":{"rendered":"Program"},"content":{"rendered":"\t\t<div data-elementor-type=\"wp-page\" data-elementor-id=\"650\" class=\"elementor elementor-650\" data-elementor-post-type=\"page\">\n\t\t\t\t<div class=\"elementor-element elementor-element-955c56c e-flex e-con-boxed e-con e-parent\" data-id=\"955c56c\" data-element_type=\"container\">\n\t\t\t\t\t<div class=\"e-con-inner\">\n\t\t\t\t<div class=\"elementor-element elementor-element-28bfc05 elementor-widget elementor-widget-heading\" data-id=\"28bfc05\" data-element_type=\"widget\" data-widget_type=\"heading.default\">\n\t\t\t\t<div class=\"elementor-widget-container\">\n\t\t\t<style>\/*! elementor - v3.22.0 - 17-06-2024 *\/\n.elementor-heading-title{padding:0;margin:0;line-height:1}.elementor-widget-heading .elementor-heading-title[class*=elementor-size-]>a{color:inherit;font-size:inherit;line-height:inherit}.elementor-widget-heading .elementor-heading-title.elementor-size-small{font-size:15px}.elementor-widget-heading .elementor-heading-title.elementor-size-medium{font-size:19px}.elementor-widget-heading .elementor-heading-title.elementor-size-large{font-size:29px}.elementor-widget-heading .elementor-heading-title.elementor-size-xl{font-size:39px}.elementor-widget-heading .elementor-heading-title.elementor-size-xxl{font-size:59px}<\/style><h1 class=\"elementor-heading-title elementor-size-default\">Program<\/h1>\t\t<\/div>\n\t\t\t\t<\/div>\n\t\t\t\t<div class=\"elementor-element elementor-element-5166ff5 elementor-widget elementor-widget-shortcode\" data-id=\"5166ff5\" data-element_type=\"widget\" data-widget_type=\"shortcode.default\">\n\t\t\t\t<div class=\"elementor-widget-container\">\n\t\t\t\t\t<div class=\"elementor-shortcode\"><div class=\"program\"><div class=\"program__item\"><h2 class=\"program__title\">Komunik\u00e1cia a v\u00fdmena d\u00e1t &#8211; predn\u00e1\u0161ka<\/h2><div class=\"meta\">\n                <div class=\"time\">23 okt\u00f3bra, 2024 10:00 - 11:30<\/div>\n                <div class=\"place\">ZOCHOVA 5<\/div>\n            <\/div><div class=\"program__content\"><!-- wp:paragraph -->\n<p>Predn\u00e1\u0161ka \u201cKomunik\u00e1cia a v\u00fdmena d\u00e1t medzi postproduk\u010dn\u00fdmi zlo\u017ekami (strih, grading, vizu\u00e1lne efekty)\u201d sa zameriava na praktick\u00e9 a technick\u00e9 aspekty spolupr\u00e1ce medzi k\u013e\u00fa\u010dov\u00fdmi postproduk\u010dn\u00fdmi t\u00edmami pri tvorbe audiovizu\u00e1lnych diel. \u00da\u010dastn\u00edci sa dozvedia, ako efekt\u00edvne zdie\u013ea\u0165 a spracov\u00e1va\u0165 d\u00e1ta medzi striha\u010dmi, coloristami a t\u00edmami zodpovedn\u00fdmi za vizu\u00e1lne efekty (VFX). Workshop sa venuje technick\u00fdm \u0161tandardom, form\u00e1tom s\u00faborov, workflow procesom, ako aj d\u00f4le\u017eitosti vz\u00e1jomnej komunik\u00e1cie medzi t\u00fdmito profesiami, aby sa dosiahol hladk\u00fd priebeh cel\u00e9ho postproduk\u010dn\u00e9ho procesu.<\/p>\n<!-- \/wp:paragraph --><\/div><\/div><div class=\"program__item\"><h2 class=\"program__title\">Kam patr\u00edm? Tri pr\u00edbehy dospievania z r\u00f4znych k\u00fatov Eur\u00f3py &#8211; premietanie a diskusia<\/h2><div class=\"meta\">\n                <div class=\"time\">23 okt\u00f3bra, 2024 11:00 - 13:00<\/div>\n                <div class=\"place\">BARCO<\/div>\n            <\/div><div class=\"program__content\"><!-- wp:paragraph -->\n<p>Dokument\u00e1rne p\u00e1smo prinesie 3 kr\u00e1tke filmy a s nimi 3 pr\u00edbehy dospievania v r\u00f4znych k\u00fatoch Eur\u00f3py. Maturanti, Swaggiest of the Swaggiest a Bosphorus Kid s\u00fa filmy, ktor\u00e9 vznikli v koprodukcii Filozofickej fakulty UK a NINJA FILM. Po projekcii bude nasledova\u0165 diskusia s re\u017eis\u00e9rkami filmu Martinou Buchelovou a Deborou Pastir\u010d\u00e1kovou a v\u00fdkonnou producentkou Michaelou Kaliskou.<\/p>\n<!-- \/wp:paragraph -->\n\n<!-- wp:paragraph -->\n<p>R\u00e9\u017eia: Martina Buchelov\u00e1, Debora Pastir\u010d\u00e1kov\u00e1<br>Kamera: Martin Jur\u010di<br>Strih: Du\u0161an Varm\u00e9\u010fa<br>Zvuk: Igor Jedin\u00e1k<br>Hudba: DJ G\u00c4P<br>V\u00fdkonn\u00e1 producentka: Michaela Kalisk\u00e1<br>Minut\u00e1\u017e: 78 min<\/p>\n<!-- \/wp:paragraph --><\/div><\/div><div class=\"program__item\"><h2 class=\"program__title\">Filmov\u00e1 re\u010d v postmodernizme (eng) &#8211; predn\u00e1\u0161ka<\/h2><div class=\"meta\">\n                <div class=\"time\">23 okt\u00f3bra, 2024 14:30 - 16:00<\/div>\n                <div class=\"place\">KLAP<\/div>\n            <\/div><div class=\"program__content\"><!-- wp:paragraph -->\n<p>Je pre n\u00e1s c\u0165ou op\u00e4\u0165 priv\u00edta\u0165 Krzysztofa Zanussiho, jedn\u00e9ho z najv\u00fdznamnej\u0161\u00edch tvorcov eur\u00f3pskeho filmu. Jeho jedine\u010dn\u00fd poh\u013ead a schopnos\u0165 prenikn\u00fa\u0165 do h\u013abky \u013eudskej povahy robia z ka\u017edej jeho predn\u00e1\u0161ky nezabudnute\u013en\u00fd z\u00e1\u017eitok. Zanussi prin\u00e1\u0161a nielen bohat\u00e9 sk\u00fasenosti, ale aj hlbok\u00e9 filozofick\u00e9 reflexie, ktor\u00e9 sa dot\u00fdkaj\u00fa filmov\u00e9ho umenia a \u017eivota samotn\u00e9ho. Ak chcete pochopi\u0165, ako mysl\u00ed jeden z majstrov filmov\u00e9ho rozpr\u00e1vania, toto je pr\u00edle\u017eitos\u0165, ktor\u00fa by ste si nemali necha\u0165 ujs\u0165.<\/p>\n<!-- \/wp:paragraph --><\/div><\/div><div class=\"program__item\"><h2 class=\"program__title\">F\u00f3rum \u0161tudentskej anim\u00e1cie &#8211; pitching forum<\/h2><div class=\"meta\">\n                <div class=\"time\">24 okt\u00f3bra, 2024 10:00 - 12:00<\/div>\n                <div class=\"place\">BARCO<\/div>\n            <\/div><div class=\"program__content\"><!-- wp:paragraph -->\n<p>Prezenta\u010dn\u00e9 \u201epitchingov\u00e9\u201c f\u00f3ra predstavuj\u00fa d\u00f4le\u017eit\u00fa s\u00fa\u010das\u0165 profesion\u00e1lnej produkcie filmovej a telev\u00edznej tvorby. Sk\u00fasenos\u0165 s t\u00fdmto podujat\u00edm m\u00f4\u017eu \u0161tudenti Ateli\u00e9ru animovanej tvorby V\u0160MU z\u00edska\u0165 e\u0161te na p\u00f4de \u0161koly. Svoje pripravovan\u00e9 bakal\u00e1rske a magistersk\u00e9 projekty predstavia slovensk\u00fdm filmov\u00fdm profesion\u00e1lom, spolu\u017eiakom a pedag\u00f3gom na F\u00f3re \u0161tudentskej anim\u00e1cie. Okrem cennej sp\u00e4tnej v\u00e4zby si najlep\u0161\u00ed z nich odnesie \u0161peci\u00e1lne ocenenie.<br><\/p>\n<!-- \/wp:paragraph --><\/div><\/div><div class=\"program__item\"><h2 class=\"program__title\">Spomienka na Ivana Ko\u010dnera<\/h2><div class=\"meta\">\n                <div class=\"time\">24 okt\u00f3bra, 2024 12:30 - 12:30<\/div>\n                <div class=\"place\">BARCO<\/div>\n            <\/div><div class=\"program__content\"><!-- wp:paragraph -->\n<p>Pripome\u0148me si tvorbu Ivana Ko\u010dnera, v\u00fdznamn\u00e9ho dokumentaristu a b\u00fdval\u00e9ho \u0161tudenta na\u0161ej \u0161koly, ktor\u00fd bol z\u00e1rove\u0148 spolu\u017eiakom viacer\u00fdch na\u0161ich pedag\u00f3gov. Prostredn\u00edctvom v\u00fdberu jeho filmov vzd\u00e1me hold jeho jedine\u010dn\u00e9mu poh\u013eadu na svet a jeho pr\u00ednosu k slovensk\u00e9mu dokumentu.&nbsp;<\/p>\n<!-- \/wp:paragraph -->\n\n<!-- wp:paragraph -->\n<p><em>Pred nami potopa<\/em> - Portr\u00e9t ded\u00edn a jej obyvate\u013eov pred zatopen\u00edm vodn\u00fdm dielom \u017dilina<br>30min<\/p>\n<!-- \/wp:paragraph -->\n\n<!-- wp:paragraph -->\n<p><em>Nebo peklo raj, prv\u00fd diel<\/em> - Film o obyvate\u013eoch na laze v Hri\u0148ovej.<br>Prv\u00fd diel. 26 min.<\/p>\n<!-- \/wp:paragraph -->\n\n<!-- wp:paragraph -->\n<p><em>M\u00f4j brat manager<\/em> - Portr\u00e9t podnikate\u013ea Mari\u00e1na Ko\u010dnera v obdob\u00ed za\u010d\u00ednaj\u00faceho slovensk\u00e9ho kapitalizmu.<br>20 min.<\/p>\n<!-- \/wp:paragraph --><\/div><\/div><div class=\"program__item\"><h2 class=\"program__title\">Laser mapping &#8211; workshop<\/h2><div class=\"meta\">\n                <div class=\"time\">24 okt\u00f3bra, 2024 13:00 - 15:30<\/div>\n                <div class=\"place\">LAB<\/div>\n            <\/div><div class=\"program__content\"><!-- wp:paragraph -->\n<p>Spolo\u010dnos\u0165 KVANT s.r.o. z Bratislavy, sa u\u017e 29 rokov venuje v\u00fdrobe a v\u00fdvoju vlastn\u00fdch laserov\u00fdch projektorov, opt\u00edk, a vedeck\u00fdch komponentov. Slu\u017eby lasershow vyu\u017e\u00edvaj\u00fa Beyonc\u00e9, Formula 1, festival v Cannes a mnoh\u00ed \u010fal\u0161\u00ed.<\/p>\n<!-- \/wp:paragraph -->\n\n<!-- wp:paragraph -->\n<p>Na tomto workshope n\u00e1m poskytn\u00fa n\u00e1vod na pou\u017e\u00edvanie laserovej techniky dostupnej aj na V\u0160MU. Prejdeme si spr\u00e1vnym nastaven\u00edm a kalibr\u00e1ciou premietania, mapovan\u00edm priestoru, z\u00e1kladmi v software Beyond a vyu\u017eit\u00edm laserov\u00fdch efektov pre nakr\u00facanie a eventy. Na z\u00e1ver n\u00e1m rozd\u00fachaj\u00fa ohniv\u00fa \u0161ouku a z\u00e1rove\u0148 na trojboj 3W, 6W a 10W laseru v plnom nasaden\u00ed.<\/p>\n<!-- \/wp:paragraph -->\n\n<!-- wp:paragraph -->\n<p><\/p>\n<!-- \/wp:paragraph --><\/div><\/div><div class=\"program__item\"><h2 class=\"program__title\">TAK\u00c9 kontrasty &#8211; diskusia<\/h2><div class=\"meta\">\n                <div class=\"time\">24 okt\u00f3bra, 2024 15:00 - 16:00<\/div>\n                <div class=\"place\">BARCO<\/div>\n            <\/div><div class=\"program__content\"><!-- wp:paragraph -->\n<p>TAK\u00c9 sc\u00e9ny s\u00fa p\u00f4vodom tak\u00e9 in\u00e9 architektky - Dorota Volfov\u00e1 a Brigi Teplanov\u00e1. Ako duo pracuj\u00fa od roku 2020 na audiovizu\u00e1lnych projektoch, v ktor\u00fdch nach\u00e1dzaj\u00fa, odha\u013euj\u00fa a vytv\u00e1raj\u00fa tak\u00e9-nejak\u00e9 priestory.<br>V tejto diskusi\u00ed v\u00e1m\/n\u00e1m predstavia tak\u00e9 kontrasty, ktor\u00fdmi prech\u00e1dzaj\u00fa po\u010das tvorby, v princ\u00edpe, v n\u00e1vrhoch, vo vrstv\u00e1ch, v komunik\u00e1ci\u00ed, v realiz\u00e1ci\u00ed a aj medzi sebou.<\/p>\n<!-- \/wp:paragraph --><\/div><\/div><div class=\"program__item\"><h2 class=\"program__title\">V sp\u00e4tnom zrkadle &#8211; masterclass<\/h2><div class=\"meta\">\n                <div class=\"time\">24 okt\u00f3bra, 2024 15:00 - 17:30<\/div>\n                <div class=\"place\">KLAP<\/div>\n            <\/div><div class=\"program__content\"><!-- wp:paragraph -->\n<p>Film <em>V sp\u00e4tnom zrkadle<\/em> je autentick\u00fdm poh\u013eadom na hr\u00f4zy vojny o\u010dami ukrajinsk\u00fdch civilistov, ktor\u00ed musia n\u00e1hle opusti\u0165 svoje domovy. Re\u017eis\u00e9r Maciek Hamela sleduje ich \u00fatek cez vojnov\u00e9 z\u00f3ny, m\u00edny a kontroln\u00e9 stanovi\u0161tia, k\u00fdm ich bezpe\u010dne nedoprav\u00ed do Po\u013eska. Dod\u00e1vka, ktorou cestuj\u00fa, sa st\u00e1va nielen \u00fato\u010diskom, ale aj miestom pre hlbok\u00e9 rozhovory. Po premietan\u00ed filmu bude nasledova\u0165 masterclass s re\u017eis\u00e9rom.<br><\/p>\n<!-- \/wp:paragraph -->\n\n<!-- wp:paragraph -->\n<p><\/p>\n<!-- \/wp:paragraph --><\/div><\/div><div class=\"program__item\"><h2 class=\"program__title\">Kv\u00edz Petra Kone\u010dn\u00e9ho<\/h2><div class=\"meta\">\n                <div class=\"time\">24 okt\u00f3bra, 2024 18:00 - 21:00<\/div>\n                <div class=\"place\">KLAP<\/div>\n            <\/div><div class=\"program__content\"><!-- wp:paragraph -->\n<p>M\u00e1te radi filmy a seri\u00e1ly, radi sa o nich rozpr\u00e1vate a e\u0161te rad\u0161ej s\u00fa\u0165a\u017e\u00edte? Tak nepreme\u0161kajte naj\u00faspe\u0161nej\u0161\u00ed filmov\u00fd kv\u00edz, ktor\u00fd m\u00e1 u\u017e desa\u0165 rokov, s mno\u017estvom zauj\u00edmav\u00fdch ot\u00e1zok. Otestujte svoje filmov\u00e9 znalosti, zabavte sa a vyhrajte.<\/p>\n<!-- \/wp:paragraph -->\n\n<!-- wp:paragraph -->\n<p>\u010cakaj\u00fa v\u00e1s desiatky vizu\u00e1lnych a zvukov\u00fdch ot\u00e1zok a ve\u013ea filmovej in\u0161pir\u00e1cie.<\/p>\n<!-- \/wp:paragraph --><\/div><\/div><div class=\"program__item\"><h2 class=\"program__title\">Pr\u00e1ca filmov\u00e9ho centra &#8211; predn\u00e1\u0161ka<\/h2><div class=\"meta\">\n                <div class=\"time\">25 okt\u00f3bra, 2024 10:30 - 12:00<\/div>\n                <div class=\"place\">BARCO<\/div>\n            <\/div><div class=\"program__content\"><!-- wp:paragraph -->\n<p>Pre\u010do je filmov\u00e9 centrum k\u013e\u00fa\u010dov\u00fdm hr\u00e1\u010dom pri rozvoji dom\u00e1cej kinematografie a ak\u00e9 pr\u00edle\u017eitosti otv\u00e1ra pre filmov\u00fdch tvorcov? Z\u00e1stupcovia Slovensk\u00e9ho filmov\u00e9ho \u00fastavu predstavia, ako pracuje filmov\u00e9 centrum a ak\u00e9 s\u00fa jeho \u00falohy pri propag\u00e1cii slovenskej audiov\u00edzie na medzin\u00e1rodnej \u00farovni. S\u00fa\u010das\u0165ou podujatia bude aj diskusia so \u0161tudentmi.\u00a0<br><\/p>\n<!-- \/wp:paragraph --><\/div><\/div><div class=\"program__item\"><h2 class=\"program__title\">Filmov\u00e1 hudba &#8211; masterclass<\/h2><div class=\"meta\">\n                <div class=\"time\">25 okt\u00f3bra, 2024 10:30 - 12:00<\/div>\n                <div class=\"place\">KLAP<\/div>\n            <\/div><div class=\"program__content\"><!-- wp:paragraph -->\n<p>Vst\u00fapte do sveta filmovej hudby so slovenskou skladate\u013ekou, \u013dubicou \u010cekovskou. Prevedie v\u00e1s procesom tvorby hudby pre film, od prvotn\u00fdch n\u00e1padov a\u017e po kone\u010dn\u00fd v\u00fdsledok na pl\u00e1tne. Vyu\u017eije pri tom uk\u00e1\u017eky zo svojich vlastn\u00fdch diel, aby ilustrovala, ako hudba formuje atmosf\u00e9ru, emocion\u00e1lnu h\u013abku a rytmus pr\u00edbehu. Predn\u00e1\u0161ka je ur\u010den\u00e1 nielen pre \u0161tudentov hudby a zvuku, ale aj pre v\u0161etk\u00fdch, ktor\u00ed chc\u00fa nahliadnu\u0165 do z\u00e1kulisia tvorby filmovej hudby.\u00a0<br><\/p>\n<!-- \/wp:paragraph -->\n\n<!-- wp:paragraph -->\n<p><\/p>\n<!-- \/wp:paragraph --><\/div><\/div><div class=\"program__item\"><h2 class=\"program__title\">Vyvolaj si fotku z mobilu &#8211; workshop<\/h2><div class=\"meta\">\n                <div class=\"time\">25 okt\u00f3bra, 2024 11:00 - 14:00<\/div>\n                <div class=\"place\">FOTOKOMORA<\/div>\n            <\/div><div class=\"program__content\"><!-- wp:paragraph -->\n<p>Tento workshop je ide\u00e1lnym za\u010diatkom pre zamilovanie sa doanal\u00f3gov\u00e9ho procesu vyvol\u00e1vania fotografi\u00ed. Netradi\u010dne ho prepoj\u00edme do s\u00fa\u010dasnosti a preto pou\u017eijeme mobiln\u00e9 telef\u00f3ny. Klasick\u00fd mokr\u00fd proces, teda zv\u00e4\u010d\u0161ovanie fotografi\u00ed v tmavej komore je sp\u00f4sob, ak\u00fdm sa kedysi \u201ctla\u010dili\u201d fotografie. Vyrobi\u0165 si takto vlastn\u00fa fotografiu je \u00faplne in\u00fd z\u00e1\u017eitok, u\u017e len z toho d\u00f4vodu, \u017ee je to fyzicky hmatate\u013en\u00fd v\u00fdsledok va\u0161ej pr\u00e1ce.<br><\/p>\n<!-- \/wp:paragraph --><\/div><\/div><div class=\"program__item\"><h2 class=\"program__title\">Ako na dobr\u00fa kom\u00e9diu? &#8211; diskusia<\/h2><div class=\"meta\">\n                <div class=\"time\">25 okt\u00f3bra, 2024 12:30 - 14:00<\/div>\n                <div class=\"place\">KLAP<\/div>\n            <\/div><div class=\"program__content\"><!-- wp:paragraph -->\n<p>Diskusia s Jon\u00e1\u0161om Kar\u00e1skom predstavuje unik\u00e1tny poh\u013ead na tvorbu humoru vo filmovom\u00a0 svete. Zn\u00e1my re\u017eis\u00e9r filmu Invalid odha\u013euje tajomstv\u00e1 \u00faspe\u0161nej kom\u00e9die, pri\u010dom zd\u00f4raz\u0148uje v\u00fdznam vyu\u017e\u00edvania re\u017eijn\u00fdch postupov v kom\u00e9dii na dosiahnutie spr\u00e1vneho tempa a na\u010dasovania vtipov.<\/p>\n<!-- \/wp:paragraph --><\/div><\/div><div class=\"program__item\"><h2 class=\"program__title\">\u0160OK! &#8211; What\u2019s happening? &#8211; diskusia<\/h2><div class=\"meta\">\n                <div class=\"time\">25 okt\u00f3bra, 2024 14:30 - 16:00<\/div>\n                <div class=\"place\">DVORANA<\/div>\n            <\/div><div class=\"program__content\"><!-- wp:paragraph -->\n<p>V chaose dne\u0161n\u00fdch dn\u00ed je n\u00e1ro\u010dn\u00e9 sledova\u0165 kult\u00farnu situ\u00e1ciu, a preto sa po\u010das diskusie \"What's happening?!\" pok\u00fasime odpoveda\u0165 na ot\u00e1zky t\u00fdkaj\u00face sa nielen kult\u00farneho diania na Slovensku, ale aj kreat\u00edvnych foriem protestu. \u010co je to umeleck\u00fd happening a ako m\u00f4\u017ee prispie\u0165 k rozvoju spolo\u010dnosti a podpore slobody prejavu? Diskusia sa dotkne aj konkr\u00e9tnych pr\u00edkladov zo s\u00fa\u010dasnej spolo\u010dnosti, ktor\u00e9 ukazuj\u00fa, ako sa umenie st\u00e1va n\u00e1strojom zmeny. Platforma <em>\u0160tudentstvo za Otvoren\u00fa Kult\u00faru! <\/em>pl\u00e1nuje vytvori\u0165 sie\u0165 happeningov, ktor\u00e9 bud\u00fa podporova\u0165 \u0161trajkov\u00fa atmosf\u00e9ru a slobodu prejavu.&nbsp;<\/p>\n<!-- \/wp:paragraph -->\n\n<!-- wp:paragraph -->\n<p>Pridajte sa k n\u00e1m a dozviete sa, ako sa m\u00f4\u017eeme ako \u0161tudentstvo zapoji\u0165 do happeningov, vytvori\u0165 medziuniverzitn\u00e9 a interdisciplin\u00e1rne t\u00edmy, ktor\u00e9 bud\u00fa pracova\u0165 na spolo\u010dnej v\u00edzii slobody a kult\u00farnej otvorenosti.<\/p>\n<!-- \/wp:paragraph -->\n\n<!-- wp:paragraph -->\n<p><\/p>\n<!-- \/wp:paragraph --><\/div><\/div><div class=\"program__item\"><h2 class=\"program__title\">Sound chat (eng) &#8211; diskusia<\/h2><div class=\"meta\">\n                <div class=\"time\">25 okt\u00f3bra, 2024 16:30 - 18:00<\/div>\n                <div class=\"place\">KLAP<\/div>\n            <\/div><div class=\"program__content\"><!-- wp:paragraph -->\n<p>Zozn\u00e1mte sa s\u00a0 Markom Ulanom, zvukov\u00fdm profesion\u00e1lom, ktor\u00fd pracoval na nieko\u013ek\u00fdch hollywoodskych filmoch po boku uzn\u00e1van\u00fdch re\u017eis\u00e9rov ako Martin Scorsese, Quentin Tarantino, James Cameron a \u010fal\u0161\u00ed. Jeho pr\u00e1ca na filme Titanic bola ocenen\u00e1 Oscarom. Formou diskusie sa budeme rozpr\u00e1va\u0165 nie len o pr\u00e1ci so zvukom, ale aj o ve\u013emi \u00fazkej spolupr\u00e1ci zvuk\u00e1rov s ostatn\u00fdmi filmov\u00fdmi profesiami. <em>,,Ke\u010f pristupujem k svojej \u00falohe z\u00e1znamu zvuku, v\u017edy je to cez optiku rozpr\u00e1vania. Ver\u00edm, \u017ee t\u00e1to perspekt\u00edva viedla k m\u00f4jmu \u00faspechu v tomto odvetv\u00ed, prispela k vytvoreniu nieko\u013ek\u00fdch ve\u013emi \u00faspe\u0161n\u00fdch filmov a v kone\u010dnom d\u00f4sledku je to, \u010do chcem odvzda\u0165 \u010fal\u0161ej gener\u00e1ci\u00ed zvukov\u00fdch a filmov\u00fdch profesion\u00e1lov.\u201d<\/em><br><\/p>\n<!-- \/wp:paragraph -->\n\n<!-- wp:paragraph -->\n<p><\/p>\n<!-- \/wp:paragraph --><\/div><\/div><div class=\"program__item\"><h2 class=\"program__title\">Balans medzi \u017eivotom a filmom (eng) &#8211; masterclass<\/h2><div class=\"meta\">\n                <div class=\"time\">25 okt\u00f3bra, 2024 18:30 - 20:00<\/div>\n                <div class=\"place\">KLAP<\/div>\n            <\/div><div class=\"program__content\"><!-- wp:paragraph -->\n<p>Patrushkha Mierzwa je jednou z prv\u00fdch \u017eien mikrofonistiek a zvukov\u00fdch techni\u010diek v Hollywoode. Popri rokoch pr\u00e1ce na vy\u0161e 90 filmoch sa venuje aj p\u00edsaniu odborn\u00fdch kn\u00edh, ktor\u00e9 sa stali \u0161tandardom pre v\u00fdu\u010dbu na univerzit\u00e1ch po celom svete. Zameriava sa na technick\u00e9 aspekty pr\u00e1ce so zvukom, ale aj na \u0161irok\u00fa \u0161k\u00e1lu zru\u010dnost\u00ed potrebn\u00fdch pre \u00faspe\u0161n\u00e9 uplatnenie vo filmovom priemysle. Tento masterclass pon\u00faka jedine\u010dn\u00fd poh\u013ead do sveta filmovej produkcie a rady, ako sa v \u0148om presadi\u0165, \u010di u\u017e v r\u00e1mci zvuk\u00e1rskej profesie, alebo mimo nej. Nezme\u0161kajte pr\u00edle\u017eitos\u0165 u\u010di\u0165 sa od odborn\u00ed\u010dky, ktor\u00e1 formuje filmov\u00fd zvuk u\u017e desa\u0165ro\u010dia.<br><\/p>\n<!-- \/wp:paragraph --><\/div><\/div><div class=\"program__item\"><h2 class=\"program__title\">Spomienka na Segera<\/h2><div class=\"meta\">\n                <div class=\"time\">25 okt\u00f3bra, 2024 20:30 - 21:30<\/div>\n                <div class=\"place\">KLAP<\/div>\n            <\/div><div class=\"program__content\"><!-- wp:paragraph -->\n<p>Spomienka na Mateja \u201cSegera\u201d Sekerku, talentovan\u00e9ho scen\u00e1ristu, ilustr\u00e1tora, hudobn\u00edka, copywritera a tvorcu meme\u010diek, no najm\u00e4 skvel\u00e9ho kamar\u00e1ta, ktor\u00fd FTF V\u0160MU (a okolit\u00fdm putik\u00e1m) zasv\u00e4til roky 2012-2017.<\/p>\n<!-- \/wp:paragraph -->\n\n<!-- wp:paragraph -->\n<p>Nechcem, nebudem (2016)<br>Tragikomick\u00fd v\u00fdsek zo \u017eivota skrachovan\u00fdch obstaro\u017en\u00fdch muzikantov, ktor\u00ed nie s\u00fa schopn\u00ed prekro\u010di\u0165 svoj vlastn\u00fd tie\u0148.<br>scen\u00e1r a r\u00e9\u017eia: Matej Sekerka<\/p>\n<!-- \/wp:paragraph --><\/div><\/div><div class=\"program__item\"><h2 class=\"program__title\">Workshop s ASK<\/h2><div class=\"meta\">\n                <div class=\"time\">26 okt\u00f3bra, 2024 10:00 - 12:00<\/div>\n                <div class=\"place\">BARCO<\/div>\n            <\/div><div class=\"program__content\"><!-- wp:paragraph -->\n<p>VFX superv\u00edzor Tibor Meli\u0161 zo \u0161t\u00fadia PFX spolu s kameramanom Martinom \u017diaranom predstavia na ASK workshope praktick\u00e9 uk\u00e1\u017eky spolupr\u00e1ce postprodukcie a kamery v r\u00e1mci pr\u00e1ce s efektami \u010di obrazov\u00fdmi korekciami.&nbsp;<\/p>\n<!-- \/wp:paragraph -->\n\n<!-- wp:paragraph -->\n<p><\/p>\n<!-- \/wp:paragraph --><\/div><\/div><div class=\"program__item\"><h2 class=\"program__title\">Klauz\u00fary naopak &#8211; premietanie a diskusia<\/h2><div class=\"meta\">\n                <div class=\"time\">26 okt\u00f3bra, 2024 13:00 - 15:30<\/div>\n                <div class=\"place\">BARCO<\/div>\n            <\/div><div class=\"program__content\"><!-- wp:paragraph -->\n<p>Obhliadnite sa s nami do minulosti a dovo\u013ete n\u00e1m predstavi\u0165 v\u00e1m v\u00fdber filmov na\u0161ich profesorov z ich \u0161tudentsk\u00fdch \u010dias. Diskusia s tvorcami po premietan\u00ed v\u00e1m dovol\u00ed zisti\u0165 to, na \u010do ste sa ich v\u017edy chceli op\u00fdta\u0165. \u010c\u00edm s\u00fa in\u00e9 ako tie na\u0161e, ako sa na ne d\u00edvaj\u00fa sp\u00e4tne alebo ako by ich spravili teraz.\u00a0<br><\/p>\n<!-- \/wp:paragraph --><\/div><\/div><div class=\"program__item\"><h2 class=\"program__title\">Masterclass s ASK<\/h2><div class=\"meta\">\n                <div class=\"time\">26 okt\u00f3bra, 2024 15:30 - 17:00<\/div>\n                <div class=\"place\">BARCO<\/div>\n            <\/div><div class=\"program__content\"><!-- wp:paragraph -->\n<p>Masterclass Martina \u017diarana o jeho aktu\u00e1lnej tvorbe vr\u00e1tane oce\u0148ovan\u00e9ho filmu Vlny.<\/p>\n<!-- \/wp:paragraph --><\/div><\/div><\/div><\/div>\n\t\t\t\t<\/div>\n\t\t\t\t<\/div>\n\t\t\t\t\t<\/div>\n\t\t\t\t<\/div>\n\t\t\t\t<\/div>\n\t\t","protected":false},"excerpt":{"rendered":"<p>Program<\/p>\n","protected":false},"author":1,"featured_media":0,"parent":0,"menu_order":0,"comment_status":"closed","ping_status":"closed","template":"","meta":{"footnotes":""},"class_list":["post-650","page","type-page","status-publish","hentry"],"acf":[],"_links":{"self":[{"href":"https:\/\/festivalacko.sk\/archiv\/2024\/wp-json\/wp\/v2\/pages\/650","targetHints":{"allow":["GET"]}}],"collection":[{"href":"https:\/\/festivalacko.sk\/archiv\/2024\/wp-json\/wp\/v2\/pages"}],"about":[{"href":"https:\/\/festivalacko.sk\/archiv\/2024\/wp-json\/wp\/v2\/types\/page"}],"author":[{"embeddable":true,"href":"https:\/\/festivalacko.sk\/archiv\/2024\/wp-json\/wp\/v2\/users\/1"}],"replies":[{"embeddable":true,"href":"https:\/\/festivalacko.sk\/archiv\/2024\/wp-json\/wp\/v2\/comments?post=650"}],"version-history":[{"count":10,"href":"https:\/\/festivalacko.sk\/archiv\/2024\/wp-json\/wp\/v2\/pages\/650\/revisions"}],"predecessor-version":[{"id":827,"href":"https:\/\/festivalacko.sk\/archiv\/2024\/wp-json\/wp\/v2\/pages\/650\/revisions\/827"}],"wp:attachment":[{"href":"https:\/\/festivalacko.sk\/archiv\/2024\/wp-json\/wp\/v2\/media?parent=650"}],"curies":[{"name":"wp","href":"https:\/\/api.w.org\/{rel}","templated":true}]}}